{"id":24,"date":"2020-06-02T01:38:33","date_gmt":"2020-06-01T23:38:33","guid":{"rendered":"http:\/\/khdneu.cydos.at\/?page_id=24"},"modified":"2021-01-27T15:08:41","modified_gmt":"2021-01-27T14:08:41","slug":"vereinsprogramm","status":"publish","type":"page","link":"https:\/\/www.khd.at\/index.php\/vereinsprogramm\/","title":{"rendered":"Vereinsprogramm"},"content":{"rendered":"<h2 style=\"font-weight: 400; text-align: center;\">Das neue Vereinsprogramm des Heimatdienstes<\/h2>\n<p style=\"font-weight: 400; text-align: center;\"><strong>Bei der am 8. Dezember 2012 abgehaltenen Jahreshauptversammlung erteilten die Delegierten dem vom Vorstand erarbeiteten neuen Vereinsprogramm einm\u00fctig ihre Zustimmung.<br \/>\n<\/strong><strong>Das neue Programm tr\u00e4gt dem langen Weg von der Konfrontation zur Verst\u00e4ndigung Rechnung.<br \/>\n<\/strong><\/p>\n<h3 style=\"font-weight: 400;\">Die wichtigsten auf Frieden und Verst\u00e4ndigung ohne nationale Selbstaufgabe ausgerichteten Grundprinzipien und Ziele sind:<\/h3>\n<ul>\n<li>Der <strong>K\u00e4rntner Heimatdienst<\/strong> ist ein \u00fcberparteilicher, gemeinn\u00fctziger Verein zur direktdemokratischen Vertretung von politischen, wirtschaftlichen, kulturellen und sozialen B\u00fcrgerinteressen der K\u00e4rntner Bev\u00f6lkerung im Vorfeld der Politik. Besondere Anliegen des K\u00e4rntner Heimatdienstes sind dabei die Erhaltung der territorialen, der sozialen und der \u00f6konomischen Integrit\u00e4t unserer K\u00e4rntner Heimat auf Basis eines zukunftsorientierten, patriotischen \u00d6sterreichbewusstseins, und der Pflege unserer deutschen Muttersprache in einem friedlich vereinten Europa der Vaterl\u00e4nder.<\/li>\n<li>Der <strong>K\u00e4rntner Heimatdienst<\/strong> tritt f\u00fcr Meinungsvielfalt im Rahmen unserer Rechtsordnung als unverzichtbares demokratisches Grundprinzip ein.<\/li>\n<li>Der 1957 wieder gegr\u00fcndete <strong>K\u00e4rntner Heimatdienst<\/strong> sieht im unmittelbar nach Verlautbarung des Ergebnisses der K\u00e4rntner Volksabstimmung 1920 erfolgten Aufruf des historischen K\u00e4rntner Heimatdienstes zu \u201eVerst\u00e4ndigung, Vers\u00f6hnung und Frieden\u201c, ein weiterhin zu wahrendes Verm\u00e4chtnis f\u00fcr die Zukunft.<\/li>\n<li>Der <strong>K\u00e4rntner Heimatdienst<\/strong> bekennt sich zu einer zeitgem\u00e4\u00dfen Pflege der K\u00e4rntner Identit\u00e4t und Kultur, aufgeschlossen auch f\u00fcr die Kultur der einen untrennbaren Teil der K\u00e4rntner Bev\u00f6lkerung bildenden autochthonen slowenischen Volksgruppe. Er tritt f\u00fcr die F\u00f6rderung eines lebendigen bodenst\u00e4ndigen Brauchtums als Teil unserer gemeinsamen Kultur in K\u00e4rnten ein.<\/li>\n<li>Geschichtsbewusstsein ist eine Grundvoraussetzung f\u00fcr nationale und kulturelle Identit\u00e4t. Der <strong>K\u00e4rntner Heimatdienst<\/strong> spricht sich jedoch gegen die Pflege einseitiger und trennender Geschichtsbilder aus und bekennt sich zu einer mit der slowenischen Volksgruppe gemeinsamen Aufarbeitung der Geschichte in K\u00e4rnten zur Beseitigung von da und dort noch bestehenden \u00c4ngsten und daraus resultierendem Misstrauen und Aversionen im Interesse einer nachhaltigen Vers\u00f6hnung.<\/li>\n<li>Eine erfolgreiche Aufarbeitung der Geschichte macht auch gemeinsames Opfergedenken mit der slowenischen Volksgruppe m\u00f6glich und damit ein Gedenken in K\u00e4rnten an alle Opfer von Krieg, Gewaltherrschaft und Nachkriegsverbrechen, somit an die Partisanenopfer ebenso wie an die Opfer des Nationalsozialismus. In diesem Sinne wird sich der <strong>K\u00e4rntner Heimatdienst<\/strong> f\u00fcr eine Intensivierung des gemeinsamen Opfergedenkens einsetzen.<\/li>\n<li>Der <strong>K\u00e4rntner Heimatdienst<\/strong> bekennt sich zu nationalem und kulturellem Selbstbewusstsein ohne Aggressivit\u00e4t und chauvinistische \u00dcberheblichkeit auf Basis einer gefestigten Identit\u00e4t von Deutschk\u00e4rntnern und slowenischen K\u00e4rntnern. Nationales Selbstbewusstsein steht in keinem Widerspruch zum Offensein auch f\u00fcr andere Identit\u00e4ten.<\/li>\n<li>Der<strong> K\u00e4rntner Heimatdienst<\/strong> tritt f\u00fcr ein gemeinsames Heimatbewusstsein ein. Heimat schlie\u00dft alle K\u00e4rntner ein, \u00fcber sprachliche Unterschiede hinweg, frei von nationalistischem Anspruchsdenken, frei von historischen Ressentiments, ohne gegenseitige Aversionen, ohne Misstrauen und ohne Vorurteile.<\/li>\n<li>Der <strong>K\u00e4rntner Heimatdienst<\/strong> tritt f\u00fcr die Festigung eines Wertebewusstseins ein. Das inkludiert ein Bekenntnis zu den traditionellen christlich-abendl\u00e4ndischen Werten auf Basis der Grund- und Freiheitsrechte und einer gefestigten nationalen Identit\u00e4t.<\/li>\n<li><strong>JA<\/strong> zu allseitigem Dialog ohne Vorbedingung. Der zwischen Heimatdienst und Slowenenorganisationen als einstige Kontrahenten seit 2005 gef\u00fchrte Dialog war Voraussetzung f\u00fcr inzwischen erfolgreich praktizierte Gemeinsamkeit in verschiedensten Bereichen. Dieser Dialog gilt bereits weit \u00fcber K\u00e4rnten hinaus als Vorbild f\u00fcr Konfliktl\u00f6sung in nationalen und internationalen Bereichen.<\/li>\n<li>Der <strong>K\u00e4rntner Heimatdienst<\/strong> hat sich 2006 gemeinsam mit Slowenenorganisationen in einer \u201eFeierlichen Erkl\u00e4rung\u201c zur Schaffung eines Klimas des gegenseitigen Vertrauens bekannt. Er wird auf dieses Ziel auch weiterhin in und au\u00dferhalb der K\u00e4rntner Konsensgruppe mit Sachaufkl\u00e4rung hinarbeiten.<\/li>\n<li>Der <strong>K\u00e4rntner Heimatdienst<\/strong>, dem eine friedliche Zukunft aller Menschen dieses Landes ein besonderes Anliegen ist, stellt sich auch den Herausforderungen, die Zuwanderung mit sich bringt.<br \/>\nIm Interesse einer Sicherung des sozialen Friedens in K\u00e4rnten gelten f\u00fcr den <strong>K\u00e4rntner Heimatdienst<\/strong> folgende Prinzipien:<\/p>\n<ul>\n<li>An der Spitze steht die Forderung nach einer einheitlichen europ\u00e4ischen Einwanderungspolitik, die so restriktiv wie m\u00f6glich gestaltet werden und sich nach dem Bedarf der ben\u00f6tigten Arbeitskr\u00e4fte richten muss.<\/li>\n<li>Asyl ist ein humanit\u00e4res Gebot. Asylmissbrauch ist jedoch rigoros zu ahnden.<\/li>\n<li>Zuwanderer haben sich unserer Lebensweise anzupassen. Nur Anpassung verhindert Kulturkampf und Sozialkonflikte. Anpassung bedeutet jedoch nicht Assimilierung.<\/li>\n<li>Integration ist eine Bringschuld f\u00fcr Zuwanderer. Diese haben unsere Gesetze zu beachten, unsere Sprache zu erlernen und unsere Kultur zu respektieren. Integration verhindert die Bildung von Parallelgesellschaften.<\/li>\n<li>Zur Integration hat aber auch die einheimische Bev\u00f6lkerung mit offenem Zugehen auf bereits integrierte oder integrationsbereite Zuwanderer beizutragen.<\/li>\n<li>Der<strong> K\u00e4rntner Heimatdienst<\/strong> bekennt sich auch zum Interkulturellen Dialog, um Integrationsbereitschaft zu st\u00e4rken, um Vertrauen zu bilden und Ghettobildung zu verhindern.<\/li>\n<li>Um glaubw\u00fcrdig Respekt gegen\u00fcber der eigenen Kultur einfordern zu k\u00f6nnen, muss die autochthone Bev\u00f6lkerung diese auch selbstbewusst leben.<\/li>\n<\/ul>\n<\/li>\n<\/ul>\n<ul>\n<li>Im Bewusstsein unserer historisch gewachsenen nationalen Identit\u00e4t wird der K\u00e4rntner Heimatdienst auch in Zukunft die alt\u00f6sterreichische Deutsche Volksgruppe, insbesondere in Slowenien, aber auch in den anderen Nachfolgestaaten der Habsburgermonarchie, unterst\u00fctzen und f\u00f6rdern.<br \/>\nDer<strong> K\u00e4rntner Heimatdienst<\/strong> fordert eine st\u00e4rkere finanzielle F\u00f6rderung der Kultur- und Bildungsarbeit zugunsten der Deutschen Volksgruppe in Slowenien durch die Republik Slowenien, aber auch durch \u00d6sterreich.<br \/>\nDas Land K\u00e4rnten und die Republik \u00d6sterreich insgesamt, sind verpflichtet, die Existenz der deutschen Alt\u00f6sterreicher im EU-Mitgliedsland Slowenien auf Dauer sicherzustellen.<br \/>\nWeiters die verfassungsrechtliche Anerkennung der seit vielen Jahrhunderten bodenst\u00e4ndig auf dem Territorium des heutigen Slowenien siedelnden Deutschsprachigen als Volksgruppe, wie das in anderen Nachfolgestaaten Jugoslawiens l\u00e4ngst erfolgt ist.<br \/>\nSchlie\u00dflich fordert der <strong>K\u00e4rntner Heimatdienst<\/strong> im Bundeskanzleramt eine st\u00e4ndige Kontaktstelle f\u00fcr die insgesamt 300.000 Mitglieder z\u00e4hlenden Volksdeutschen Landsmannschaften unter Einbeziehung des K\u00e4rntner Heimatdienstes einzurichten.<\/li>\n<li>Der<strong> K\u00e4rntner Heimatdienst<\/strong> stellte seine bisher stets aus eigenen Mitteln finanzierte \u00d6ffentlichkeitsarbeit in den Dienst der Allgemeinheit, insbesondere um noch vorhandene \u00c4ngste zu beseitigen und zur Verst\u00e4ndigung beizutragen. Auch damit erweist er sich als gemeinn\u00fctzige Organisation.<br \/>\nIn den kommenden Jahren will der <strong>K\u00e4rntner Heimatdienst<\/strong> noch verst\u00e4rkt seine gemeinn\u00fctzige, nicht nur materielle Subventionspolitik fortsetzen und auf neue Bereiche erweitern. Ein besonderes Anliegen wird dabei die F\u00f6rderung von Jugendprojekten und die Unterst\u00fctzung von Jugendgruppierungen sowie auch anderer Gruppierungen sein, die bereit sind, im Sinne der Vereinsziele zu arbeiten.<\/li>\n<li>Der<strong> K\u00e4rntner Heimatdienst<\/strong> betont, dass zur europ\u00e4ischen Integration im 21. Jahrhundert keine wirkliche Alternative existiert. Ein friedlich vereintes Europa der Vaterl\u00e4nder, ein Staatenverbund souver\u00e4ner Mitgliedsstaaten, ein geeinter Kontinent selbstbestimmter V\u00f6lker, in dem der historisch gewachsene Heimatbegriff in den traditionellen Regionen existiert und ethnische Minderheiten mit m\u00f6glichst gro\u00dfer Autonomie eingebunden werden, ist das Ziel dieser Integration. F\u00f6derativ, subsidi\u00e4r und liberal nach innen soll dieser europ\u00e4ische Staatenverbund m\u00f6glichst gemeinsam stark nach au\u00dfen hin im Bereich der Weltpolitik die europ\u00e4ischen Interessen vertreten k\u00f6nnen.<\/li>\n<\/ul>\n<p style=\"font-weight: 400;\">Dar\u00fcber hinaus versteht der <strong>K\u00e4rntner Heimatdienst<\/strong> unter Europa nicht nur die Europ\u00e4ische Union, sondern ein Europa, das nicht von Globalisierung einerseits und EU-Zentralismus andererseits bestimmt ist. Der<strong> K\u00e4rntner Heimatdienst<\/strong> tritt f\u00fcr ein umfassendes Europa ein.<\/p>\n","protected":false},"excerpt":{"rendered":"<p>Das neue Vereinsprogramm des Heimatdienstes Bei der am 8. Dezember 2012 abgehaltenen Jahreshauptversammlung erteilten die Delegierten dem vom Vorstand erarbeiteten neuen Vereinsprogramm einm\u00fctig ihre Zustimmung. Das neue Programm tr\u00e4gt dem langen Weg von der Konfrontation zur Verst\u00e4ndigung Rechnung. Die wichtigsten auf Frieden und Verst\u00e4ndigung ohne nationale Selbstaufgabe ausgerichteten Grundprinzipien und Ziele sind: Der K\u00e4rntner Heimatdienst [&hellip;]<\/p>\n","protected":false},"author":1,"featured_media":0,"parent":0,"menu_order":0,"comment_status":"closed","ping_status":"closed","template":"","meta":{"_bbp_topic_count":0,"_bbp_reply_count":0,"_bbp_total_topic_count":0,"_bbp_total_reply_count":0,"_bbp_voice_count":0,"_bbp_anonymous_reply_count":0,"_bbp_topic_count_hidden":0,"_bbp_reply_count_hidden":0,"_bbp_forum_subforum_count":0,"_themeisle_gutenberg_block_has_review":false},"_links":{"self":[{"href":"https:\/\/www.khd.at\/index.php\/wp-json\/wp\/v2\/pages\/24"}],"collection":[{"href":"https:\/\/www.khd.at\/index.php\/wp-json\/wp\/v2\/pages"}],"about":[{"href":"https:\/\/www.khd.at\/index.php\/wp-json\/wp\/v2\/types\/page"}],"author":[{"embeddable":true,"href":"https:\/\/www.khd.at\/index.php\/wp-json\/wp\/v2\/users\/1"}],"replies":[{"embeddable":true,"href":"https:\/\/www.khd.at\/index.php\/wp-json\/wp\/v2\/comments?post=24"}],"version-history":[{"count":19,"href":"https:\/\/www.khd.at\/index.php\/wp-json\/wp\/v2\/pages\/24\/revisions"}],"predecessor-version":[{"id":355,"href":"https:\/\/www.khd.at\/index.php\/wp-json\/wp\/v2\/pages\/24\/revisions\/355"}],"wp:attachment":[{"href":"https:\/\/www.khd.at\/index.php\/wp-json\/wp\/v2\/media?parent=24"}],"curies":[{"name":"wp","href":"https:\/\/api.w.org\/{rel}","templated":true}]}}