{"id":49,"date":"2020-06-06T19:00:11","date_gmt":"2020-06-06T17:00:11","guid":{"rendered":"http:\/\/khdneu.cydos.at\/?page_id=49"},"modified":"2020-10-23T13:12:25","modified_gmt":"2020-10-23T11:12:25","slug":"presse-uber-khd","status":"publish","type":"page","link":"https:\/\/www.khd.at\/index.php\/presse-uber-khd\/","title":{"rendered":"Presse \u00fcber den KHD"},"content":{"rendered":"<h3 style=\"text-align: left; padding-left: 40px;\"><img decoding=\"async\" loading=\"lazy\" class=\"wp-image-521 alignleft\" src=\"https:\/\/www.khd.at\/wp-content\/uploads\/2020\/09\/20200912-Zeitungsberichte.jpg\" width=\"250\" height=\"210\" \/><br \/>\nHier finden Sie Berichte, Aussendungen und andere Unterlagen \u00fcber den KHD<\/h3>\n<p>&nbsp;<\/p>\n<p>&nbsp;<\/p>\n\n<table id=\"tablepress-11\" class=\"tablepress tablepress-id-11\">\n<thead>\n<tr class=\"row-1\">\n\t<th class=\"column-1\">Berichte, Aussendungen usw.<\/th>\n<\/tr>\n<\/thead>\n<tbody class=\"row-hover\">\n<tr class=\"row-2\">\n\t<td class=\"column-1\"><a href=\"https:\/\/www.khd.at\/wp-content\/uploads\/2023\/03\/Bericht-Beschliesung.jpg\">Bericht \"Kleine Zeitung\": KHD \"f\u00fcr Verst\u00e4ndigung\" - 14. M\u00e4rz 2023<\/a><\/td>\n<\/tr>\n<tr class=\"row-3\">\n\t<td class=\"column-1\"><a href=\"https:\/\/www.khd.at\/wp-content\/uploads\/2023\/03\/IMG_6109.jpg\">Bericht \"Die Presse\": Im S\u00fcden viel Neues: die fabelhafte Welt der K\u00e4rntner - 2. M\u00e4rz 2023<\/a><\/td>\n<\/tr>\n<tr class=\"row-4\">\n\t<td class=\"column-1\"><a href=\"https:\/\/www.khd.at\/wp-content\/uploads\/2023\/03\/IMG_6105.jpg\">Bericht \"Die Presse\": In Freundesland: Warum K\u00e4rnten anders war - 2. M\u00e4rz 2023<\/a><\/td>\n<\/tr>\n<tr class=\"row-5\">\n\t<td class=\"column-1\"><a href=\"https:\/\/www.khd.at\/wp-content\/uploads\/2023\/03\/IMG_6107.jpg\">Bericht \"Kleine Zeitung\": Es geht um das ungeteilte K\u00e4rnten - 2. M\u00e4rz 2023<\/a><\/td>\n<\/tr>\n<tr class=\"row-6\">\n\t<td class=\"column-1\"><a href=\"https:\/\/www.khd.at\/wp-content\/uploads\/2022\/06\/Kleine-Zeitung-20220611.pdf\">Bericht \"Kleine Zeitung\": \"Hinti\" im Hintertreffen - 11. Juni 2022<\/a><\/td>\n<\/tr>\n<tr class=\"row-7\">\n\t<td class=\"column-1\"><a href=\"https:\/\/www.khd.at\/wp-content\/uploads\/M%C3%B6lzer%20Beitr%C3%A4ge%20f%C3%BCr%20Soziale%20Medien%20Mai%202022.pdf\">Gesammelte Berichte \u00fcber den KHD - 26. Mai 2022<\/a><\/td>\n<\/tr>\n<tr class=\"row-8\">\n\t<td class=\"column-1\"><a href=\"https:\/\/www.khd.at\/wp-content\/uploads\/2022\/05\/74b3b974-1ebe-4eac-bf81-34d7742d824c.jpg\">Bericht \"Kleine Zeitung\": Neues Gedenkkreuz f\u00fcr Opfer von Liescha - 26. Mai 2022<\/a><\/td>\n<\/tr>\n<tr class=\"row-9\">\n\t<td class=\"column-1\"><a href=\"https:\/\/www.khd.at\/wp-content\/uploads\/2022\/05\/Moelzer-Beitrag-5-Minuten-Mai-2022.pdf\">Bericht \"5-Minuten\" \u00fcber den neuen KHD-Obmann Andreas M\u00f6lzer - 22. Mai 2022<\/a><\/td>\n<\/tr>\n<tr class=\"row-10\">\n\t<td class=\"column-1\"><a href=\"https:\/\/www.khd.at\/wp-content\/uploads\/2022\/04\/Kleine%20Zeitung%2024%20April.jpg\">Bericht \"Kleine Zeitung\": \"Chefpresso\" mit KHD-Obmann Andreas M\u00f6lzer - 24. April 2022<\/a><\/td>\n<\/tr>\n<tr class=\"row-11\">\n\t<td class=\"column-1\"><a href=\"https:\/\/www.khd.at\/wp-content\/uploads\/2022\/04\/Kleine%20Zeitung%2024%20April.jpg\">Bericht \"Kleine Zeitung\": \"Chefpresso\" mit KHD-Obmann Andreas M\u00f6lzer - 24. April 2022<\/a><\/td>\n<\/tr>\n<tr class=\"row-12\">\n\t<td class=\"column-1\"><a href=\"https:\/\/www.khd.at\/wp-content\/uploads\/2022\/04\/Pressedienst-Land-Kaernten.jpg\">Pressedienst des Land K\u00e4rnten \"Antrittsbesuch des neuen Obmannes des K\u00e4rntner Heimatdienstes\" - 13. April 2022<\/a><\/td>\n<\/tr>\n<tr class=\"row-13\">\n\t<td class=\"column-1\"><a href=\"https:\/\/www.khd.at\/wp-content\/uploads\/2022\/03\/IMG_55441-Kopie.jpg\">Bericht \"Kleine Zeitung\" \u00fcber \"Einiges tut mir Heute leid\" - 19. M\u00e4rz 2022<\/a><\/td>\n<\/tr>\n<tr class=\"row-14\">\n\t<td class=\"column-1\"><a href=\"https:\/\/www.khd.at\/wp-content\/uploads\/2022\/03\/IMG_5532.jpg\">Kommentar \"Kleine Zeitung\" \u00fcber \"Schlachtfeld und Firedensregion\" - 18. M\u00e4rz 2022<\/a><\/td>\n<\/tr>\n<tr class=\"row-15\">\n\t<td class=\"column-1\"><a href=\"https:\/\/www.khd.at\/wp-content\/uploads\/2022\/03\/WhatsApp-Image-2022-03-16-at-09.40.02.jpeg\">Bericht \"K\u00e4rntner Woche\" \u00fcber \"KHD neu Definieren\" - 16. M\u00e4rz 2022<\/a><\/td>\n<\/tr>\n<tr class=\"row-16\">\n\t<td class=\"column-1\"><a href=\"https:\/\/www.khd.at\/wp-content\/uploads\/2022\/03\/IMG_5401.jpeg\">Kommentar \"Kleine Zeitung\" \u00fcber \"Heimatdienst im Wandel\" - 9. M\u00e4rz 2022<\/a><\/td>\n<\/tr>\n<tr class=\"row-17\">\n\t<td class=\"column-1\"><a href=\"https:\/\/www.khd.at\/wp-content\/uploads\/2022\/03\/IMG_5415.jpeg\">Bericht \"Kleine Zeitung\" \u00fcber \"Spaltung der Gesellschaft kitten\" - 9. M\u00e4rz 2022<\/a><\/td>\n<\/tr>\n<tr class=\"row-18\">\n\t<td class=\"column-1\"><a href=\"https:\/\/www.khd.at\/wp-content\/uploads\/2022\/03\/IMG_5415.jpeg\">Bericht \"Kleine Zeitung\" \u00fcber \"Spaltung der Gesellschaft kitten\" - 9. M\u00e4rz 2022<\/a><\/td>\n<\/tr>\n<tr class=\"row-19\">\n\t<td class=\"column-1\"><a href=\"https:\/\/www.khd.at\/wp-content\/uploads\/2022\/03\/SharedScreenshot.jpg\">Bericht \"MeinBezirk.at\" \u00fcber \"Andreas M\u00f6lzer neuer Obmann des KHD\" - 8. M\u00e4rz 2022<\/a><\/td>\n<\/tr>\n<tr class=\"row-20\">\n\t<td class=\"column-1\"><a href=\"https:\/\/www.khd.at\/wp-content\/uploads\/2021\/07\/Konsensgruppe-Erfolgsrezept-Beitrag-KLEINE-ZEITUNG-8.-Juli-21.pdf\">Bericht \"Kleinen Zeitung\" \u00fcber \"Konsensarbeit als Erfolgsgeschichte\" - 8. Juli 2021<\/a><\/td>\n<\/tr>\n<tr class=\"row-21\">\n\t<td class=\"column-1\"><a href=\"https:\/\/www.khd.at\/wp-content\/uploads\/2021\/07\/Beitrag-Kleine-Zeitung-zu-DOKU-in-ORF-III-1.pdf\">Bericht \"Kleinen Zeitung\" \u00fcber die Doku \u201eK\u00e4rntens umk\u00e4mpfte Grenze\u201c - 28. Juni 2021<\/a><\/td>\n<\/tr>\n<tr class=\"row-22\">\n\t<td class=\"column-1\"><a href=\"https:\/\/www.khd.at\/wp-content\/uploads\/2021\/06\/Pressemitteilung-6.-Juni-2021.pdf\">Presseaussendung: Der KHD ist jetzt ein Verb\u00fcndeter der Slowenen - Juni 2021<\/a><\/td>\n<\/tr>\n<tr class=\"row-23\">\n\t<td class=\"column-1\"><a href=\"https:\/\/www.khd.at\/wp-content\/uploads\/2021\/05\/Einschaltung-in-K\u00e4rntner-Tagespresse-Krone-iund-Kleinezeitung-April-2021.pdf\">Einschaltung: Der Heimatdienst hat gehandelt! - April 2021<\/a><\/td>\n<\/tr>\n<tr class=\"row-24\">\n\t<td class=\"column-1\"><a href=\"https:\/\/www.khd.at\/wp-content\/uploads\/2021\/03\/Einschaltung-K\u00e4rntner-Woche-17.-M\u00e4rz-2020.pdf\">Einschaltung: Heimatdienst erfolgreich f\u00fcr ein friedliches K\u00e4rnten - M\u00e4rz 2021<\/a><\/td>\n<\/tr>\n<tr class=\"row-25\">\n\t<td class=\"column-1\"><a href=\"https:\/\/www.khd.at\/wp-content\/uploads\/2021\/01\/Pressemitteilung-24.-J\u00e4nner-2021-mit-Medeinberichten.pdff\">Presseaussendung: 5.000 Euro Belohnung; Presseberichte zum Thema - J\u00e4nner 2021<\/a><\/td>\n<\/tr>\n<tr class=\"row-26\">\n\t<td class=\"column-1\"><a href=\"https:\/\/khd.at\/wp-content\/uploads\/2020\/07\/Islamische-Glaubensgemeinde-Tag-der-Begegnung-2019-Statement-Feldner-und-Pressebericht-.pdf\">Islamische Glaubensgemeinde: Tag der Begegnung 2019 - Statement Feldner und Pressebericht <\/a><\/td>\n<\/tr>\n<tr class=\"row-27\">\n\t<td class=\"column-1\"><a href=\"https:\/\/khd.at\/wp-content\/uploads\/2020\/07\/Feldner-in-neuem-Dialog-Bericht-KLEINE-ZEITUNG-14.-November-2019-.pdf\">Feldner in neuem Dialog - Kleine Zeitung 14. November 2019 <\/a><\/td>\n<\/tr>\n<tr class=\"row-28\">\n\t<td class=\"column-1\"><a href=\"https:\/\/khd.at\/wp-content\/uploads\/2020\/07\/Gemeinsames-Opfergedenken-2019-Vlkermarkt-DOKUMENTATION-.pdf\">Gemeinsames Opfergedenken 2019 in V\u00f6lkermarkt - Dokumentation <\/a><\/td>\n<\/tr>\n<tr class=\"row-29\">\n\t<td class=\"column-1\"><a href=\"https:\/\/khd.at\/wp-content\/uploads\/2020\/07\/Gemeinsames-Opfergedenken-2019-Vlkermarkt-EINLADUNG.pdf\">Gemeinsames Opfergedenken 2019 V\u00f6lkermarkt - Einladung<\/a><\/td>\n<\/tr>\n<tr class=\"row-30\">\n\t<td class=\"column-1\"><a href=\"https:\/\/khd.at\/wp-content\/uploads\/2020\/07\/Gemeinsames-Opfergedenken-2019-Voelkermarkt-Berichte-in-der-KAERNTNER-KRONE-und-KLEINEN-ZEITUNG.pdf\">Gemeinsames Opfergedenken 2019 Voelkermarkt - Kaerntner Krone Und Kleinen Zeitung<\/a><\/td>\n<\/tr>\n<tr class=\"row-31\">\n\t<td class=\"column-1\"><a href=\"https:\/\/khd.at\/wp-content\/uploads\/2020\/07\/Jug-Manuel-Interview-Kleine-Zeitung--21.-Juli-2019-.pdf\">Manuel Jug, Interview in der Kleine Zeitung - 21. Juli 2019 <\/a><\/td>\n<\/tr>\n<tr class=\"row-32\">\n\t<td class=\"column-1\"><a href=\"https:\/\/khd.at\/wp-content\/uploads\/2020\/07\/KHD-INTERN-Juni-2019-Internet-.pdf\">Khd Intern Juni 2019 Internet <\/a><\/td>\n<\/tr>\n<tr class=\"row-33\">\n\t<td class=\"column-1\"><a href=\"https:\/\/khd.at\/wp-content\/uploads\/2020\/07\/Liescha-Opfergedenken-30.-Mai-2019-EINLADUNG-.pdf\">Liescha Opfergedenken 30. Mai 2019 - Einladung <\/a><\/td>\n<\/tr>\n<tr class=\"row-34\">\n\t<td class=\"column-1\"><a href=\"https:\/\/khd.at\/wp-content\/uploads\/2020\/07\/Stritzl-Ttigkeitsbericht-2019-.pdf\">Stritzl T\u00e4tigkeitsbericht 2019 <\/a><\/td>\n<\/tr>\n<tr class=\"row-35\">\n\t<td class=\"column-1\"><a href=\"https:\/\/khd.at\/wp-content\/uploads\/2020\/07\/Pressemiteilung-25-05-19-.pdf\">Pressemiteilung 25 05 19 <\/a><\/td>\n<\/tr>\n<tr class=\"row-36\">\n\t<td class=\"column-1\"><a href=\"https:\/\/khd.at\/wp-content\/uploads\/2020\/07\/Feierliche-Erklrung-Arnoldstein-2018-deutsch-italienisch-slowenisch.pdf\">Feierliche Erkl\u00e4rung Arnoldstein 2018 Deutsch Italienisch Slowenisch<\/a><\/td>\n<\/tr>\n<tr class=\"row-37\">\n\t<td class=\"column-1\"><a href=\"https:\/\/khd.at\/wp-content\/uploads\/2020\/07\/Gemeinsames-Opfergedenken-2018-Vlkermarkt-Bericht-KLEINE-ZEITUNG.pdf\">Gemeinsames Opfergedenken 2018 V\u00f6lkermarkt - Kleine Zeitung<\/a><\/td>\n<\/tr>\n<tr class=\"row-38\">\n\t<td class=\"column-1\"><a href=\"https:\/\/khd.at\/wp-content\/uploads\/2020\/07\/Gemeinsames-Opfergedenken-2018-Vlkermarkt-Einladung.pdf\">Gemeinsames Opfergedenken 2018 V\u00f6lkermarkt - Einladung<\/a><\/td>\n<\/tr>\n<tr class=\"row-39\">\n\t<td class=\"column-1\"><a href=\"https:\/\/khd.at\/wp-content\/uploads\/2020\/07\/HV-2018-Entschlieung-Bericht-KAERNTNER-KRONE.pdf\">Hv 2018 Entschlieung - K\u00e4rntner Krone<\/a><\/td>\n<\/tr>\n<tr class=\"row-40\">\n\t<td class=\"column-1\"><a href=\"https:\/\/khd.at\/wp-content\/uploads\/2020\/07\/Plattform-Info-VA-Wadl-Bericht-Kleine-Zeitung5.-Mai-2018.pdf\">Plattform Info Va Wadl - Kleine Zeitung 5. Mai 2018<\/a><\/td>\n<\/tr>\n<tr class=\"row-41\">\n\t<td class=\"column-1\"><a href=\"https:\/\/khd.at\/wp-content\/uploads\/2020\/07\/PRAA-Grenzbrschreitender-Dilog--Bericht-KLEINE-ZEITUNG-8.-Mai-2018.pdf\">Praa Grenz\u00fcbrschreitender Dilog - Kleine Zeitung 8. Mai 2018<\/a><\/td>\n<\/tr>\n<tr class=\"row-42\">\n\t<td class=\"column-1\"><a href=\"https:\/\/khd.at\/wp-content\/uploads\/2020\/07\/Pressemiteilung-zu-EUROPEADA-8.-Februar-2018.pdf\">Pressemiteilung zu Europeada 8. Februar 2018<\/a><\/td>\n<\/tr>\n<tr class=\"row-43\">\n\t<td class=\"column-1\"><a href=\"https:\/\/khd.at\/wp-content\/uploads\/2020\/07\/Treffen-der-Kulturen-2018-Arnoldstein-Einschaltung-KRONE-10.-Oktober.pdf\">Treffen der Kulturen 2018 Arnoldstein - Einschaltung Krone 10. Oktober<\/a><\/td>\n<\/tr>\n<tr class=\"row-44\">\n\t<td class=\"column-1\"><a href=\"https:\/\/khd.at\/wp-content\/uploads\/2020\/07\/Treffen-der-Kulturen-Arnoldstein-2018-PRESSESPIEGEL.pdf\">Treffen der Kulturen Arnoldstein 2018 Pressespiegel<\/a><\/td>\n<\/tr>\n<tr class=\"row-45\">\n\t<td class=\"column-1\"><a href=\"https:\/\/khd.at\/wp-content\/uploads\/2020\/07\/Volksgruppenkongress-Verbalattacken-Smolle-gegen-KHD-November-2018.pdf\">Volksgruppenkongress Verbalattacken Smolle Gegen KHD November 2018<\/a><\/td>\n<\/tr>\n<tr class=\"row-46\">\n\t<td class=\"column-1\"><a href=\"https:\/\/khd.at\/wp-content\/uploads\/2020\/07\/Vorweihnachtliches-Opfergedenken-2018-Bericht-Kleine-zeitung.pdf\">Vorweihnachtliches Opfergedenken 2018 - Kleine Zeitung<\/a><\/td>\n<\/tr>\n<tr class=\"row-47\">\n\t<td class=\"column-1\"><a href=\"https:\/\/khd.at\/wp-content\/uploads\/2020\/07\/War-is-over-Gedenkveranstaltung-11.-November-2018.pdf\">War Is Over Gedenkveranstaltung 11. November 2018<\/a><\/td>\n<\/tr>\n<tr class=\"row-48\">\n\t<td class=\"column-1\"><a href=\"https:\/\/khd.at\/wp-content\/uploads\/2020\/07\/Weihnachtliches-Opfergedenken-2018-Bericht-Kleine-Zeitung.pdf\">Weihnachtliches Opfergedenken 2018 - Kleine Zeitung<\/a><\/td>\n<\/tr>\n<tr class=\"row-49\">\n\t<td class=\"column-1\"><a href=\"https:\/\/khd.at\/wp-content\/uploads\/2020\/07\/10.-Oktober-2015-Der-KHD-gedenkt-der-Abwehrkmpfer-.pdf\">10. Oktober 2015, der KHD Gedenkt der Abwehrk\u00e4mpfer <\/a><\/td>\n<\/tr>\n<tr class=\"row-50\">\n\t<td class=\"column-1\"><a href=\"https:\/\/khd.at\/wp-content\/uploads\/2020\/07\/10.-Oktober-2015-KHD-gedenkt-der-Abwehrkmpfer-Bericht-Zur-Zeit-.pdf\">10. Oktober 2015 Khd Gedenkt Der Abwehrkmpfer Bericht Zur Zeit <\/a><\/td>\n<\/tr>\n<tr class=\"row-51\">\n\t<td class=\"column-1\"><a href=\"https:\/\/khd.at\/wp-content\/uploads\/2020\/07\/Abwehrkmpferbund-verbreitet-Falschmeldungen-Kleine-Zeitung-26.3.2017.pdf\">Abwehrkmpferbund Verbreitet Falschmeldungen Kleine Zeitung 26.3.2017<\/a><\/td>\n<\/tr>\n<tr class=\"row-52\">\n\t<td class=\"column-1\"><a href=\"https:\/\/khd.at\/wp-content\/uploads\/2020\/07\/Abwehrkmpferbund-verbreitet-Falschmeldungen-KLEINE-ZEITUNG-26.-Mrz-2017.pdf\">Abwehrkmpferbund Verbreitet Falschmeldungen Kleine Zeitung 26. Mrz 2017<\/a><\/td>\n<\/tr>\n<tr class=\"row-53\">\n\t<td class=\"column-1\"><a href=\"https:\/\/khd.at\/wp-content\/uploads\/2020\/07\/Alpen-Adria-Gymnasium-Vlkermarkt-Untersttzung-durch-KHD-Bericht-WOCHE-.pdf\">Alpen Adria Gymnasium V\u00f6lkermarkt Untersttzung Durch Khd Bericht Woche <\/a><\/td>\n<\/tr>\n<tr class=\"row-54\">\n\t<td class=\"column-1\"><a href=\"https:\/\/khd.at\/wp-content\/uploads\/2020\/07\/altersberger-schulbrief-2011-mit-feldner-kleine-zeitung-8.-oktober-2013.pdf\">Altersberger Schulbrief 2011 Mit Feldner Kleine Zeitung 8. Oktober 2013<\/a><\/td>\n<\/tr>\n<tr class=\"row-55\">\n\t<td class=\"column-1\"><a href=\"https:\/\/khd.at\/wp-content\/uploads\/2020\/07\/Appell-an-die-Bundesregierung-Bericht-in-der-KRONE-21-02-16.pdf\">Appell An Die Bundesregierung Bericht In Der Krone 21 02 16<\/a><\/td>\n<\/tr>\n<tr class=\"row-56\">\n\t<td class=\"column-1\"><a href=\"https:\/\/khd.at\/wp-content\/uploads\/2020\/07\/Appell-an-die-Bundesregierung-Bericht-in-ZUR-ZEIT.pdf\">Appell An Die Bundesregierung Bericht In Zur Zeit<\/a><\/td>\n<\/tr>\n<tr class=\"row-57\">\n\t<td class=\"column-1\"><a href=\"https:\/\/khd.at\/wp-content\/uploads\/2020\/07\/app-khd-leians-bericht-kronenzeitung-04-12-2013.pdf\">App Khd Leians Bericht Kronenzeitung 04 12 2013<\/a><\/td>\n<\/tr>\n<tr class=\"row-58\">\n\t<td class=\"column-1\"><a href=\"https:\/\/khd.at\/wp-content\/uploads\/2020\/07\/Aufruf.pdf\">Aufruf<\/a><\/td>\n<\/tr>\n<tr class=\"row-59\">\n\t<td class=\"column-1\"><a href=\"https:\/\/khd.at\/wp-content\/uploads\/2020\/07\/ausstellung-podiumsdiskussion-5.-november-2014-parlament.pdf\">Ausstellung Podiumsdiskussion 5. November 2014 Parlament<\/a><\/td>\n<\/tr>\n<tr class=\"row-60\">\n\t<td class=\"column-1\"><a href=\"https:\/\/khd.at\/wp-content\/uploads\/2020\/07\/beitrag-an-kleine-zeitung-23.-03.-2009-minderheitenermittlung.pdf\">Beitrag An Kleine Zeitung 23. 03. 2009 Minderheitenermittlung<\/a><\/td>\n<\/tr>\n<tr class=\"row-61\">\n\t<td class=\"column-1\"><a href=\"https:\/\/khd.at\/wp-content\/uploads\/2020\/07\/beitrag-josef-feldner-fuer-neue-ordnung-juli-2010-von-der-konfrontation-zum-dialog.pdf\">Beitrag Josef Feldner Fuer Neue Ordnung Juli 2010 Von Der Konfrontation Zum Dialog<\/a><\/td>\n<\/tr>\n<tr class=\"row-62\">\n\t<td class=\"column-1\"><a href=\"https:\/\/khd.at\/wp-content\/uploads\/2020\/07\/10.-oktober-2010-forderung-einbindung-khd-leserbrief-jordan-9.-november-2009.pdf\">10. Oktober 2010 Forderung Einbindung Khd Leserbrief Jordan 9. November 2009<\/a><\/td>\n<\/tr>\n<tr class=\"row-63\">\n\t<td class=\"column-1\"><a href=\"https:\/\/khd.at\/wp-content\/uploads\/2020\/07\/bilderaussstellung-kumprej-feistritz-ob-bleiburg-11.-03.11.pdf\">Bilderaussstellung Kumprej Feistritz Ob Bleiburg 11. 03.11<\/a><\/td>\n<\/tr>\n<tr class=\"row-64\">\n\t<td class=\"column-1\"><a href=\"https:\/\/khd.at\/wp-content\/uploads\/2020\/07\/bilderausstellung-st.-michael-ob-bleiburg-erffnung-medienberichte-mrz-2011.pdf\">Bilderausstellung St. Michael Ob Bleiburg Erffnung Medienberichte Mrz 2011<\/a><\/td>\n<\/tr>\n<tr class=\"row-65\">\n\t<td class=\"column-1\"><a href=\"https:\/\/khd.at\/wp-content\/uploads\/2020\/07\/bombenanschlag-gegen-khd-bro-1974-woche-21.-juli-2010.pdf\">Bombenanschlag Gegen Khd Bro 1974 Woche 21. Juli 2010<\/a><\/td>\n<\/tr>\n<tr class=\"row-66\">\n\t<td class=\"column-1\"><a href=\"https:\/\/khd.at\/wp-content\/uploads\/2020\/07\/bombenanschlge-in-den-70er-jahren-beitrag-standard-25-01-14.pdf\">Bombenanschlge In Den 70Er Jahren Beitrag Standard 25 01 14<\/a><\/td>\n<\/tr>\n<tr class=\"row-67\">\n\t<td class=\"column-1\"><a href=\"https:\/\/khd.at\/wp-content\/uploads\/2020\/07\/Botschafterin-Sigrid-Berka-Empfang-zum-Nationalfeiertag-.pdf\">Botschafterin Sigrid Berka Empfang Zum Nationalfeiertag <\/a><\/td>\n<\/tr>\n<tr class=\"row-68\">\n\t<td class=\"column-1\"><a href=\"https:\/\/khd.at\/wp-content\/uploads\/2020\/07\/brgerpreis-ausgewhlte-presseberichte-diskussion-verweigerung-wappensaal.pdf\">Brgerpreis Ausgewhlte Presseberichte Diskussion Verweigerung Wappensaal<\/a><\/td>\n<\/tr>\n<tr class=\"row-69\">\n\t<td class=\"column-1\"><a href=\"https:\/\/khd.at\/wp-content\/uploads\/2020\/07\/brgerpreis-grubotschaften-und-gratulationsschreiben.pdf\">Brgerpreis Grubotschaften Und Gratulationsschreiben<\/a><\/td>\n<\/tr>\n<tr class=\"row-70\">\n\t<td class=\"column-1\"><a href=\"https:\/\/khd.at\/wp-content\/uploads\/2020\/07\/brgerpreis-presseberichte-preisbergabe-am-2.-juli-2009.pdf\">Brgerpreis Presseberichte Preisbergabe Am 2. Juli 2009<\/a><\/td>\n<\/tr>\n<tr class=\"row-71\">\n\t<td class=\"column-1\"><a href=\"https:\/\/khd.at\/wp-content\/uploads\/2020\/07\/buchprsentation-erdbeben-in-der-provinz-einladung-mit-textauszug.pdf\">Buchprsentation Erdbeben In Der Provinz Einladung Mit Textauszug<\/a><\/td>\n<\/tr>\n<tr class=\"row-72\">\n\t<td class=\"column-1\"><a href=\"https:\/\/khd.at\/wp-content\/uploads\/2020\/07\/cilli-dokumentation-erffnungsfeier-kulturverein-und-pressekonferenz-als-antwort-auf-verbalattacken-informationsblatt-khd-und-statement-feldner-mai-2012.pdf\">Cilli Dokumentation Erffnungsfeier Kulturverein Und Pressekonferenz Als Antwort Auf Verbalattacken Informationsblatt Khd Und Statement Feldner Mai 2012<\/a><\/td>\n<\/tr>\n<tr class=\"row-73\">\n\t<td class=\"column-1\"><a href=\"https:\/\/khd.at\/wp-content\/uploads\/2020\/07\/cilli-dokumentation-erffnungsfeier-kulturverein-verbalattacken-informationsblatt-khd-und-statement-feldner-mai-2012.pdf\">Cilli Dokumentation Erffnungsfeier Kulturverein Verbalattacken Informationsblatt Khd Und Statement Feldner Mai 2012<\/a><\/td>\n<\/tr>\n<tr class=\"row-74\">\n\t<td class=\"column-1\"><a href=\"https:\/\/khd.at\/wp-content\/uploads\/2020\/07\/cilli-dokumtentation-erffnungsfeier-kulturverein-verbalattacken-slowenischer-zeitungen-pressekonferenz-als-reaktion-mai-2012.pdf\">Cilli Dokumtentation Erffnungsfeier Kulturverein Verbalattacken Slowenischer Zeitungen Pressekonferenz Als Reaktion Mai 2012<\/a><\/td>\n<\/tr>\n<tr class=\"row-75\">\n\t<td class=\"column-1\"><a href=\"https:\/\/khd.at\/wp-content\/uploads\/2020\/07\/cilli-erffnungsfeier-kulturverein-bericht-kleine-zeitung-16-04-12.pdf\">Cilli Erffnungsfeier Kulturverein Bericht Kleine Zeitung 16 04 12<\/a><\/td>\n<\/tr>\n<tr class=\"row-76\">\n\t<td class=\"column-1\"><a href=\"https:\/\/khd.at\/wp-content\/uploads\/2020\/07\/cilli-pressekonferenz-bericht-krone-10-05-12.pdf\">Cilli Pressekonferenz Bericht Krone 10 05 12<\/a><\/td>\n<\/tr>\n<tr class=\"row-77\">\n\t<td class=\"column-1\"><a href=\"https:\/\/khd.at\/wp-content\/uploads\/2020\/07\/cilli-pressekonferenz-kaerntner-pressemeldungen-und-orf-09-05-12.pdf\">Cilli Pressekonferenz Kaerntner Pressemeldungen Und Orf 09 05 12<\/a><\/td>\n<\/tr>\n<tr class=\"row-78\">\n\t<td class=\"column-1\"><a href=\"https:\/\/khd.at\/wp-content\/uploads\/2020\/07\/cilli-pressekonferenz-und-anschlag-marburg-bericht-kleine-zeitung-04-05-12.pdf\">Cilli Pressekonferenz Und Anschlag Marburg Bericht Kleine Zeitung 04 05 12<\/a><\/td>\n<\/tr>\n<tr class=\"row-79\">\n\t<td class=\"column-1\"><a href=\"https:\/\/khd.at\/wp-content\/uploads\/2020\/07\/DER-KAERNTNER-August-2015-Bericht-KRONE-.pdf\">Der Kaerntner August 2015 Bericht Krone <\/a><\/td>\n<\/tr>\n<tr class=\"row-80\">\n\t<td class=\"column-1\"><a href=\"https:\/\/khd.at\/wp-content\/uploads\/2020\/07\/DER-KAERNTNER-August-2017-Bericht-Kleine-Zeitung.pdf\">Der Kaerntner August 2017 Bericht Kleine Zeitung<\/a><\/td>\n<\/tr>\n<tr class=\"row-81\">\n\t<td class=\"column-1\"><a href=\"https:\/\/khd.at\/wp-content\/uploads\/2020\/07\/DER-KAERNTNER-August-2017-Pressebericht.pdf\">Der Kaerntner August 2017 Pressebericht<\/a><\/td>\n<\/tr>\n<tr class=\"row-82\">\n\t<td class=\"column-1\"><a href=\"https:\/\/khd.at\/wp-content\/uploads\/2020\/07\/Der-Standard-Online-vom-16.02.2009.pdf\">Der Standard Online Vom 16.02.2009<\/a><\/td>\n<\/tr>\n<tr class=\"row-83\">\n\t<td class=\"column-1\"><a href=\"https:\/\/khd.at\/wp-content\/uploads\/2020\/07\/deutsche-volksgruppe-beitrag-zur-zeit-mai-2015-.pdf\">Deutsche Volksgruppe Beitrag Zur Zeit Mai 2015 <\/a><\/td>\n<\/tr>\n<tr class=\"row-84\">\n\t<td class=\"column-1\"><a href=\"https:\/\/khd.at\/wp-content\/uploads\/2020\/07\/deutsche-volksgruppe-benachteiligt-kleine-zeitung-04-11-14.pdf\">Deutsche Volksgruppe Benachteiligt Kleine Zeitung 04 11 14<\/a><\/td>\n<\/tr>\n<tr class=\"row-85\">\n\t<td class=\"column-1\"><a href=\"https:\/\/khd.at\/wp-content\/uploads\/2020\/07\/Deutsche-Volksgruppe-Bund-antwortet-KHD-Bericht-Kleine-Zeitung-.pdf\">Deutsche Volksgruppe Bund Antwortet Khd Bericht Kleine Zeitung <\/a><\/td>\n<\/tr>\n<tr class=\"row-86\">\n\t<td class=\"column-1\"><a href=\"https:\/\/khd.at\/wp-content\/uploads\/2020\/07\/deutsche-volksgruppe-forderung-nach-anerkennung-29-12-14.pdf\">Deutsche Volksgruppe Forderung Nach Anerkennung 29 12 14<\/a><\/td>\n<\/tr>\n<tr class=\"row-87\">\n\t<td class=\"column-1\"><a href=\"https:\/\/khd.at\/wp-content\/uploads\/2020\/07\/deutsche-volksgruppe-in-slowenien-beitrag-die-presse-04-05-15-.pdf\">Deutsche Volksgruppe In Slowenien Beitrag Die Presse 04 05 15 <\/a><\/td>\n<\/tr>\n<tr class=\"row-88\">\n\t<td class=\"column-1\"><a href=\"https:\/\/khd.at\/wp-content\/uploads\/2020\/07\/deutsche-volksgruppe-in-slowenien-bericht-kleine-zeitung-ber-aggressionen-24-02-15.pdf\">Deutsche Volksgruppe In Slowenien Bericht Kleine Zeitung Ber Aggressionen 24 02 15<\/a><\/td>\n<\/tr>\n<tr class=\"row-89\">\n\t<td class=\"column-1\"><a href=\"https:\/\/khd.at\/wp-content\/uploads\/2020\/07\/deutsche-volksgruppe-in-slowenien-diskussion-plattform-kaernten-09-03-12.pdf\">Deutsche Volksgruppe In Slowenien Diskussion Plattform Kaernten 09 03 12<\/a><\/td>\n<\/tr>\n<tr class=\"row-90\">\n\t<td class=\"column-1\"><a href=\"https:\/\/khd.at\/wp-content\/uploads\/2020\/07\/deutsche-volksgruppe-in-slowenien-haring-bernimmt-fhrung.-khd-besuch-juni-2012.pdf\">Deutsche Volksgruppe In Slowenien Haring Bernimmt Fhrung. Khd Besuch Juni 2012<\/a><\/td>\n<\/tr>\n<tr class=\"row-91\">\n\t<td class=\"column-1\"><a href=\"https:\/\/khd.at\/wp-content\/uploads\/2020\/07\/deutsche-volksgruppe-in-slowenien-leserbrief-zu-beitrag-die-presse-6.-mai-2015.pdf\">Deutsche Volksgruppe In Slowenien Leserbrief Zu Beitrag Die Presse 6. Mai 2015<\/a><\/td>\n<\/tr>\n<tr class=\"row-92\">\n\t<td class=\"column-1\"><a href=\"https:\/\/khd.at\/wp-content\/uploads\/2020\/07\/deutsche-volksgruppe-in-slowenien-ringen-um-anerkennung-29.-mai-2012.pdf\">Deutsche Volksgruppe In Slowenien Ringen Um Anerkennung 29. Mai 2012<\/a><\/td>\n<\/tr>\n<tr class=\"row-93\">\n\t<td class=\"column-1\"><a href=\"https:\/\/khd.at\/wp-content\/uploads\/2020\/07\/Deutsche-Volksgruppe-Interview-Haring-Kleine-Zeitung-3.-Juni-2017.pdf\">Deutsche Volksgruppe Interview Haring Kleine Zeitung 3. Juni 2017<\/a><\/td>\n<\/tr>\n<tr class=\"row-94\">\n\t<td class=\"column-1\"><a href=\"https:\/\/khd.at\/wp-content\/uploads\/2020\/07\/Deutsche-Volksgruppe-Slowenien-Bericht-Kleine-Zeitung-Reaktion-Wien-27-08-15-.pdf\">Deutsche Volksgruppe Slowenien Bericht Kleine Zeitung Reaktion Wien 27 08 15 <\/a><\/td>\n<\/tr>\n<tr class=\"row-95\">\n\t<td class=\"column-1\"><a href=\"https:\/\/khd.at\/wp-content\/uploads\/2020\/07\/deutsche-volksgruppe-slowenien-frderungen-2013-15.000-bericht-kleine-zeitung.pdf\">Deutsche Volksgruppe Slowenien Frderungen 2013 15.000 Bericht Kleine Zeitung<\/a><\/td>\n<\/tr>\n<tr class=\"row-96\">\n\t<td class=\"column-1\"><a href=\"https:\/\/khd.at\/wp-content\/uploads\/2020\/07\/Deutsche-Volksgruppe-Slowenien-KHD-Foerderung-Presseberichte-29.-Mai-2016.pdf\">Deutsche Volksgruppe Slowenien Khd Foerderung Presseberichte 29. Mai 2016<\/a><\/td>\n<\/tr>\n<tr class=\"row-97\">\n\t<td class=\"column-1\"><a href=\"https:\/\/khd.at\/wp-content\/uploads\/2020\/07\/deutsche-volksgruppe-slowenien-nein-zu-anerkennung-bericht-kleine-zeitung-16-03-14.pdf\">Deutsche Volksgruppe Slowenien Nein Zu Anerkennung Bericht Kleine Zeitung 16 03 14<\/a><\/td>\n<\/tr>\n<tr class=\"row-98\">\n\t<td class=\"column-1\"><a href=\"https:\/\/khd.at\/wp-content\/uploads\/2020\/07\/dialogforum-khd-fordert-einbindung-medienberichte-21-11-11.pdf\">Dialogforum Khd Fordert Einbindung Medienberichte 21 11 11<\/a><\/td>\n<\/tr>\n<tr class=\"row-99\">\n\t<td class=\"column-1\"><a href=\"https:\/\/khd.at\/wp-content\/uploads\/2020\/07\/dobernig-attacken-gegen-khd-labg.-rudolf-schober-sp-verurteilt-diese-angriffe-22-03-12.pdf\">Dobernig Attacken Gegen Khd Labg. Rudolf Schober Sp Verurteilt Diese Angriffe 22 03 12<\/a><\/td>\n<\/tr>\n<tr class=\"row-100\">\n\t<td class=\"column-1\"><a href=\"https:\/\/khd.at\/wp-content\/uploads\/2020\/07\/dobernig-attacken-gegen-khd-leserbriefe-stritzl-und-jordan-kleine-zeitung-21-und-22-03-12.pdf\">Dobernig Attacken Gegen Khd Leserbriefe Stritzl Und Jordan Kleine Zeitung 21 Und 22 03 12<\/a><\/td>\n<\/tr>\n<tr class=\"row-101\">\n\t<td class=\"column-1\"><a href=\"https:\/\/khd.at\/wp-content\/uploads\/2020\/07\/dobernig-freiheitlicher-kulturreferent-streicht-verstaendigungsbereitem-khd-foerderung-kleine-zeitung-und-ktz-feber-2011.pdf\">Dobernig Freiheitlicher Kulturreferent Streicht Verstaendigungsbereitem Khd Foerderung Kleine Zeitung Und Ktz Feber 2011<\/a><\/td>\n<\/tr>\n<tr class=\"row-102\">\n\t<td class=\"column-1\"><a href=\"https:\/\/khd.at\/wp-content\/uploads\/2020\/07\/dobernigs-abwehrkampf-gegen-khd-kleine-zeitung-20-03-12.pdf\">Dobernigs Abwehrkampf Gegen Khd Kleine Zeitung 20 03 12<\/a><\/td>\n<\/tr>\n<tr class=\"row-103\">\n\t<td class=\"column-1\"><a href=\"https:\/\/khd.at\/wp-content\/uploads\/2020\/07\/drfler.-einige-knnten-jetzt-beichten.-krone-12.-april-2015.pdf\">Drfler. Einige Knnten Jetzt Beichten. Krone 12. April 2015<\/a><\/td>\n<\/tr>\n<tr class=\"row-104\">\n\t<td class=\"column-1\"><a href=\"https:\/\/khd.at\/wp-content\/uploads\/2020\/07\/drfler-gegen-feldner-kritik-in-leserbrief-an-lh-17-10-10.pdf\">Drfler Gegen Feldner Kritik In Leserbrief An Lh 17 10 10<\/a><\/td>\n<\/tr>\n<tr class=\"row-105\">\n\t<td class=\"column-1\"><a href=\"https:\/\/khd.at\/wp-content\/uploads\/2020\/07\/drfler-ldt-nach-kritik-in-der-kleinen-zeitung-feldner-nun-doch-zum-festakt-ein-31-07-11-ein.pdf\">Drfler Ldt Nach Kritik In Der Kleinen Zeitung Feldner Nun Doch Zum Festakt Ein 31 07 11 Ein<\/a><\/td>\n<\/tr>\n<tr class=\"row-106\">\n\t<td class=\"column-1\"><a href=\"https:\/\/khd.at\/wp-content\/uploads\/2020\/07\/drfler-schliet-khd-von-ortstafel-festakt-aus--antwort--feldner.pdf\">Drfler Schliet Khd Von Ortstafel Festakt Aus  Antwort  Feldner<\/a><\/td>\n<\/tr>\n<tr class=\"row-107\">\n\t<td class=\"column-1\"><a href=\"https:\/\/khd.at\/wp-content\/uploads\/2020\/07\/drfler-zeigt-gre-leserbrief-in-der-kleinen-zeitung-zu-einladung-feldner-06-08-11.pdf\">Drfler Zeigt Gre Leserbrief In Der Kleinen Zeitung Zu Einladung Feldner 06 08 11<\/a><\/td>\n<\/tr>\n<tr class=\"row-108\">\n\t<td class=\"column-1\"><a href=\"https:\/\/khd.at\/wp-content\/uploads\/2020\/07\/eberhart-weist-auf-diskussion-feldner-sturm-mit-eugen-freund-am-2.-oktober-hin.pdf\">Eberhart Weist Auf Diskussion Feldner Sturm Mit Eugen Freund Am 2. Oktober Hin<\/a><\/td>\n<\/tr>\n<tr class=\"row-109\">\n\t<td class=\"column-1\"><a href=\"https:\/\/khd.at\/wp-content\/uploads\/2020\/07\/ehrenzeichen-bericht-kleine-zeitung-30.-august-2012.pdf\">Ehrenzeichen Bericht Kleine Zeitung 30. August 2012<\/a><\/td>\n<\/tr>\n<tr class=\"row-110\">\n\t<td class=\"column-1\"><a href=\"https:\/\/khd.at\/wp-content\/uploads\/2020\/07\/ehrenzeichen-bericht-polizeizeitung-oktober-2012.pdf\">Ehrenzeichen Bericht Polizeizeitung Oktober 2012<\/a><\/td>\n<\/tr>\n<tr class=\"row-111\">\n\t<td class=\"column-1\"><a href=\"https:\/\/khd.at\/wp-content\/uploads\/2020\/07\/ehrenzeichen-verleihung-12-09-12-bericht-profil.pdf\">Ehrenzeichen Verleihung 12 09 12 Bericht Profil<\/a><\/td>\n<\/tr>\n<tr class=\"row-112\">\n\t<td class=\"column-1\"><a href=\"https:\/\/khd.at\/wp-content\/uploads\/2020\/07\/EINLADUNG-Flugblatt_deutsch.pdf\">Einladung Flugblatt_Deutsch<\/a><\/td>\n<\/tr>\n<tr class=\"row-113\">\n\t<td class=\"column-1\"><a href=\"https:\/\/khd.at\/wp-content\/uploads\/2020\/07\/Einschaltung-KAERNTNER-KRONE-27.-September-2017.pdf\">Einschaltung Kaerntner Krone 27. September 2017<\/a><\/td>\n<\/tr>\n<tr class=\"row-114\">\n\t<td class=\"column-1\"><a href=\"https:\/\/khd.at\/wp-content\/uploads\/2020\/07\/Einschaltung-KAERNTNER-KRONE-2.-Dezember-2016.pdf\">Einschaltung Kaerntner Krone 2. Dezember 2016<\/a><\/td>\n<\/tr>\n<tr class=\"row-115\">\n\t<td class=\"column-1\"><a href=\"https:\/\/khd.at\/wp-content\/uploads\/2020\/07\/Einschaltung-veroeffentlicht-KAERNTNER-KRONE-14.-Juli-2017.pdf\">Einschaltung Veroeffentlicht Kaerntner Krone 14. Juli 2017<\/a><\/td>\n<\/tr>\n<tr class=\"row-116\">\n\t<td class=\"column-1\"><a href=\"https:\/\/khd.at\/wp-content\/uploads\/2020\/07\/Entschlieung-Stopp-Massenzuwanderung-Inserat-KLEINE-ZEITUNG-16-11-16.pdf\">Entschlieung Stopp Massenzuwanderung Inserat Kleine Zeitung 16 11 16<\/a><\/td>\n<\/tr>\n<tr class=\"row-117\">\n\t<td class=\"column-1\"><a href=\"https:\/\/khd.at\/wp-content\/uploads\/2020\/07\/entschlieung-vereinsleitung-18-11-09.doc\">Entschlieung Vereinsleitung 18 11 09.Doc<\/a><\/td>\n<\/tr>\n<tr class=\"row-118\">\n\t<td class=\"column-1\"><a href=\"https:\/\/khd.at\/wp-content\/uploads\/2020\/07\/Europaquiz-2016-Sieger-nach-Straburg-Kleine-Zeitung.pdf\">Europaquiz 2016 Sieger Nach Straburg Kleine Zeitung<\/a><\/td>\n<\/tr>\n<tr class=\"row-119\">\n\t<td class=\"column-1\"><a href=\"https:\/\/khd.at\/wp-content\/uploads\/2020\/07\/faschingzeitung-2014-beitrag-ber-khd.pdf\">Faschingzeitung 2014 Beitrag Ber Khd<\/a><\/td>\n<\/tr>\n<tr class=\"row-120\">\n\t<td class=\"column-1\"><a href=\"https:\/\/khd.at\/wp-content\/uploads\/2020\/07\/feldner-40-jahre-obmann-und-ehrenzeichen-14.-september-2012.pdf\">Feldner 40 Jahre Obmann Und Ehrenzeichen 14. September 2012<\/a><\/td>\n<\/tr>\n<tr class=\"row-121\">\n\t<td class=\"column-1\"><a href=\"https:\/\/khd.at\/wp-content\/uploads\/2020\/07\/feldner-an-doerfler-kaerntner-monat-dezember-2009.pdf\">Feldner An Doerfler Kaerntner Monat Dezember 2009<\/a><\/td>\n<\/tr>\n<tr class=\"row-122\">\n\t<td class=\"column-1\"><a href=\"https:\/\/khd.at\/wp-content\/uploads\/2020\/07\/feldner-antwort-an-pfeiffer-mit-kommentar-mlzer-in-zur-zeit-28-06-14.pdf\">Feldner Antwort An Pfeiffer Mit Kommentar Mlzer In Zur Zeit 28 06 14<\/a><\/td>\n<\/tr>\n<tr class=\"row-123\">\n\t<td class=\"column-1\"><a href=\"https:\/\/khd.at\/wp-content\/uploads\/2020\/07\/feldner-der-weg-in-die-zukunft-in-zur-zeit-august-2012.pdf\">Feldner Der Weg In Die Zukunft In Zur Zeit August 2012<\/a><\/td>\n<\/tr>\n<tr class=\"row-124\">\n\t<td class=\"column-1\"><a href=\"https:\/\/khd.at\/wp-content\/uploads\/2020\/07\/feldner-interview-fr-novice-08-10-10.pdf\">Feldner Interview F\u00fcr Novice 08 10 10<\/a><\/td>\n<\/tr>\n<tr class=\"row-125\">\n\t<td class=\"column-1\"><a href=\"https:\/\/khd.at\/wp-content\/uploads\/2020\/07\/feldner-interview-wiener-zeitung-07-10-10.pdf\">Feldner Interview Wiener Zeitung 07 10 10<\/a><\/td>\n<\/tr>\n<tr class=\"row-126\">\n\t<td class=\"column-1\"><a href=\"https:\/\/khd.at\/wp-content\/uploads\/2020\/07\/feldner-inzko-und-schretter-zum-10-oktober-kurier-09-10-10.pdf\">Feldner Inzko Und Schretter Zum 10 Oktober Kurier 09 10 10<\/a><\/td>\n<\/tr>\n<tr class=\"row-127\">\n\t<td class=\"column-1\"><a href=\"https:\/\/khd.at\/wp-content\/uploads\/2020\/07\/feldner-khd-2012-interview-kleine-zeitung-28-12-11.pdf\">Feldner Khd 2012 Interview Kleine Zeitung 28 12 11<\/a><\/td>\n<\/tr>\n<tr class=\"row-128\">\n\t<td class=\"column-1\"><a href=\"https:\/\/khd.at\/wp-content\/uploads\/2020\/07\/feldner-korrigiert-kurt-scheuch-12-02-11.pdf\">Feldner Korrigiert Kurt Scheuch 12 02 11<\/a><\/td>\n<\/tr>\n<tr class=\"row-129\">\n\t<td class=\"column-1\"><a href=\"https:\/\/khd.at\/wp-content\/uploads\/2020\/07\/Feldner-korrigiert-Sdtiroler-Tageszeitung-DOLOMITEN-25-01-18.pdf\">Feldner Korrigiert Sdtiroler Tageszeitung Dolomiten 25 01 18<\/a><\/td>\n<\/tr>\n<tr class=\"row-130\">\n\t<td class=\"column-1\"><a href=\"https:\/\/khd.at\/wp-content\/uploads\/2020\/07\/feldner-leserbrief-kleine-zeitung-23-10-12-gemeinsames-opfergedenken.pdf\">Feldner Leserbrief Kleine Zeitung 23 10 12 Gemeinsames Opfergedenken<\/a><\/td>\n<\/tr>\n<tr class=\"row-131\">\n\t<td class=\"column-1\"><a href=\"https:\/\/khd.at\/wp-content\/uploads\/2020\/07\/feldner-leserbrief-konform-mit-sturm-kleine-zeitung-30-03-12.pdf\">Feldner Leserbrief Konform Mit Sturm Kleine Zeitung 30 03 12<\/a><\/td>\n<\/tr>\n<tr class=\"row-132\">\n\t<td class=\"column-1\"><a href=\"https:\/\/khd.at\/wp-content\/uploads\/2020\/07\/feldnerorf-korrespondent-freund-verwundert-ueber-dessen-ausschluss.pdf\">Feldnerorf Korrespondent Freund Verwundert Ueber Dessen Ausschluss<\/a><\/td>\n<\/tr>\n<tr class=\"row-133\">\n\t<td class=\"column-1\"><a href=\"https:\/\/khd.at\/wp-content\/uploads\/2020\/07\/feldner-reaktion-auf-slowenischen-orden-fuer-vouk-kleine-zeitung-10-02-12.pdf\">Feldner Reaktion Auf Slowenischen Orden Fuer Vouk Kleine Zeitung 10 02 12<\/a><\/td>\n<\/tr>\n<tr class=\"row-134\">\n\t<td class=\"column-1\"><a href=\"https:\/\/khd.at\/wp-content\/uploads\/2020\/07\/Feldner-Statement-Islamische-Religionsgemeinde-.pdf\">Feldner Statement Islamische Religionsgemeinde <\/a><\/td>\n<\/tr>\n<tr class=\"row-135\">\n\t<td class=\"column-1\"><a href=\"https:\/\/khd.at\/wp-content\/uploads\/2020\/07\/feldner-stritzl-sturm-zu-strae-fr-tito-kleine-zeitung-30.4.-und-01.05.2009.pdf\">Feldner Stritzl Sturm Zu Strae F\u00fcr Tito Kleine Zeitung 30.4. Und 01.05.2009<\/a><\/td>\n<\/tr>\n<tr class=\"row-136\">\n\t<td class=\"column-1\"><a href=\"https:\/\/khd.at\/wp-content\/uploads\/2020\/07\/Feldner-und-Moelzer-JA-fuer-Slowenisch-in-der-Landesverfassung.-Der-Kompromiss.pdf\">Feldner Und Moelzer Ja Fuer Slowenisch In Der Landesverfassung. Der Kompromiss<\/a><\/td>\n<\/tr>\n<tr class=\"row-137\">\n\t<td class=\"column-1\"><a href=\"https:\/\/khd.at\/wp-content\/uploads\/2020\/07\/feldner-und-sturm-treffen-mit-vp-altmandataren-im-bezirksheimatmuseum-vlkermakt-pressemeldung-04-10-12.pdf\">Feldner Und Sturm Treffen Mit Vp Altmandataren Im Bezirksheimatmuseum Vlkermakt Pressemeldung 04 10 12<\/a><\/td>\n<\/tr>\n<tr class=\"row-138\">\n\t<td class=\"column-1\"><a href=\"https:\/\/khd.at\/wp-content\/uploads\/2020\/07\/feldner-und-sturm-treffen--mit-vp-altmandataren-im-bezirksheimatmuseum-vlkermarkt-18-09-12---kopie.pdf\">Feldner Und Sturm Treffen  Mit Vp Altmandataren Im Bezirksheimatmuseum V\u00f6lkermarkt 18 09 12   Kopie<\/a><\/td>\n<\/tr>\n<tr class=\"row-139\">\n\t<td class=\"column-1\"><a href=\"https:\/\/khd.at\/wp-content\/uploads\/2020\/07\/feldner-vom-saulus-zum-paulus-die-presse-12-05-11.pdf\">Feldner Vom Saulus Zum Paulus Die Presse 12 05 11<\/a><\/td>\n<\/tr>\n<tr class=\"row-140\">\n\t<td class=\"column-1\"><a href=\"https:\/\/khd.at\/wp-content\/uploads\/2020\/07\/Feldner-widerspricht-Inzko-Beitrag-Kleine-zeitung-8.-Juni-2017.pdf\">Feldner Widerspricht Inzko Beitrag Kleine Zeitung 8. Juni 2017<\/a><\/td>\n<\/tr>\n<tr class=\"row-141\">\n\t<td class=\"column-1\"><a href=\"https:\/\/khd.at\/wp-content\/uploads\/2020\/07\/feldner-wiedergewhlt-weiterer-bericht-03-12-10.pdf\">Feldner Wiedergewhlt Weiterer Bericht 03 12 10<\/a><\/td>\n<\/tr>\n<tr class=\"row-142\">\n\t<td class=\"column-1\"><a href=\"https:\/\/khd.at\/wp-content\/uploads\/2020\/07\/feldner-wiederwahl-pressestimmen-29-11-10.pdf\">Feldner Wiederwahl Pressestimmen 29 11 10<\/a><\/td>\n<\/tr>\n<tr class=\"row-143\">\n\t<td class=\"column-1\"><a href=\"https:\/\/khd.at\/wp-content\/uploads\/2020\/07\/Feldner-zur-Landesverfassung-Kein-falscher-Kompromiss-19-02-17.pdf\">Feldner Zur Landesverfassung Kein Falscher Kompromiss 19 02 17<\/a><\/td>\n<\/tr>\n<tr class=\"row-144\">\n\t<td class=\"column-1\"><a href=\"https:\/\/khd.at\/wp-content\/uploads\/2020\/07\/Festakt-100-Jahre-K.H.D.-10.-Mrz-2020-GEDENKWORTE-Feldner.pdf\">Festakt 100 Jahre K.H.D. 10. Mrz 2020 Gedenkworte Feldner<\/a><\/td>\n<\/tr>\n<tr class=\"row-145\">\n\t<td class=\"column-1\"><a href=\"https:\/\/khd.at\/wp-content\/uploads\/2020\/07\/Festakt-100-Jahre-KHD-10.-Mrz-2020-Medienberichte.pdf\">Festakt 100 Jahre Khd 10. Mrz 2020 Medienberichte<\/a><\/td>\n<\/tr>\n<tr class=\"row-146\">\n\t<td class=\"column-1\"><a href=\"https:\/\/khd.at\/wp-content\/uploads\/2020\/07\/Festakt-100-Jahre-K.H.D.-Beitrag--Andreas-Mlzer-Kleine-Zeitung-.pdf\">Festakt 100 Jahre K.H.D. Beitrag  Andreas Mlzer Kleine Zeitung <\/a><\/td>\n<\/tr>\n<tr class=\"row-147\">\n\t<td class=\"column-1\"><a href=\"https:\/\/khd.at\/wp-content\/uploads\/2020\/07\/Festschrift-Auszug-.pdf\">Festschrift Auszug <\/a><\/td>\n<\/tr>\n<tr class=\"row-148\">\n\t<td class=\"column-1\"><a href=\"https:\/\/khd.at\/wp-content\/uploads\/2020\/07\/filename.txt\">Filename.Txt<\/a><\/td>\n<\/tr>\n<tr class=\"row-149\">\n\t<td class=\"column-1\"><a href=\"https:\/\/khd.at\/wp-content\/uploads\/2020\/07\/Flchtlingskatastrophe-Einschaltung-KLEINE-ZEITUNG-1.-Mrz-2016.pdf\">Flchtlingskatastrophe Einschaltung Kleine Zeitung 1. Mrz 2016<\/a><\/td>\n<\/tr>\n<tr class=\"row-150\">\n\t<td class=\"column-1\"><a href=\"https:\/\/khd.at\/wp-content\/uploads\/2020\/07\/Flchtlingskatastrophe-Einschaltung-KLEINE-ZEITUNG-3.-Februar-2016.pdf\">Flchtlingskatastrophe Einschaltung Kleine Zeitung 3. Februar 2016<\/a><\/td>\n<\/tr>\n<tr class=\"row-151\">\n\t<td class=\"column-1\"><a href=\"https:\/\/khd.at\/wp-content\/uploads\/2020\/07\/Fluchtpunkt-Kaernten-Diskussion-Statement-Feldner-09-05-19-.pdf\">Fluchtpunkt Kaernten Diskussion Statement Feldner 09 05 19 <\/a><\/td>\n<\/tr>\n<tr class=\"row-152\">\n\t<td class=\"column-1\"><a href=\"https:\/\/khd.at\/wp-content\/uploads\/2020\/07\/Fluchtpunkt-Kaernten-Filvorfhrung-mit-Diskussion-EINLADUNG-Grenzlandheim-Bleiburg-09-05-19-.pdf\">Fluchtpunkt Kaernten Filvorfhrung Mit Diskussion Einladung Grenzlandheim Bleiburg 09 05 19 <\/a><\/td>\n<\/tr>\n<tr class=\"row-153\">\n\t<td class=\"column-1\"><a href=\"https:\/\/khd.at\/wp-content\/uploads\/2020\/07\/Fluechtlinge-Pflicht-zur-Anerkennung-Wertekatalog-Bericht-KAERNTNER-KRONE-03-01-16.pdf\">Fluechtlinge Pflicht Zur Anerkennung Wertekatalog Bericht Kaerntner Krone 03 01 16<\/a><\/td>\n<\/tr>\n<tr class=\"row-154\">\n\t<td class=\"column-1\"><a href=\"https:\/\/khd.at\/wp-content\/uploads\/2020\/07\/Fluuechtlingsfrage-DRAMATISCHER-APPELL-Bericht-Zur-Zeit-.pdf\">Fluuechtlingsfrage Dramatischer Appell Bericht Zur Zeit <\/a><\/td>\n<\/tr>\n<tr class=\"row-155\">\n\t<td class=\"column-1\"><a href=\"https:\/\/khd.at\/wp-content\/uploads\/2020\/07\/fpk-hetzt-nun-anonym-gegen-feldner-kritik-in-kommentar-der-kleinen-zeitung-09-09-10.pdf\">Fpk Hetzt Nun Anonym Gegen Feldner Kritik In Kommentar Der Kleinen Zeitung 09 09 10<\/a><\/td>\n<\/tr>\n<tr class=\"row-156\">\n\t<td class=\"column-1\"><a href=\"https:\/\/khd.at\/wp-content\/uploads\/2020\/07\/frankfurter-allgemeine-zeitung-10.-september-2009-eine-verpasste-chance.pdf\">Frankfurter Allgemeine Zeitung 10. September 2009 Eine Verpasste Chance<\/a><\/td>\n<\/tr>\n<tr class=\"row-157\">\n\t<td class=\"column-1\"><a href=\"https:\/\/khd.at\/wp-content\/uploads\/2020\/07\/franz-jordan-50er-kleine-zeitung-03.-08.-2009.pdf\">Franz Jordan 50Er Kleine Zeitung 03. 08. 2009<\/a><\/td>\n<\/tr>\n<tr class=\"row-158\">\n\t<td class=\"column-1\"><a href=\"https:\/\/khd.at\/wp-content\/uploads\/2020\/07\/franz-jordan-50er-kleine-zeitung-03.-08.-2009-und-kaerntner-woche-05.-08.-2009.pdf\">Franz Jordan 50Er Kleine Zeitung 03. 08. 2009 Und Kaerntner Woche 05. 08. 2009<\/a><\/td>\n<\/tr>\n<tr class=\"row-159\">\n\t<td class=\"column-1\"><a href=\"https:\/\/khd.at\/wp-content\/uploads\/2020\/07\/freihandelsabkommen-ttip-khd-resolution-bericht-krone-17-06-14.pdf\">Freihandelsabkommen Ttip Khd Resolution Bericht Krone 17 06 14<\/a><\/td>\n<\/tr>\n<tr class=\"row-160\">\n\t<td class=\"column-1\"><a href=\"https:\/\/khd.at\/wp-content\/uploads\/2020\/07\/freilichtmuseum-maria-saal-empfngt-vom-khd-5.000-euro-spende-mit--bericht-kleine-zeitung-19-10-12.pdf\">Freilichtmuseum Maria Saal Empfngt Vom Khd 5.000 Euro Spende Mit  Bericht Kleine Zeitung 19 10 12<\/a><\/td>\n<\/tr>\n<tr class=\"row-161\">\n\t<td class=\"column-1\"><a href=\"https:\/\/khd.at\/wp-content\/uploads\/2020\/07\/Freithofnig-und-Jug-im-groen-KlZ-Interview-.pdf\">Freithofnig Und Jug Im Groen Klz Interview <\/a><\/td>\n<\/tr>\n<tr class=\"row-162\">\n\t<td class=\"column-1\"><a href=\"https:\/\/khd.at\/wp-content\/uploads\/2020\/07\/gedenkrede-feldner-fuer-nachkriegsopfer-in-slowenien-10.-juni-2014-bericht-kleine-zeitung.pdf\">Gedenkrede Feldner Fuer Nachkriegsopfer In Slowenien 10. Juni 2014 Bericht Kleine Zeitung<\/a><\/td>\n<\/tr>\n<tr class=\"row-163\">\n\t<td class=\"column-1\"><a href=\"https:\/\/khd.at\/wp-content\/uploads\/2020\/07\/gedenkrede-fuer-nachkriegsopfer-in-slowenien-10.-juni-2014-bericht-kleine-zeitung.pdf\">Gedenkrede Fuer Nachkriegsopfer In Slowenien 10. Juni 2014 Bericht Kleine Zeitung<\/a><\/td>\n<\/tr>\n<tr class=\"row-164\">\n\t<td class=\"column-1\"><a href=\"https:\/\/khd.at\/wp-content\/uploads\/2020\/07\/gedenkveranstaltung-24-04-10-bericht--in-tageszeitung-die-presse-20-04-10.pdf\">Gedenkveranstaltung 24 04 10 Bericht  In Tageszeitung Die Presse 20 04 10<\/a><\/td>\n<\/tr>\n<tr class=\"row-165\">\n\t<td class=\"column-1\"><a href=\"https:\/\/khd.at\/wp-content\/uploads\/2020\/07\/gedenkveranstaltung-24-04-10-gruansprache-sturm-und-festrede-feldner.pdf\">Gedenkveranstaltung 24 04 10 Gruansprache Sturm Und Festrede Feldner<\/a><\/td>\n<\/tr>\n<tr class=\"row-166\">\n\t<td class=\"column-1\"><a href=\"https:\/\/khd.at\/wp-content\/uploads\/2020\/07\/gedenkveranstaltung-24.-april-2010-ankndigung-kleine-zeitung-19-04-10.pdf\">Gedenkveranstaltung 24. April 2010 Ankndigung Kleine Zeitung 19 04 10<\/a><\/td>\n<\/tr>\n<tr class=\"row-167\">\n\t<td class=\"column-1\"><a href=\"https:\/\/khd.at\/wp-content\/uploads\/2020\/07\/gedenkveranstaltung-24.-april-2010-bericht-kleine-zeitung-23-04-10.pdf\">Gedenkveranstaltung 24. April 2010 Bericht Kleine Zeitung 23 04 10<\/a><\/td>\n<\/tr>\n<tr class=\"row-168\">\n\t<td class=\"column-1\"><a href=\"https:\/\/khd.at\/wp-content\/uploads\/2020\/07\/gedenkveranstaltung-24.-april-2010-einladung-ohne-teminbegrenzung.pdf\">Gedenkveranstaltung 24. April 2010 Einladung Ohne Teminbegrenzung<\/a><\/td>\n<\/tr>\n<tr class=\"row-169\">\n\t<td class=\"column-1\"><a href=\"https:\/\/khd.at\/wp-content\/uploads\/2020\/07\/gedenkveranstaltung-24.-april-2010-leserbriefe-29-04-10.pdf\">Gedenkveranstaltung 24. April 2010 Leserbriefe 29 04 10<\/a><\/td>\n<\/tr>\n<tr class=\"row-170\">\n\t<td class=\"column-1\"><a href=\"https:\/\/khd.at\/wp-content\/uploads\/2020\/07\/gedenkveranstaltung-24.-april-2010-presseberichte.pdf\">Gedenkveranstaltung 24. April 2010 Presseberichte<\/a><\/td>\n<\/tr>\n<tr class=\"row-171\">\n\t<td class=\"column-1\"><a href=\"https:\/\/khd.at\/wp-content\/uploads\/2020\/07\/gedenkveranstaltung-24.-april-2010-weitere-berichte-und-kommentare-28-04-10.pdf\">Gedenkveranstaltung 24. April 2010 Weitere Berichte Und Kommentare 28 04 10<\/a><\/td>\n<\/tr>\n<tr class=\"row-172\">\n\t<td class=\"column-1\"><a href=\"https:\/\/khd.at\/wp-content\/uploads\/2020\/07\/gedenkveranstaltung-90-jahre-khd-bericht-in-zur-zeit-18-10.pdf\">Gedenkveranstaltung 90 Jahre Khd Bericht In Zur Zeit 18 10<\/a><\/td>\n<\/tr>\n<tr class=\"row-173\">\n\t<td class=\"column-1\"><a href=\"https:\/\/khd.at\/wp-content\/uploads\/2020\/07\/gedenkveranstaltung-bericht-zeitung-sterreich-25.-april-2010.pdf\">Gedenkveranstaltung Bericht Zeitung Sterreich 25. April 2010<\/a><\/td>\n<\/tr>\n<tr class=\"row-174\">\n\t<td class=\"column-1\"><a href=\"https:\/\/khd.at\/wp-content\/uploads\/2020\/07\/gedenkversndtzltung-cilli-kleine-zeitung--29-09-14.pdf\">Gedenkversndtzltung Cilli Kleine Zeitung  29 09 14<\/a><\/td>\n<\/tr>\n<tr class=\"row-175\">\n\t<td class=\"column-1\"><a href=\"https:\/\/khd.at\/wp-content\/uploads\/2020\/07\/gemeinsame-erklrung-8.-oktober-2014-unterfertigt-von-den-koordinatoren.pdf\">Gemeinsame Erklrung 8. Oktober 2014 Unterfertigt Von Den Koordinatoren<\/a><\/td>\n<\/tr>\n<tr class=\"row-176\">\n\t<td class=\"column-1\"><a href=\"https:\/\/khd.at\/wp-content\/uploads\/2020\/07\/gemeinsame-erklrung-der-sterreichisch-slowenischen-arbeitsgruppe.pdf\">Gemeinsame Erklrung Der Sterreichisch Slowenischen Arbeitsgruppe<\/a><\/td>\n<\/tr>\n<tr class=\"row-177\">\n\t<td class=\"column-1\"><a href=\"https:\/\/khd.at\/wp-content\/uploads\/2020\/07\/Gemeinsames-Bekenntnis-der-Jugend-Einschaltung-Kleine-Zeitung-14-10-17.pdf\">Gemeinsames Bekenntnis Der Jugend Einschaltung Kleine Zeitung 14 10 17<\/a><\/td>\n<\/tr>\n<tr class=\"row-178\">\n\t<td class=\"column-1\"><a href=\"https:\/\/khd.at\/wp-content\/uploads\/2020\/07\/Gemeinsames-Gedenken-an-die-Opfer-des-I.-Weltkriegs-Bericht-NOVICE.pdf\">Gemeinsames Gedenken An Die Opfer Des I. Weltkriegs Bericht Novice<\/a><\/td>\n<\/tr>\n<tr class=\"row-179\">\n\t<td class=\"column-1\"><a href=\"https:\/\/khd.at\/wp-content\/uploads\/2020\/07\/Gemeinsames-Opfergedenken-2015-Bericht-KLEINE-ZEITUNG-.pdf\">Gemeinsames Opfergedenken 2015 Bericht Kleine Zeitung <\/a><\/td>\n<\/tr>\n<tr class=\"row-180\">\n\t<td class=\"column-1\"><a href=\"https:\/\/khd.at\/wp-content\/uploads\/2020\/07\/Gemeinsames-Opfergedenken-2015-EINLADUNG-deutsch-und-slowenisch.pdf\">Gemeinsames Opfergedenken 2015 Einladung Deutsch Und Slowenisch<\/a><\/td>\n<\/tr>\n<tr class=\"row-181\">\n\t<td class=\"column-1\"><a href=\"https:\/\/khd.at\/wp-content\/uploads\/2020\/07\/Gemeinsames-Opfergedenken-2015-Vlkermarkt-Kleine-Zeitung-.pdf\">Gemeinsames Opfergedenken 2015 V\u00f6lkermarkt Kleine Zeitung <\/a><\/td>\n<\/tr>\n<tr class=\"row-182\">\n\t<td class=\"column-1\"><a href=\"https:\/\/khd.at\/wp-content\/uploads\/2020\/07\/Gemeinsames-Opfergedenken-2017-Voelkermarkt-ERKLAERUNG-Jug-und-Freithofnig.docx\">Gemeinsames Opfergedenken 2017 Voelkermarkt Erklaerung Jug Und Freithofnig.Docx<\/a><\/td>\n<\/tr>\n<tr class=\"row-183\">\n\t<td class=\"column-1\"><a href=\"https:\/\/khd.at\/wp-content\/uploads\/2020\/07\/gemeinsames-opfergedenken-9.-oktober-2014-einladung-deutsch-und-slowenisch.pdf\">Gemeinsames Opfergedenken 9. Oktober 2014 Einladung Deutsch Und Slowenisch<\/a><\/td>\n<\/tr>\n<tr class=\"row-184\">\n\t<td class=\"column-1\"><a href=\"https:\/\/khd.at\/wp-content\/uploads\/2020\/07\/gemeinsames-opfergedenken-liescha-und-klagenfurt-19-12-14-bericht-kleine-zeitung.pdf\">Gemeinsames Opfergedenken Liescha Und Klagenfurt 19 12 14 Bericht Kleine Zeitung<\/a><\/td>\n<\/tr>\n<tr class=\"row-185\">\n\t<td class=\"column-1\"><a href=\"https:\/\/khd.at\/wp-content\/uploads\/2020\/07\/gemeinsames-opfergedenken-rede-feldner-15.-05.-2009-und-sturm-21.-05.-2009.pdf\">Gemeinsames Opfergedenken Rede Feldner 15. 05. 2009 Und Sturm 21. 05. 2009<\/a><\/td>\n<\/tr>\n<tr class=\"row-186\">\n\t<td class=\"column-1\"><a href=\"https:\/\/khd.at\/wp-content\/uploads\/2020\/07\/gemeinsames-opfergedenken-und-pressekonferenz-berichte-presse-und-orf.pdf\">Gemeinsames Opfergedenken Und Pressekonferenz Berichte Presse Und Orf<\/a><\/td>\n<\/tr>\n<tr class=\"row-187\">\n\t<td class=\"column-1\"><a href=\"https:\/\/khd.at\/wp-content\/uploads\/2020\/07\/Gemeinsames-Opfergedenken-und-Steinacher-Gedenken-Medienberichte-2017.pdf\">Gemeinsames Opfergedenken Und Steinacher Gedenken Medienberichte 2017<\/a><\/td>\n<\/tr>\n<tr class=\"row-188\">\n\t<td class=\"column-1\"><a href=\"https:\/\/khd.at\/wp-content\/uploads\/2020\/07\/Gemeinsames-Opfergedenken-Vlkermarkt-2016-Bericht-KLEINE-ZEITUNG.pdf\">Gemeinsames Opfergedenken V\u00f6lkermarkt 2016 Bericht Kleine Zeitung<\/a><\/td>\n<\/tr>\n<tr class=\"row-189\">\n\t<td class=\"column-1\"><a href=\"https:\/\/khd.at\/wp-content\/uploads\/2020\/07\/Gemeinsames-Opfergedenken-Vlkermarkt-2016-Bericht-WOCHE.pdf\">Gemeinsames Opfergedenken V\u00f6lkermarkt 2016 Bericht Woche<\/a><\/td>\n<\/tr>\n<tr class=\"row-190\">\n\t<td class=\"column-1\"><a href=\"https:\/\/khd.at\/wp-content\/uploads\/2020\/07\/Gemeinsames-Opfergedenken-Vlkermarkt-Einladung-Presse.pdf\">Gemeinsames Opfergedenken V\u00f6lkermarkt Einladung Presse<\/a><\/td>\n<\/tr>\n<tr class=\"row-191\">\n\t<td class=\"column-1\"><a href=\"https:\/\/khd.at\/wp-content\/uploads\/2020\/07\/gemeinsames-opfergedenken-weitere-presseberichte-oktober-2014.pdf\">Gemeinsames Opfergedenken Weitere Presseberichte Oktober 2014<\/a><\/td>\n<\/tr>\n<tr class=\"row-192\">\n\t<td class=\"column-1\"><a href=\"https:\/\/khd.at\/wp-content\/uploads\/2020\/07\/gottschee-besuch-bei-altsiedler-verein-1.-juni-2013-bericht-kleine-zeitung.pdf\">Gottschee Besuch Bei Altsiedler Verein 1. Juni 2013 Bericht Kleine Zeitung<\/a><\/td>\n<\/tr>\n<tr class=\"row-193\">\n\t<td class=\"column-1\"><a href=\"https:\/\/khd.at\/wp-content\/uploads\/2020\/07\/gottschee-khd-untersttzt-gottscheer-august-2013.pdf\">Gottschee Khd Untersttzt Gottscheer August 2013<\/a><\/td>\n<\/tr>\n<tr class=\"row-194\">\n\t<td class=\"column-1\"><a href=\"https:\/\/khd.at\/wp-content\/uploads\/2020\/07\/grundsatzerklrung-khd-august-2012-geben-statt-nehmen.pdf\">Grundsatzerklrung Khd August 2012 Geben Statt Nehmen<\/a><\/td>\n<\/tr>\n<tr class=\"row-195\">\n\t<td class=\"column-1\"><a href=\"https:\/\/khd.at\/wp-content\/uploads\/2020\/07\/Gsttner--Beitrag-Kleine-Zeitung-09-04-19-.pdf\">Gsttner  Beitrag Kleine Zeitung 09 04 19 <\/a><\/td>\n<\/tr>\n<tr class=\"row-196\">\n\t<td class=\"column-1\"><a href=\"https:\/\/khd.at\/wp-content\/uploads\/2020\/07\/Gsttner-Egyd-Beitrag-Kleine-Zeitung-09-04-19-.pdf\">Gsttner Egyd Beitrag Kleine Zeitung 09 04 19 <\/a><\/td>\n<\/tr>\n<tr class=\"row-197\">\n\t<td class=\"column-1\"><a href=\"https:\/\/khd.at\/wp-content\/uploads\/2020\/07\/haring-interview-kleine-zeitung-08-03-12.pdf\">Haring Interview Kleine Zeitung 08 03 12<\/a><\/td>\n<\/tr>\n<tr class=\"row-198\">\n\t<td class=\"column-1\"><a href=\"https:\/\/khd.at\/wp-content\/uploads\/2020\/07\/heimatdienst-untersttzt-deutsche-volksgruppe-in-slowenien.pdf\">Heimatdienst Untersttzt Deutsche Volksgruppe In Slowenien<\/a><\/td>\n<\/tr>\n<tr class=\"row-199\">\n\t<td class=\"column-1\"><a href=\"https:\/\/khd.at\/wp-content\/uploads\/2020\/07\/heimatdienst-wird-sich-an-der-gestaltung-der-landesfeier-2013-beteiligen-kleine-zeitung-20-09-13.pdf\">Heimatdienst Wird Sich An Der Gestaltung Der Landesfeier 2013 Beteiligen Kleine Zeitung 20 09 13<\/a><\/td>\n<\/tr>\n<tr class=\"row-200\">\n\t<td class=\"column-1\"><a href=\"https:\/\/khd.at\/wp-content\/uploads\/2020\/07\/hilferuf-an-auenminister-kurz-mit-ablehnender-antwort-ministerium.pdf\">Hilferuf An Auenminister Kurz Mit Ablehnender Antwort Ministerium<\/a><\/td>\n<\/tr>\n<tr class=\"row-201\">\n\t<td class=\"column-1\"><a href=\"https:\/\/khd.at\/wp-content\/uploads\/2020\/07\/historikerbericht-prsentation-15.-april-2015-pressespiegel.pdf\">Historikerbericht Prsentation 15. April 2015 Pressespiegel<\/a><\/td>\n<\/tr>\n<tr class=\"row-202\">\n\t<td class=\"column-1\"><a href=\"https:\/\/khd.at\/wp-content\/uploads\/2020\/07\/hopgarten-slowakei-3.000-euro-fuer-deutsche-schule-juni-2013.pdf\">Hopgarten Slowakei 3.000 Euro Fuer Deutsche Schule Juni 2013<\/a><\/td>\n<\/tr>\n<tr class=\"row-203\">\n\t<td class=\"column-1\"><a href=\"https:\/\/khd.at\/wp-content\/uploads\/2020\/07\/hv-2009-resolution.doc\">Hv 2009 Resolution.Doc<\/a><\/td>\n<\/tr>\n<tr class=\"row-204\">\n\t<td class=\"column-1\"><a href=\"https:\/\/khd.at\/wp-content\/uploads\/2020\/07\/HV-2016-Entschlieung.pdf\">Hv 2016 Entschlieung<\/a><\/td>\n<\/tr>\n<tr class=\"row-205\">\n\t<td class=\"column-1\"><a href=\"https:\/\/khd.at\/wp-content\/uploads\/2020\/07\/HV-2016-Weitere-Presseberichte.pdf\">Hv 2016 Weitere Presseberichte<\/a><\/td>\n<\/tr>\n<tr class=\"row-206\">\n\t<td class=\"column-1\"><a href=\"https:\/\/khd.at\/wp-content\/uploads\/2020\/07\/HV-2018-Entschlieung-Einschaltung-KLEINE-ZEITUNG.pdf\">Hv 2018 Entschlieung Einschaltung Kleine Zeitung<\/a><\/td>\n<\/tr>\n<tr class=\"row-207\">\n\t<td class=\"column-1\"><a href=\"https:\/\/khd.at\/wp-content\/uploads\/2020\/07\/index.html\">Index.Html<\/a><\/td>\n<\/tr>\n<tr class=\"row-208\">\n\t<td class=\"column-1\"><a href=\"https:\/\/khd.at\/wp-content\/uploads\/2020\/07\/inserat-kleine-zeitung-6.-april-2013.pdf\">Inserat Kleine Zeitung 6. April 2013<\/a><\/td>\n<\/tr>\n<tr class=\"row-209\">\n\t<td class=\"column-1\"><a href=\"https:\/\/khd.at\/wp-content\/uploads\/2020\/07\/internet-khd-seite-hervorhebujngen-und-kurzkommentare-seit-mrz-2010.pdf\">Internet Khd Seite Hervorhebujngen Und Kurzkommentare Seit Mrz 2010<\/a><\/td>\n<\/tr>\n<tr class=\"row-210\">\n\t<td class=\"column-1\"><a href=\"https:\/\/khd.at\/wp-content\/uploads\/2020\/07\/Islamische-Religionsgemeinde-Begegnung-Statement-Feldner-27-01-18.pdf\">Islamische Religionsgemeinde Begegnung Statement Feldner 27 01 18<\/a><\/td>\n<\/tr>\n<tr class=\"row-211\">\n\t<td class=\"column-1\"><a href=\"https:\/\/khd.at\/wp-content\/uploads\/2020\/07\/jordan-beitrag-opfergedenken-mai-2015.pdf\">Jordan Beitrag Opfergedenken Mai 2015<\/a><\/td>\n<\/tr>\n<tr class=\"row-212\">\n\t<td class=\"column-1\"><a href=\"https:\/\/khd.at\/wp-content\/uploads\/2020\/07\/jordan-obmann-stellvertreter-beim-jubilum-jauntaler-trachtengruppe-august-2012.pdf\">Jordan Obmann Stellvertreter Beim Jubil\u00e4um Jauntaler Trachtengruppe August 2012<\/a><\/td>\n<\/tr>\n<tr class=\"row-213\">\n\t<td class=\"column-1\"><a href=\"https:\/\/khd.at\/wp-content\/uploads\/2020\/07\/jubilaeumsveranstaltungen-2010-leitartikel-kaerntner-krone-und-reaktion-feldner-11.-august-2010.pdf\">Jubilaeumsveranstaltungen 2010 Leitartikel Kaerntner Krone Und Reaktion Feldner 11. August 2010<\/a><\/td>\n<\/tr>\n<tr class=\"row-214\">\n\t<td class=\"column-1\"><a href=\"https:\/\/khd.at\/wp-content\/uploads\/2020\/07\/jubilaeumsveranstaltungen-2010-nun-auch-khd-im-festkomitee-kaerntner-tageszeitung-13.-mrz-2010.pdf\">Jubilaeumsveranstaltungen 2010 Nun Auch Khd Im Festkomitee Kaerntner Tageszeitung 13. Mrz 2010<\/a><\/td>\n<\/tr>\n<tr class=\"row-215\">\n\t<td class=\"column-1\"><a href=\"https:\/\/khd.at\/wp-content\/uploads\/2020\/07\/jubilaeumsveranstaltungen-2010-pro-und-contra-dobernig-kaerntner-krone.pdf\">Jubilaeumsveranstaltungen 2010 Pro Und Contra Dobernig Kaerntner Krone<\/a><\/td>\n<\/tr>\n<tr class=\"row-216\">\n\t<td class=\"column-1\"><a href=\"https:\/\/khd.at\/wp-content\/uploads\/2020\/07\/jubilum-2010-vor-90-jahren-entstand-der-heimatdienst-kleine-zeitung-10.-mrz-2010.pdf\">Jubil\u00e4um 2010 Vor 90 Jahren Entstand Der Heimatdienst Kleine Zeitung 10. Mrz 2010<\/a><\/td>\n<\/tr>\n<tr class=\"row-217\">\n\t<td class=\"column-1\"><a href=\"https:\/\/khd.at\/wp-content\/uploads\/2020\/07\/jubilumsjahr-2010-arge-entgleisung-des-landes-archivdirektors-mit-reaktionen-kleine-zeitung-10.-mrz-2010.pdf\">Jubil\u00e4umsjahr 2010 Arge Entgleisung Des Landes Archivdirektors Mit Reaktionen Kleine Zeitung 10. Mrz 2010<\/a><\/td>\n<\/tr>\n<tr class=\"row-218\">\n\t<td class=\"column-1\"><a href=\"https:\/\/khd.at\/wp-content\/uploads\/2020\/07\/jubilumsjahr-2010-khd-weist-attacken-des-landes-archivdirektors-zurck-kleine-zeitung-11.-mrz-2010.pdf\">Jubil\u00e4umsjahr 2010 Khd Weist Attacken Des Landes Archivdirektors Zurck Kleine Zeitung 11. Mrz 2010<\/a><\/td>\n<\/tr>\n<tr class=\"row-219\">\n\t<td class=\"column-1\"><a href=\"https:\/\/khd.at\/wp-content\/uploads\/2020\/07\/jubilumsjahr-2010-medienberichte-ber-haus-des-dialogs-und-buch.pdf\">Jubil\u00e4umsjahr 2010 Medienberichte Ber Haus Des Dialogs Und Buch<\/a><\/td>\n<\/tr>\n<tr class=\"row-220\">\n\t<td class=\"column-1\"><a href=\"https:\/\/khd.at\/wp-content\/uploads\/2020\/07\/jubilumssveranstaltungen-2010-herzogstuhl-angriffe-gegen-khd-11-0910.pdf\">Jubil\u00e4umssveranstaltungen 2010 Herzogstuhl Angriffe Gegen Khd 11 0910<\/a><\/td>\n<\/tr>\n<tr class=\"row-221\">\n\t<td class=\"column-1\"><a href=\"https:\/\/khd.at\/wp-content\/uploads\/2020\/07\/jubilumsveranstaltungen-2010-ausschluss-khd-leserbriefe-29.-november-2009.pdf\">Jubilaeumsveranstaltungen 2010 Ausschluss Khd Leserbriefe 29. November 2009<\/a><\/td>\n<\/tr>\n<tr class=\"row-222\">\n\t<td class=\"column-1\"><a href=\"https:\/\/khd.at\/wp-content\/uploads\/2020\/07\/jubilumsveranstaltungen-2010-ausschluss-khd.pdf\">Jubilaeumsveranstaltungen 2010 Ausschluss Khd<\/a><\/td>\n<\/tr>\n<tr class=\"row-223\">\n\t<td class=\"column-1\"><a href=\"https:\/\/khd.at\/wp-content\/uploads\/2020\/07\/jubilumsveranstaltungen-2010-ausschluss-khd-politikerkommentare-06-09-10.pdf\">Jubilaeumsveranstaltungen 2010 Ausschluss Khd Politikerkommentare 06 09 10<\/a><\/td>\n<\/tr>\n<tr class=\"row-224\">\n\t<td class=\"column-1\"><a href=\"https:\/\/khd.at\/wp-content\/uploads\/2020\/07\/jubilumsveranstaltungen-2010-ausschluss-khd-pressemeldungen-7-september-2010.pdf\">Jubilaeumsveranstaltungen 2010 Ausschluss Khd Pressemeldungen 7 September 2010<\/a><\/td>\n<\/tr>\n<tr class=\"row-225\">\n\t<td class=\"column-1\"><a href=\"https:\/\/khd.at\/wp-content\/uploads\/2020\/07\/jubilumsveranstaltungen-2010-ausschluss-khd-reaktionen-27.-november-2009.pdf\">Jubilaeumsveranstaltungen 2010 Ausschluss Khd Reaktionen 27. November 2009<\/a><\/td>\n<\/tr>\n<tr class=\"row-226\">\n\t<td class=\"column-1\"><a href=\"https:\/\/khd.at\/wp-content\/uploads\/2020\/07\/jubilumsveranstaltungen-2010-ausschluss-khd-von-mitgestaltung-weitere-leserbriefe.pdf\">Jubilaeumsveranstaltungen 2010 Ausschluss Khd Von Mitgestaltung Weitere Leserbriefe<\/a><\/td>\n<\/tr>\n<tr class=\"row-227\">\n\t<td class=\"column-1\"><a href=\"https:\/\/khd.at\/wp-content\/uploads\/2020\/07\/jubilumsveranstaltungen-2010-dobernig-attackiert-feldner-in-bezahlter-einschaltung-reaktion-feldner-23-09-10.pdf\">Jubilaeumsveranstaltungen 2010 Dobernig Attackiert Feldner In Bezahlter Einschaltung Reaktion Feldner 23 09 10<\/a><\/td>\n<\/tr>\n<tr class=\"row-228\">\n\t<td class=\"column-1\"><a href=\"https:\/\/khd.at\/wp-content\/uploads\/2020\/07\/jubilumsveranstaltungen-2010-dobernig-beharrt-auf-ausschluss-khd-27.-juli-2010.pdf\">Jubilaeumsveranstaltungen 2010 Dobernig Beharrt Auf Ausschluss Khd 27. Juli 2010<\/a><\/td>\n<\/tr>\n<tr class=\"row-229\">\n\t<td class=\"column-1\"><a href=\"https:\/\/khd.at\/wp-content\/uploads\/2020\/07\/jubilumsveranstaltungen-2010-dobernig-bremst-heimatdienst-bei-den-oktoberfeiern-aus.-kleine-zeitung-und-orf-28.-juli-2010.pdf\">Jubilaeumsveranstaltungen 2010 Dobernig Bremst Heimatdienst Bei Den Oktoberfeiern Aus. Kleine Zeitung Und Orf 28. Juli 2010<\/a><\/td>\n<\/tr>\n<tr class=\"row-230\">\n\t<td class=\"column-1\"><a href=\"https:\/\/khd.at\/wp-content\/uploads\/2020\/07\/jubilumsveranstaltungen-2010-dobernig-in-der-kleinen-zeitung-stur-gegen-khd.-feldner-antwortet.pdf\">Jubilaeumsveranstaltungen 2010 Dobernig In Der Kleinen Zeitung Stur Gegen Khd. Feldner Antwortet<\/a><\/td>\n<\/tr>\n<tr class=\"row-231\">\n\t<td class=\"column-1\"><a href=\"https:\/\/khd.at\/wp-content\/uploads\/2020\/07\/jubilumsveranstaltungen-2010-dobernig-lehnt-khd-weiter-ab.-khd-ruft-nach-landtag.-kleine-zeitung-und-ktz-29.-juli-2010.pdf\">Jubilaeumsveranstaltungen 2010 Dobernig Lehnt Khd Weiter Ab. Khd Ruft Nach Landtag. Kleine Zeitung Und Ktz 29. Juli 2010<\/a><\/td>\n<\/tr>\n<tr class=\"row-232\">\n\t<td class=\"column-1\"><a href=\"https:\/\/khd.at\/wp-content\/uploads\/2020\/07\/jubilumsveranstaltungen-2010-drfler-attackiert-feldner.-khd-sagt-teilnahme-an-jubilumsfeierlichkeiten-ab.-pressemedlungen-04-09-10.pdf\">Jubilaeumsveranstaltungen 2010 Drfler Attackiert Feldner. Khd Sagt Teilnahme An Jubil\u00e4umsfeierlichkeiten Ab. Pressemedlungen 04 09 10<\/a><\/td>\n<\/tr>\n<tr class=\"row-233\">\n\t<td class=\"column-1\"><a href=\"https:\/\/khd.at\/wp-content\/uploads\/2020\/07\/jubilumsveranstaltungen-2010-eberhard-veranstaltuing-in-villach-02-10-10.pdf\">Jubilaeumsveranstaltungen 2010 Eberhard Veranstaltuing In Villach 02 10 10<\/a><\/td>\n<\/tr>\n<tr class=\"row-234\">\n\t<td class=\"column-1\"><a href=\"https:\/\/khd.at\/wp-content\/uploads\/2020\/07\/jubilumsveranstaltungen-2010-eberhart-disskussion-02-10-10-villach.pdf\">Jubilaeumsveranstaltungen 2010 Eberhart Disskussion 02 10 10 Villach<\/a><\/td>\n<\/tr>\n<tr class=\"row-235\">\n\t<td class=\"column-1\"><a href=\"https:\/\/khd.at\/wp-content\/uploads\/2020\/07\/jubilumsveranstaltungen-2010-feldner-antwortet-drfler-in-der-kleinen-zeitung-06-09-10.pdf\">Jubilaeumsveranstaltungen 2010 Feldner Antwortet Drfler In Der Kleinen Zeitung 06 09 10<\/a><\/td>\n<\/tr>\n<tr class=\"row-236\">\n\t<td class=\"column-1\"><a href=\"https:\/\/khd.at\/wp-content\/uploads\/2020\/07\/jubilumsveranstaltungen-2010.-fpk-weitere-attacken-gegen-khd-pressemeldungen-05-09-10.pdf\">Jubilaeumsveranstaltungen 2010. Fpk Weitere Attacken Gegen Khd Pressemeldungen 05 09 10<\/a><\/td>\n<\/tr>\n<tr class=\"row-237\">\n\t<td class=\"column-1\"><a href=\"https:\/\/khd.at\/wp-content\/uploads\/2020\/07\/jubilumsveranstaltungen-2010-khd-obmann-feldner-weist-attacken-von-dobernig-scharf-zurck.-presseaussendung-10.-august-2010.pdf\">Jubilaeumsveranstaltungen 2010 Khd Obmann Feldner Weist Attacken Von Dobernig Scharf Zurck. Presseaussendung 10. August 2010<\/a><\/td>\n<\/tr>\n<tr class=\"row-238\">\n\t<td class=\"column-1\"><a href=\"https:\/\/khd.at\/wp-content\/uploads\/2020\/07\/jubilumsveranstaltungen-2010-kleine-zeitung-berichtet-ber-aversionen-dobernig-gegen-khd.pdf\">Jubilaeumsveranstaltungen 2010 Kleine Zeitung Berichtet Ber Aversionen Dobernig Gegen Khd<\/a><\/td>\n<\/tr>\n<tr class=\"row-239\">\n\t<td class=\"column-1\"><a href=\"https:\/\/khd.at\/wp-content\/uploads\/2020\/07\/jubilumsveranstaltungen-2010-kleine-zeitung-schreibt-ber-aversionen-dobernig-gegen-khd.pdf\">Jubilaeumsveranstaltungen 2010 Kleine Zeitung Schreibt Ber Aversionen Dobernig Gegen Khd<\/a><\/td>\n<\/tr>\n<tr class=\"row-240\">\n\t<td class=\"column-1\"><a href=\"https:\/\/khd.at\/wp-content\/uploads\/2020\/07\/jubilumsveranstaltungen-2010-kommentar-und-leserbriefe-09-09-10.pdf\">Jubilaeumsveranstaltungen 2010 Kommentar Und Leserbriefe 09 09 10<\/a><\/td>\n<\/tr>\n<tr class=\"row-241\">\n\t<td class=\"column-1\"><a href=\"https:\/\/khd.at\/wp-content\/uploads\/2020\/07\/jubilumsveranstaltungen-2010-kritische-betrachtung-in-der-tageszeitung-die-presse.pdf\">Jubilaeumsveranstaltungen 2010 Kritische Betrachtung In Der Tageszeitung Die Presse<\/a><\/td>\n<\/tr>\n<tr class=\"row-242\">\n\t<td class=\"column-1\"><a href=\"https:\/\/khd.at\/wp-content\/uploads\/2020\/07\/jubilumsveranstaltungen-2010-labg.-schober-sp-und-lr-martinz-vp-fordern-einbindung-des-khd.pdf\">Jubilaeumsveranstaltungen 2010 Labg. Schober Sp Und Lr Martinz Vp Fordern Einbindung Des Khd<\/a><\/td>\n<\/tr>\n<tr class=\"row-243\">\n\t<td class=\"column-1\"><a href=\"https:\/\/khd.at\/wp-content\/uploads\/2020\/07\/jubilumsveranstaltungen-2010-leserbrief-jordan-kritik-an-dobernig-22-08-10.pdf\">Jubilaeumsveranstaltungen 2010 Leserbrief Jordan Kritik An Dobernig 22 08 10<\/a><\/td>\n<\/tr>\n<tr class=\"row-244\">\n\t<td class=\"column-1\"><a href=\"https:\/\/khd.at\/wp-content\/uploads\/2020\/07\/jubilumsveranstaltungen-2010-lr-dobernig-schliet-verstndigungsbereiten-khd--von-mitwirkung-aus-21.-juli-2010.pdf\">Jubilaeumsveranstaltungen 2010 Lr Dobernig Schliet Verstndigungsbereiten Khd  Von Mitwirkung Aus 21. Juli 2010<\/a><\/td>\n<\/tr>\n<tr class=\"row-245\">\n\t<td class=\"column-1\"><a href=\"https:\/\/khd.at\/wp-content\/uploads\/2020\/07\/jubilumsveranstaltungen-2010-neuerliche-medienkritik-an-fpk-politiker-26-09-10.pdf\">Jubilaeumsveranstaltungen 2010 Neuerliche Medienkritik An Fpk Politiker 26 09 10<\/a><\/td>\n<\/tr>\n<tr class=\"row-246\">\n\t<td class=\"column-1\"><a href=\"https:\/\/khd.at\/wp-content\/uploads\/2020\/07\/jubilumsveranstaltungen-2010-scharfmacher-dobernig-kleine-zeitung-11.-august-2010.pdf\">Jubilaeumsveranstaltungen 2010 Scharfmacher Dobernig Kleine Zeitung 11. August 2010<\/a><\/td>\n<\/tr>\n<tr class=\"row-247\">\n\t<td class=\"column-1\"><a href=\"https:\/\/khd.at\/wp-content\/uploads\/2020\/07\/jubilumsveranstaltungen-2010-veranstaltung-villach-und-kritik-an-ausgrenzung-khd.pdf\">Jubilaeumsveranstaltungen 2010 Veranstaltung Villach Und Kritik An Ausgrenzung Khd<\/a><\/td>\n<\/tr>\n<tr class=\"row-248\">\n\t<td class=\"column-1\"><a href=\"https:\/\/khd.at\/wp-content\/uploads\/2020\/07\/jubilumsveranstaltungen-2010-weitere-medienkritik-wegen-ausschluss-khd-22-09-10.pdf\">Jubilaeumsveranstaltungen 2010 Weitere Medienkritik Wegen Ausschluss Khd 22 09 10<\/a><\/td>\n<\/tr>\n<tr class=\"row-249\">\n\t<td class=\"column-1\"><a href=\"https:\/\/khd.at\/wp-content\/uploads\/2020\/07\/jubilumsveranstaltungen-2010-weitere-proteste-gegen-dobernig.pdf\">Jubilaeumsveranstaltungen 2010 Weitere Proteste Gegen Dobernig<\/a><\/td>\n<\/tr>\n<tr class=\"row-250\">\n\t<td class=\"column-1\"><a href=\"https:\/\/khd.at\/wp-content\/uploads\/2020\/07\/jubilumsveranstaltungen-2010-wieder-kritik-an-dobernig-25-09-10.pdf\">Jubilaeumsveranstaltungen 2010 Wieder Kritik An Dobernig 25 09 10<\/a><\/td>\n<\/tr>\n<tr class=\"row-251\">\n\t<td class=\"column-1\"><a href=\"https:\/\/khd.at\/wp-content\/uploads\/2020\/07\/jubilumsveranstsltungen-2010-slowenischer-kommentar-zu-attacken-gegen-feldner-novic-10-09-10.pdf\">Jubil\u00e4umsveranstsltungen 2010 Slowenischer Kommentar Zu Attacken Gegen Feldner Novic 10 09 10<\/a><\/td>\n<\/tr>\n<tr class=\"row-252\">\n\t<td class=\"column-1\"><a href=\"https:\/\/khd.at\/wp-content\/uploads\/2020\/07\/Jug-Manuel-Interview-Kleine-zeitung-Klarstellung-.pdf\">Jug Manuel Interview Kleine Zeitung Klarstellung <\/a><\/td>\n<\/tr>\n<tr class=\"row-253\">\n\t<td class=\"column-1\"><a href=\"https:\/\/khd.at\/wp-content\/uploads\/2020\/07\/Jug-Manuel-Obmann-ZSO-Interview-WOCHE-.pdf\">Jug Manuel Obmann Zso Interview Woche <\/a><\/td>\n<\/tr>\n<tr class=\"row-254\">\n\t<td class=\"column-1\"><a href=\"https:\/\/khd.at\/wp-content\/uploads\/2020\/07\/Jug-Manuel-Portrait-Kleine-Zeitung-26-02-19.pdf\">Jug Manuel Portrait Kleine Zeitung 26 02 19<\/a><\/td>\n<\/tr>\n<tr class=\"row-255\">\n\t<td class=\"column-1\"><a href=\"https:\/\/khd.at\/wp-content\/uploads\/2020\/07\/kab-angebot-von-khd-zur-zusammenarbeit-presseberichte-juli-2013.pdf\">Kab Angebot Von Khd Zur Zusammenarbeit Presseberichte Juli 2013<\/a><\/td>\n<\/tr>\n<tr class=\"row-256\">\n\t<td class=\"column-1\"><a href=\"https:\/\/khd.at\/wp-content\/uploads\/2020\/07\/kab-bleibt-unvershnlich-5.-september-2013.pdf\">Kab Bleibt Unvershnlich 5. September 2013<\/a><\/td>\n<\/tr>\n<tr class=\"row-257\">\n\t<td class=\"column-1\"><a href=\"https:\/\/khd.at\/wp-content\/uploads\/2020\/07\/kab-gesprchsangebot-08-07-09.pdf\">Kab Gesprchsangebot 08 07 09<\/a><\/td>\n<\/tr>\n<tr class=\"row-258\">\n\t<td class=\"column-1\"><a href=\"https:\/\/khd.at\/wp-content\/uploads\/2020\/07\/kab-gesprchsangebot-an-schretter-unbeantwortet-kleine-zeitung-11.-november-2009.pdf\">Kab Gesprchsangebot An Schretter Unbeantwortet Kleine Zeitung 11. November 2009<\/a><\/td>\n<\/tr>\n<tr class=\"row-259\">\n\t<td class=\"column-1\"><a href=\"https:\/\/khd.at\/wp-content\/uploads\/2020\/07\/kab-krmpfer-gegen-windmhlen-standard-24-03-11.pdf\">Kab Krmpfer Gegen Windmhlen Standard 24 03 11<\/a><\/td>\n<\/tr>\n<tr class=\"row-260\">\n\t<td class=\"column-1\"><a href=\"https:\/\/khd.at\/wp-content\/uploads\/2020\/07\/kab-militrkommandant-bleibt-bei-absage-an-schretter-05-11-2009.pdf\">Kab Militrkommandant Bleibt Bei Absage An Schretter 05 11 2009<\/a><\/td>\n<\/tr>\n<tr class=\"row-261\">\n\t<td class=\"column-1\"><a href=\"https:\/\/khd.at\/wp-content\/uploads\/2020\/07\/kab-militrkommandant-bt-heftige-kritik-an-schretter-bis-31-10-09.pdf\">Kab Militrkommandant Bt Heftige Kritik An Schretter Bis 31 10 09<\/a><\/td>\n<\/tr>\n<tr class=\"row-262\">\n\t<td class=\"column-1\"><a href=\"https:\/\/khd.at\/wp-content\/uploads\/2020\/07\/kab-militrkommandant-spath-bt-heftige-kritik-an-schretter-oktober-2009.pdf\">Kab Militrkommandant Spath Bt Heftige Kritik An Schretter Oktober 2009<\/a><\/td>\n<\/tr>\n<tr class=\"row-263\">\n\t<td class=\"column-1\"><a href=\"https:\/\/khd.at\/wp-content\/uploads\/2020\/07\/kaernten-erklrung-der-partnerschaft-unser-krnten-2007.pdf\">Kaernten Erklrung Der Partnerschaft Unser Krnten 2007<\/a><\/td>\n<\/tr>\n<tr class=\"row-264\">\n\t<td class=\"column-1\"><a href=\"https:\/\/khd.at\/wp-content\/uploads\/2020\/07\/kaernten-erklrung-der-partnerschaft-unser-krnten.pdf\">Kaernten Erklrung Der Partnerschaft Unser Krnten<\/a><\/td>\n<\/tr>\n<tr class=\"row-265\">\n\t<td class=\"column-1\"><a href=\"https:\/\/khd.at\/wp-content\/uploads\/2020\/07\/kaernten-hat-keine-politischen-ziele-mehr-krntner-tageszeitung-24.-jnner-2010.pdf\">Kaernten Hat Keine Politischen Ziele Mehr K\u00e4rntner Tageszeitung 24. Jnner 2010<\/a><\/td>\n<\/tr>\n<tr class=\"row-266\">\n\t<td class=\"column-1\"><a href=\"https:\/\/khd.at\/wp-content\/uploads\/2020\/07\/Kaernten-hat-sich-verndert-Bericht-SN-mit-Interview-Feldner-03-03-18.pdf\">Kaernten Hat Sich Verndert Bericht Sn Mit Interview Feldner 03 03 18<\/a><\/td>\n<\/tr>\n<tr class=\"row-267\">\n\t<td class=\"column-1\"><a href=\"https:\/\/khd.at\/wp-content\/uploads\/2020\/07\/kaernten-liegt-am-meer-buchprsentation-wien-pressemeldungen-18-02-12.pdf\">Kaernten Liegt Am Meer Buchprsentation Wien Pressemeldungen 18 02 12<\/a><\/td>\n<\/tr>\n<tr class=\"row-268\">\n\t<td class=\"column-1\"><a href=\"https:\/\/khd.at\/wp-content\/uploads\/2020\/07\/kaernten-liegt-am-meer-buchrezensionen-07-03-12.pdf\">Kaernten Liegt Am Meer Buchrezensionen 07 03 12<\/a><\/td>\n<\/tr>\n<tr class=\"row-269\">\n\t<td class=\"column-1\"><a href=\"https:\/\/khd.at\/wp-content\/uploads\/2020\/07\/kaernten-liegt-am-meer-kleine-zeitung-16-02-12.pdf\">Kaernten Liegt Am Meer Kleine Zeitung 16 02 12<\/a><\/td>\n<\/tr>\n<tr class=\"row-270\">\n\t<td class=\"column-1\"><a href=\"https:\/\/khd.at\/wp-content\/uploads\/2020\/07\/kaernten-liegt-am-meer-weitere-buchrezensionen-10-03-12.pdf\">Kaernten Liegt Am Meer Weitere Buchrezensionen 10 03 12<\/a><\/td>\n<\/tr>\n<tr class=\"row-271\">\n\t<td class=\"column-1\"><a href=\"https:\/\/khd.at\/wp-content\/uploads\/2020\/07\/kaerntner_dezember_2008.pdf\">Kaerntner_Dezember_2008<\/a><\/td>\n<\/tr>\n<tr class=\"row-272\">\n\t<td class=\"column-1\"><a href=\"https:\/\/khd.at\/wp-content\/uploads\/2020\/07\/kaerntner_dezember_2009.pdf\">Kaerntner_Dezember_2009<\/a><\/td>\n<\/tr>\n<tr class=\"row-273\">\n\t<td class=\"column-1\"><a href=\"https:\/\/khd.at\/wp-content\/uploads\/2020\/07\/kaerntner_dezember_2009ps.pdf\">Kaerntner_Dezember_2009Ps<\/a><\/td>\n<\/tr>\n<tr class=\"row-274\">\n\t<td class=\"column-1\"><a href=\"https:\/\/khd.at\/wp-content\/uploads\/2020\/07\/kaerntner_dezember_2010.pdf\">Kaerntner_Dezember_2010<\/a><\/td>\n<\/tr>\n<tr class=\"row-275\">\n\t<td class=\"column-1\"><a href=\"https:\/\/khd.at\/wp-content\/uploads\/2020\/07\/kaerntner-juli_2009.pdf\">Kaerntner Juli_2009<\/a><\/td>\n<\/tr>\n<tr class=\"row-276\">\n\t<td class=\"column-1\"><a href=\"https:\/\/khd.at\/wp-content\/uploads\/2020\/07\/kaerntner-landsmannschaft-glckwnsche-von-josef-feldner-20.-februar-2010.pdf\">Kaerntner Landsmannschaft Glckwnsche Von Josef Feldner 20. Februar 2010<\/a><\/td>\n<\/tr>\n<tr class=\"row-277\">\n\t<td class=\"column-1\"><a href=\"https:\/\/khd.at\/wp-content\/uploads\/2020\/07\/kaerntner-landsmannschaft-stritzl-nachlese-zu-100-jahr-jubilum.pdf\">Kaerntner Landsmannschaft Stritzl Nachlese Zu 100 Jahr Jubil\u00e4um<\/a><\/td>\n<\/tr>\n<tr class=\"row-278\">\n\t<td class=\"column-1\"><a href=\"https:\/\/khd.at\/wp-content\/uploads\/2020\/07\/kaerntner_mai_2010-2.pdf\">Kaerntner_Mai_2010 2<\/a><\/td>\n<\/tr>\n<tr class=\"row-279\">\n\t<td class=\"column-1\"><a href=\"https:\/\/khd.at\/wp-content\/uploads\/2020\/07\/kaerntner_mai_2011.pdf\">Kaerntner_Mai_2011<\/a><\/td>\n<\/tr>\n<tr class=\"row-280\">\n\t<td class=\"column-1\"><a href=\"https:\/\/khd.at\/wp-content\/uploads\/2020\/07\/kaerntner_oktober_2009.pdf\">Kaerntner_Oktober_2009<\/a><\/td>\n<\/tr>\n<tr class=\"row-281\">\n\t<td class=\"column-1\"><a href=\"https:\/\/khd.at\/wp-content\/uploads\/2020\/07\/Kanaltaler-Kulturverein-KRONE-06-05-17-KHD-hilft.pdf\">Kanaltaler Kulturverein Krone 06 05 17 Khd Hilft<\/a><\/td>\n<\/tr>\n<tr class=\"row-282\">\n\t<td class=\"column-1\"><a href=\"https:\/\/khd.at\/wp-content\/uploads\/2020\/07\/Kanaltaler-Kulturverein-Unterstuetzung-durch-KHD--Bericht-KAERNTNER-KRONE.pdf\">Kanaltaler Kulturverein Unterstuetzung Durch Khd  Bericht Kaerntner Krone<\/a><\/td>\n<\/tr>\n<tr class=\"row-283\">\n\t<td class=\"column-1\"><a href=\"https:\/\/khd.at\/wp-content\/uploads\/2020\/07\/karner-anteil-an-loesung-ortstafelfrage-die-presse-04-12-12.pdf\">Karner Anteil An Loesung Ortstafelfrage Die Presse 04 12 12<\/a><\/td>\n<\/tr>\n<tr class=\"row-284\">\n\t<td class=\"column-1\"><a href=\"https:\/\/khd.at\/wp-content\/uploads\/2020\/07\/karner-ausgezeichnet-mai-2011.pdf\">Karner Ausgezeichnet Mai 2011<\/a><\/td>\n<\/tr>\n<tr class=\"row-285\">\n\t<td class=\"column-1\"><a href=\"https:\/\/khd.at\/wp-content\/uploads\/2020\/07\/karner-beitrag-zur-anerkennung-der-deutschen-in-slowenien-als-volksgruppe-august-2012.pdf\">Karner Beitrag Zur Anerkennung Der Deutschen In Slowenien Als Volksgruppe August 2012<\/a><\/td>\n<\/tr>\n<tr class=\"row-286\">\n\t<td class=\"column-1\"><a href=\"https:\/\/khd.at\/wp-content\/uploads\/2020\/07\/karner-dank-an-historiker-leserbrief-stritzl--kleine-zeitung-20-04-12.pdf\">Karner Dank An Historiker Leserbrief Stritzl  Kleine Zeitung 20 04 12<\/a><\/td>\n<\/tr>\n<tr class=\"row-287\">\n\t<td class=\"column-1\"><a href=\"https:\/\/khd.at\/wp-content\/uploads\/2020\/07\/karner-erhlt-ehrenzeichen-in-gold-der-stadt-vlkermarkt.pdf\">Karner Erhlt Ehrenzeichen In Gold Der Stadt V\u00f6lkermarkt<\/a><\/td>\n<\/tr>\n<tr class=\"row-288\">\n\t<td class=\"column-1\"><a href=\"https:\/\/khd.at\/wp-content\/uploads\/2020\/07\/karner-feiert-20-jahre-boltzmann-institut.pdf\">Karner Feiert 20 Jahre Boltzmann Institut<\/a><\/td>\n<\/tr>\n<tr class=\"row-289\">\n\t<td class=\"column-1\"><a href=\"https:\/\/khd.at\/wp-content\/uploads\/2020\/07\/karner-interview-sn-10.-jnner-2013.pdf\">Karner Interview Sn 10. Jnner 2013<\/a><\/td>\n<\/tr>\n<tr class=\"row-290\">\n\t<td class=\"column-1\"><a href=\"https:\/\/khd.at\/wp-content\/uploads\/2020\/07\/karner-nach-harvard-kleine-zeitung-15-02-11.pdf\">Karner Nach Harvard Kleine Zeitung 15 02 11<\/a><\/td>\n<\/tr>\n<tr class=\"row-291\">\n\t<td class=\"column-1\"><a href=\"https:\/\/khd.at\/wp-content\/uploads\/2020\/07\/karner-verleihung-ehrenzeichen-der-republik-uni-graz-11-05-11.pdf\">Karner Verleihung Ehrenzeichen Der Republik Uni Graz 11 05 11<\/a><\/td>\n<\/tr>\n<tr class=\"row-292\">\n\t<td class=\"column-1\"><a href=\"https:\/\/khd.at\/wp-content\/uploads\/2020\/07\/karner-zum-60er-bericht-kleine-zeitung-16-12-12.pdf\">Karner Zum 60Er Bericht Kleine Zeitung 16 12 12<\/a><\/td>\n<\/tr>\n<tr class=\"row-293\">\n\t<td class=\"column-1\"><a href=\"https:\/\/khd.at\/wp-content\/uploads\/2020\/07\/karpatenblatt-bericht-ber-khd-besuch-oktober-2013.pdf\">Karpatenblatt Bericht Ber Khd Besuch Oktober 2013<\/a><\/td>\n<\/tr>\n<tr class=\"row-294\">\n\t<td class=\"column-1\"><a href=\"https:\/\/khd.at\/wp-content\/uploads\/2020\/07\/khd-angeblich-finanzierung-durch-bundesnachrichtendienst-die-presse-6.-april-2010.pdf\">Khd Angeblich Finanzierung Durch Bundesnachrichtendienst Die Presse 6. April 2010<\/a><\/td>\n<\/tr>\n<tr class=\"row-295\">\n\t<td class=\"column-1\"><a href=\"https:\/\/khd.at\/wp-content\/uploads\/2020\/07\/khd_banner_orig.png\">Khd_Banner_Orig.Png<\/a><\/td>\n<\/tr>\n<tr class=\"row-296\">\n\t<td class=\"column-1\"><a href=\"https:\/\/khd.at\/wp-content\/uploads\/2020\/07\/khd-bietet-rat-vergleich-und-gesprch-an-pressespiegel-24.-mrz-2010.pdf\">Khd Bietet Rat Vergleich Und Gesprch An Pressespiegel 24. Mrz 2010<\/a><\/td>\n<\/tr>\n<tr class=\"row-297\">\n\t<td class=\"column-1\"><a href=\"https:\/\/khd.at\/wp-content\/uploads\/2020\/07\/khd-delegation-trifft-reprsentanten-der-slowenischen-parlamentspartei-sds-mrz-2015.pdf\">Khd Delegation Trifft Reprsentanten Der Slowenischen Parlamentspartei Sds Mrz 2015<\/a><\/td>\n<\/tr>\n<tr class=\"row-298\">\n\t<td class=\"column-1\"><a href=\"https:\/\/khd.at\/wp-content\/uploads\/2020\/07\/khd-delegation-trifft-shs-partei-bericht-zur-zeit-april-2015.pdf\">Khd Delegation Trifft Shs Partei Bericht Zur Zeit April 2015<\/a><\/td>\n<\/tr>\n<tr class=\"row-299\">\n\t<td class=\"column-1\"><a href=\"https:\/\/khd.at\/wp-content\/uploads\/2020\/07\/khd-feldner-ber-vershnung-kleine-zeitung-29.-juni-2010.pdf\">Khd Feldner Ber Vershnung Kleine Zeitung 29. Juni 2010<\/a><\/td>\n<\/tr>\n<tr class=\"row-300\">\n\t<td class=\"column-1\"><a href=\"https:\/\/khd.at\/wp-content\/uploads\/2020\/07\/khd-gesprch-mit-sds.-bericht-kronenzeitung-21.-mrz-2015.pdf\">Khd Gesprch Mit Sds. Bericht Kronenzeitung 21. Mrz 2015<\/a><\/td>\n<\/tr>\n<tr class=\"row-301\">\n\t<td class=\"column-1\"><a href=\"https:\/\/khd.at\/wp-content\/uploads\/2020\/07\/khd-gestaltet-wieder-landesfeier-presseberichte-8.-august-2013.pdf\">Khd Gestaltet Wieder Landesfeier Presseberichte 8. August 2013<\/a><\/td>\n<\/tr>\n<tr class=\"row-302\">\n\t<td class=\"column-1\"><a href=\"https:\/\/khd.at\/wp-content\/uploads\/2020\/07\/KHD-INTERN-April-2017.pdf\">Khd Intern April 2017<\/a><\/td>\n<\/tr>\n<tr class=\"row-303\">\n\t<td class=\"column-1\"><a href=\"https:\/\/khd.at\/wp-content\/uploads\/2020\/07\/khd-intern-august-2013.pdf\">Khd Intern August 2013<\/a><\/td>\n<\/tr>\n<tr class=\"row-304\">\n\t<td class=\"column-1\"><a href=\"https:\/\/khd.at\/wp-content\/uploads\/2020\/07\/KHD-INTERN-Dezember-2015.pdf\">Khd Intern Dezember 2015<\/a><\/td>\n<\/tr>\n<tr class=\"row-305\">\n\t<td class=\"column-1\"><a href=\"https:\/\/khd.at\/wp-content\/uploads\/2020\/07\/KHD-INTERN-Dezember-2016.pdf\">Khd Intern Dezember 2016<\/a><\/td>\n<\/tr>\n<tr class=\"row-306\">\n\t<td class=\"column-1\"><a href=\"https:\/\/khd.at\/wp-content\/uploads\/2020\/07\/KHD-INTERN-Dezember-2018.pdf\">Khd Intern Dezember 2018<\/a><\/td>\n<\/tr>\n<tr class=\"row-307\">\n\t<td class=\"column-1\"><a href=\"https:\/\/khd.at\/wp-content\/uploads\/2020\/07\/khd-intern-februar-2011.pdf\">Khd Intern Februar 2011<\/a><\/td>\n<\/tr>\n<tr class=\"row-308\">\n\t<td class=\"column-1\"><a href=\"https:\/\/khd.at\/wp-content\/uploads\/2020\/07\/khd-intern-februar-2012.pdf\">Khd Intern Februar 2012<\/a><\/td>\n<\/tr>\n<tr class=\"row-309\">\n\t<td class=\"column-1\"><a href=\"https:\/\/khd.at\/wp-content\/uploads\/2020\/07\/khd-intern-februar-2015-bericht-zur-zeit.pdf\">Khd Intern Februar 2015 Bericht Zur Zeit<\/a><\/td>\n<\/tr>\n<tr class=\"row-310\">\n\t<td class=\"column-1\"><a href=\"https:\/\/khd.at\/wp-content\/uploads\/2020\/07\/khd-intern-juli-2010.doc\">Khd Intern Juli 2010.Doc<\/a><\/td>\n<\/tr>\n<tr class=\"row-311\">\n\t<td class=\"column-1\"><a href=\"https:\/\/khd.at\/wp-content\/uploads\/2020\/07\/KHD-INTERN-Juni-2016.pdf\">Khd Intern Juni 2016<\/a><\/td>\n<\/tr>\n<tr class=\"row-312\">\n\t<td class=\"column-1\"><a href=\"https:\/\/khd.at\/wp-content\/uploads\/2020\/07\/KHD-INTERN-Mai-2020-Internet-.pdf\">Khd Intern Mai 2020 Internet <\/a><\/td>\n<\/tr>\n<tr class=\"row-313\">\n\t<td class=\"column-1\"><a href=\"https:\/\/khd.at\/wp-content\/uploads\/2020\/07\/khd-intern--mitteilungsblatt-febrauar-2015.pdf\">Khd Intern  Mitteilungsblatt Febrauar 2015<\/a><\/td>\n<\/tr>\n<tr class=\"row-314\">\n\t<td class=\"column-1\"><a href=\"https:\/\/khd.at\/wp-content\/uploads\/2020\/07\/khd-intern-mrz-2014.pdf\">Khd Intern Mrz 2014<\/a><\/td>\n<\/tr>\n<tr class=\"row-315\">\n\t<td class=\"column-1\"><a href=\"https:\/\/khd.at\/wp-content\/uploads\/2020\/07\/KHD-INTERN-Mrz-2016.pdf\">Khd Intern Mrz 2016<\/a><\/td>\n<\/tr>\n<tr class=\"row-316\">\n\t<td class=\"column-1\"><a href=\"https:\/\/khd.at\/wp-content\/uploads\/2020\/07\/KHD-INTERN-Mrz-2018-Internet.pdf\">Khd Intern Mrz 2018 Internet<\/a><\/td>\n<\/tr>\n<tr class=\"row-317\">\n\t<td class=\"column-1\"><a href=\"https:\/\/khd.at\/wp-content\/uploads\/2020\/07\/khd-intern-neustart-fuer-kaernten-februar-2010.pdf\">Khd Intern Neustart Fuer Kaernten Februar 2010<\/a><\/td>\n<\/tr>\n<tr class=\"row-318\">\n\t<td class=\"column-1\"><a href=\"https:\/\/khd.at\/wp-content\/uploads\/2020\/07\/KHD-INTERN-November-2017.pdf\">Khd Intern November 2017<\/a><\/td>\n<\/tr>\n<tr class=\"row-319\">\n\t<td class=\"column-1\"><a href=\"https:\/\/khd.at\/wp-content\/uploads\/2020\/07\/khd-intern-novembr-2014.pdf\">Khd Intern Novembr 2014<\/a><\/td>\n<\/tr>\n<tr class=\"row-320\">\n\t<td class=\"column-1\"><a href=\"https:\/\/khd.at\/wp-content\/uploads\/2020\/07\/khd-intern-ortstafeldiskussion-neu-aufgeflammt-februar-2010.pdf\">Khd Intern Ortstafeldiskussion Neu Aufgeflammt Februar 2010<\/a><\/td>\n<\/tr>\n<tr class=\"row-321\">\n\t<td class=\"column-1\"><a href=\"https:\/\/khd.at\/wp-content\/uploads\/2020\/07\/khd-intern-september-2012.pdf\">Khd Intern September 2012<\/a><\/td>\n<\/tr>\n<tr class=\"row-322\">\n\t<td class=\"column-1\"><a href=\"https:\/\/khd.at\/wp-content\/uploads\/2020\/07\/khd-protest-gegen-ausschluss-von-jubilaeumsfeiern-krntner-tageszeitung--und-kaerntner-krone-21.-juli-2010.pdf\">Khd Protest Gegen Ausschluss Von Jubilaeumsfeiern K\u00e4rntner Tageszeitung  Und Kaerntner Krone 21. Juli 2010<\/a><\/td>\n<\/tr>\n<tr class=\"row-323\">\n\t<td class=\"column-1\"><a href=\"https:\/\/khd.at\/wp-content\/uploads\/2020\/07\/KHD-Spende-an-notleidende-Kaerntner.-Heinz-Stritzl-feiert-95er-Berichte-KLEINE-ZEITUNG.pdf\">Khd Spende An Notleidende Kaerntner. Heinz Stritzl Feiert 95Er Berichte Kleine Zeitung<\/a><\/td>\n<\/tr>\n<tr class=\"row-324\">\n\t<td class=\"column-1\"><a href=\"https:\/\/khd.at\/wp-content\/uploads\/2020\/07\/KHD-Stopp-der-illegalen-Zuwanderung-Bericht-Kaerntner-Krone-8.-Jnner-2017.pdf\">Khd Stopp Der Illegalen Zuwanderung Bericht Kaerntner Krone 8. Jnner 2017<\/a><\/td>\n<\/tr>\n<tr class=\"row-325\">\n\t<td class=\"column-1\"><a href=\"https:\/\/khd.at\/wp-content\/uploads\/2020\/07\/khd-verkauf-seegrund-kommentar-kleine-zeitung-18-03-12.pdf\">Khd Verkauf Seegrund Kommentar Kleine Zeitung 18 03 12<\/a><\/td>\n<\/tr>\n<tr class=\"row-326\">\n\t<td class=\"column-1\"><a href=\"https:\/\/khd.at\/wp-content\/uploads\/2020\/07\/khd-vorstand-ausgrenzung-beenden-zur-zeit-10-04-11.pdf\">Khd Vorstand Ausgrenzung Beenden Zur Zeit 10 04 11<\/a><\/td>\n<\/tr>\n<tr class=\"row-327\">\n\t<td class=\"column-1\"><a href=\"https:\/\/khd.at\/wp-content\/uploads\/2020\/07\/khd-vorstand-eu-abg-andreas-mlzer-fordert-eu-wegen-krsko-zum-handeln-auf-krone-30-03-11.pdf\">Khd Vorstand Eu Abg Andreas Mlzer Fordert Eu Wegen Krsko Zum Handeln Auf Krone 30 03 11<\/a><\/td>\n<\/tr>\n<tr class=\"row-328\">\n\t<td class=\"column-1\"><a href=\"https:\/\/khd.at\/wp-content\/uploads\/2020\/07\/khd-vorstandsmitglieder-feldner-und-manner-kritik-an-lr-dobernig.pdf\">Khd Vorstandsmitglieder Feldner Und Manner Kritik An Lr Dobernig<\/a><\/td>\n<\/tr>\n<tr class=\"row-329\">\n\t<td class=\"column-1\"><a href=\"https:\/\/khd.at\/wp-content\/uploads\/2020\/07\/khd-weiter-auf-vershnungskurs-zeitung-sterreich-29.-mai-2010.pdf\">Khd Weiter Auf Vershnungskurs Zeitung Sterreich 29. Mai 2010<\/a><\/td>\n<\/tr>\n<tr class=\"row-330\">\n\t<td class=\"column-1\"><a href=\"https:\/\/khd.at\/wp-content\/uploads\/2020\/07\/khd-wird-slowenenrat-klagen-presseberichte-26.-mrz-2010.pdf\">Khd Wird Slowenenrat Klagen Presseberichte 26. Mrz 2010<\/a><\/td>\n<\/tr>\n<tr class=\"row-331\">\n\t<td class=\"column-1\"><a href=\"https:\/\/khd.at\/wp-content\/uploads\/2020\/07\/KHD-Zeitungen-alle-Ausgaben-seit-1968-auf-CD-Bericht-KRONE-12-03-16.pdf\">Khd Zeitungen Alle Ausgaben Seit 1968 Auf Cd Bericht Krone 12 03 16<\/a><\/td>\n<\/tr>\n<tr class=\"row-332\">\n\t<td class=\"column-1\"><a href=\"https:\/\/khd.at\/wp-content\/uploads\/2020\/07\/khol-heimatdienst-erkannte-den-zeitgeist-tainach-29-11-11.pdf\">Khol Heimatdienst Erkannte Den Zeitgeist Tainach 29 11 11<\/a><\/td>\n<\/tr>\n<tr class=\"row-333\">\n\t<td class=\"column-1\"><a href=\"https:\/\/khd.at\/wp-content\/uploads\/2020\/07\/kleine-zeitung-11.-04.-2009-leserbrief-stritzl-ortstafeln.pdf\">Kleine Zeitung 11. 04. 2009 Leserbrief Stritzl Ortstafeln<\/a><\/td>\n<\/tr>\n<tr class=\"row-334\">\n\t<td class=\"column-1\"><a href=\"https:\/\/khd.at\/wp-content\/uploads\/2020\/07\/kleine-zeitung-14.-04.-2009-feldner-zur-schulfrage.pdf\">Kleine Zeitung 14. 04. 2009 Feldner Zur Schulfrage<\/a><\/td>\n<\/tr>\n<tr class=\"row-335\">\n\t<td class=\"column-1\"><a href=\"https:\/\/khd.at\/wp-content\/uploads\/2020\/07\/kleine-zeitung-28.-03.-2009-minderheitenermittlung.pdf\">Kleine Zeitung 28. 03. 2009 Minderheitenermittlung<\/a><\/td>\n<\/tr>\n<tr class=\"row-336\">\n\t<td class=\"column-1\"><a href=\"https:\/\/khd.at\/wp-content\/uploads\/2020\/07\/kleine-zeitung-5.-juli-2009-feldner-an-schretter-und-smolle-reden-wir-doch.pdf\">Kleine Zeitung 5. Juli 2009 Feldner An Schretter Und Smolle Reden Wir Doch<\/a><\/td>\n<\/tr>\n<tr class=\"row-337\">\n\t<td class=\"column-1\"><a href=\"https:\/\/khd.at\/wp-content\/uploads\/2020\/07\/Kroatentreffen-Beitrag-KHD-und-Leserbrief-Jordan-KAERNTNER-KRONE-.pdf\">Kroatentreffen Beitrag Khd Und Leserbrief Jordan Kaerntner Krone <\/a><\/td>\n<\/tr>\n<tr class=\"row-338\">\n\t<td class=\"column-1\"><a href=\"https:\/\/khd.at\/wp-content\/uploads\/2020\/07\/kulturpreis-der-stadt-villach-abwehrkmpferbund-obmann-fritz-schretter-protestiert-kleine-zeitung-5.-oktober-2009.pdf\">Kulturpreis Der Stadt Villach Abwehrkmpferbund Obmann Fritz Schretter Protestiert Kleine Zeitung 5. Oktober 2009<\/a><\/td>\n<\/tr>\n<tr class=\"row-339\">\n\t<td class=\"column-1\"><a href=\"https:\/\/khd.at\/wp-content\/uploads\/2020\/07\/kulturpreis-der-stadt-villach-leserreaktionen-kleine-zeitung-oktober-2009.pdf\">Kulturpreis Der Stadt Villach Leserreaktionen Kleine Zeitung Oktober 2009<\/a><\/td>\n<\/tr>\n<tr class=\"row-340\">\n\t<td class=\"column-1\"><a href=\"https:\/\/khd.at\/wp-content\/uploads\/2020\/07\/kulturpreis-der-stadt-villach-pressebericht-kleine-zeitung-und-kaerntner-tageszeitung-02-09-09.pdf\">Kulturpreis Der Stadt Villach Pressebericht Kleine Zeitung Und Kaerntner Tageszeitung 02 09 09<\/a><\/td>\n<\/tr>\n<tr class=\"row-341\">\n\t<td class=\"column-1\"><a href=\"https:\/\/khd.at\/wp-content\/uploads\/2020\/07\/kulturpreis-der-stadt-villach-rede-brgermeister-manzenreiter.pdf\">Kulturpreis Der Stadt Villach Rede Brgermeister Manzenreiter<\/a><\/td>\n<\/tr>\n<tr class=\"row-342\">\n\t<td class=\"column-1\"><a href=\"https:\/\/khd.at\/wp-content\/uploads\/2020\/07\/kulturpreis-der-stadt-villach-weitere-presseberichte.pdf\">Kulturpreis Der Stadt Villach Weitere Presseberichte<\/a><\/td>\n<\/tr>\n<tr class=\"row-343\">\n\t<td class=\"column-1\"><a href=\"https:\/\/khd.at\/wp-content\/uploads\/2020\/07\/kulturtreffen-bei-marburg-25.10.2009-pressemeldungen-bis-4.11.2009.pdf\">Kulturtreffen Bei Marburg 25.10.2009 Pressemeldungen Bis 4.11.2009<\/a><\/td>\n<\/tr>\n<tr class=\"row-344\">\n\t<td class=\"column-1\"><a href=\"https:\/\/khd.at\/wp-content\/uploads\/2020\/07\/kulturtreffen-bei-marburg-25.-oktober-2009-pressebericht-in-lot-und-waage-dezember-2009.pdf\">Kulturtreffen Bei Marburg 25. Oktober 2009 Pressebericht In Lot Und Waage Dezember 2009<\/a><\/td>\n<\/tr>\n<tr class=\"row-345\">\n\t<td class=\"column-1\"><a href=\"https:\/\/khd.at\/wp-content\/uploads\/2020\/07\/Kulturverein-Karawanken-Sturm-und-Feldner-zu-Besuch-bei-Jubilum-Mai-2016.pdf\">Kulturverein Karawanken Sturm Und Feldner Zu Besuch Bei Jubil\u00e4um Mai 2016<\/a><\/td>\n<\/tr>\n<tr class=\"row-346\">\n\t<td class=\"column-1\"><a href=\"https:\/\/khd.at\/wp-content\/uploads\/2020\/07\/kunst-turn-club-klagenfurt-wird-vom-khd-gesponsert-29-11-12.pdf\">Kunst Turn Club Klagenfurt Wird Vom Khd Gesponsert 29 11 12<\/a><\/td>\n<\/tr>\n<tr class=\"row-347\">\n\t<td class=\"column-1\"><a href=\"https:\/\/khd.at\/wp-content\/uploads\/2020\/07\/landesfeier-2013-forderungen-khd-notiz-in-kaerntner-krone.pdf\">Landesfeier 2013 Forderungen Khd Notiz In Kaerntner Krone<\/a><\/td>\n<\/tr>\n<tr class=\"row-348\">\n\t<td class=\"column-1\"><a href=\"https:\/\/khd.at\/wp-content\/uploads\/2020\/07\/landesfeier-2013-heimatdienst-wird-mitwirken-kleine-zeitung.pdf\">Landesfeier 2013 Heimatdienst Wird Mitwirken Kleine Zeitung<\/a><\/td>\n<\/tr>\n<tr class=\"row-349\">\n\t<td class=\"column-1\"><a href=\"https:\/\/khd.at\/wp-content\/uploads\/2020\/07\/landesfeier-2013-presseberichte.pdf\">Landesfeier 2013 Presseberichte<\/a><\/td>\n<\/tr>\n<tr class=\"row-350\">\n\t<td class=\"column-1\"><a href=\"https:\/\/khd.at\/wp-content\/uploads\/2020\/07\/landesfeier-2013-presse-und-orf-im-vorfeld-5.-oktober-2013.pdf\">Landesfeier 2013 Presse Und Orf Im Vorfeld 5. Oktober 2013<\/a><\/td>\n<\/tr>\n<tr class=\"row-351\">\n\t<td class=\"column-1\"><a href=\"https:\/\/khd.at\/wp-content\/uploads\/2020\/07\/landesfeiern-10.-oktober-2009-presse-und-orf-khd.pdf\">Landesfeiern 10. Oktober 2009 Presse Und Orf Khd<\/a><\/td>\n<\/tr>\n<tr class=\"row-352\">\n\t<td class=\"column-1\"><a href=\"https:\/\/khd.at\/wp-content\/uploads\/2020\/07\/landesfoerderung-auch-gruene-unterstuetzen-khd-18-02-11.pdf\">Landesfoerderung Auch Gruene Unterstuetzen Khd 18 02 11<\/a><\/td>\n<\/tr>\n<tr class=\"row-353\">\n\t<td class=\"column-1\"><a href=\"https:\/\/khd.at\/wp-content\/uploads\/2020\/07\/landesfoerderung-kontroversielle-pressemeldungen-25-02-11.pdf\">Landesfoerderung Kontroversielle Pressemeldungen 25 02 11<\/a><\/td>\n<\/tr>\n<tr class=\"row-354\">\n\t<td class=\"column-1\"><a href=\"https:\/\/khd.at\/wp-content\/uploads\/2020\/07\/landesfoerderung-martinz-pro-khd-woche-23-02-11.pdf\">Landesfoerderung Martinz Pro Khd Woche 23 02 11<\/a><\/td>\n<\/tr>\n<tr class=\"row-355\">\n\t<td class=\"column-1\"><a href=\"https:\/\/khd.at\/wp-content\/uploads\/2020\/07\/landesfoerderung-verweigerung-sorgt-fuer-zuendstoff-ktz-17-02-11.pdf\">Landesfoerderung Verweigerung Sorgt Fuer Zuendstoff Ktz 17 02 11<\/a><\/td>\n<\/tr>\n<tr class=\"row-356\">\n\t<td class=\"column-1\"><a href=\"https:\/\/khd.at\/wp-content\/uploads\/2020\/07\/landeshauptmann-contra-obmann-feldner-orf-streitkultur-1.-dezember-2009.pdf\">Landeshauptmann Contra Obmann Feldner Orf Streitkultur 1. Dezember 2009<\/a><\/td>\n<\/tr>\n<tr class=\"row-357\">\n\t<td class=\"column-1\"><a href=\"https:\/\/khd.at\/wp-content\/uploads\/2020\/07\/landesveranstaltung_2020_stellungnahme.pdf\">Landesveranstaltung_2020_Stellungnahme<\/a><\/td>\n<\/tr>\n<tr class=\"row-358\">\n\t<td class=\"column-1\"><a href=\"https:\/\/khd.at\/wp-content\/uploads\/2020\/07\/Landesveranstaltungen-2020-LESERBRIEF-Zentrales-Thema-Mrz-2017.pdf\">Landesveranstaltungen 2020 Leserbrief Zentrales Thema Mrz 2017<\/a><\/td>\n<\/tr>\n<tr class=\"row-359\">\n\t<td class=\"column-1\"><a href=\"https:\/\/khd.at\/wp-content\/uploads\/2020\/07\/Landesveranstaltungen-2020-Stellungnahme-Feldner-Mrz-2017.docx\">Landesveranstaltungen 2020 Stellungnahme Feldner Mrz 2017.Docx<\/a><\/td>\n<\/tr>\n<tr class=\"row-360\">\n\t<td class=\"column-1\"><a href=\"https:\/\/khd.at\/wp-content\/uploads\/2020\/07\/landtagswahl-2013-alle-spitzenkandidaten-ja-zum-khd-inserat-6.-april-2013.pdf\">Landtagswahl 2013 Alle Spitzenkandidaten Ja Zum Khd Inserat 6. April 2013<\/a><\/td>\n<\/tr>\n<tr class=\"row-361\">\n\t<td class=\"column-1\"><a href=\"https:\/\/khd.at\/wp-content\/uploads\/2020\/07\/landtagswahl-2013-bericht-kz-ueber-khd-fragen-an-politik-19-02-13.pdf\">Landtagswahl 2013 Bericht Kz Ueber Khd Fragen An Politik 19 02 13<\/a><\/td>\n<\/tr>\n<tr class=\"row-362\">\n\t<td class=\"column-1\"><a href=\"https:\/\/khd.at\/wp-content\/uploads\/2020\/07\/landtagswahl-2013-feldner-kurzkommentar-zum-ergebnis-kleine-zeitung-04-03-13.pdf\">Landtagswahl 2013 Feldner Kurzkommentar Zum Ergebnis Kleine Zeitung 04 03 13<\/a><\/td>\n<\/tr>\n<tr class=\"row-363\">\n\t<td class=\"column-1\"><a href=\"https:\/\/khd.at\/wp-content\/uploads\/2020\/07\/landtagswahl-2013-khd-fragen-und-antworten-ungekuerzt-im-internet.pdf\">Landtagswahl 2013 Khd Fragen Und Antworten Ungekuerzt Im Internet<\/a><\/td>\n<\/tr>\n<tr class=\"row-364\">\n\t<td class=\"column-1\"><a href=\"https:\/\/khd.at\/wp-content\/uploads\/2020\/07\/landtagswahl-2013-kurier-bericht-ueber-khd-und-fragen-an-parteien-13-02-13.pdf\">Landtagswahl 2013 Kurier Bericht Ueber Khd Und Fragen An Parteien 13 02 13<\/a><\/td>\n<\/tr>\n<tr class=\"row-365\">\n\t<td class=\"column-1\"><a href=\"https:\/\/khd.at\/wp-content\/uploads\/2020\/07\/landtagswahl-2013-kurzfassung--antworten-an-khd-einschaltung-kleine-zeitung-26-02-13.pdf\">Landtagswahl 2013 Kurzfassung  Antworten An Khd Einschaltung Kleine Zeitung 26 02 13<\/a><\/td>\n<\/tr>\n<tr class=\"row-366\">\n\t<td class=\"column-1\"><a href=\"https:\/\/khd.at\/wp-content\/uploads\/2020\/07\/Landtagswahl-2018-Antworten-auf-Fragen-an-die-Spitzenkandidaten.pdf\">Landtagswahl 2018 Antworten Auf Fragen An Die Spitzenkandidaten<\/a><\/td>\n<\/tr>\n<tr class=\"row-367\">\n\t<td class=\"column-1\"><a href=\"https:\/\/khd.at\/wp-content\/uploads\/2020\/07\/Landtagswahl-2018-Antworten-Spitzenkandidaten-an-KHD-Einschaltung-KRONE-EXTRA.pdf\">Landtagswahl 2018 Antworten Spitzenkandidaten An Khd Einschaltung Krone Extra<\/a><\/td>\n<\/tr>\n<tr class=\"row-368\">\n\t<td class=\"column-1\"><a href=\"https:\/\/khd.at\/wp-content\/uploads\/2020\/07\/leians-pressekonferenz-bericht-kleine-zeitung-25-03-14.pdf\">Leians Pressekonferenz Bericht Kleine Zeitung 25 03 14<\/a><\/td>\n<\/tr>\n<tr class=\"row-369\">\n\t<td class=\"column-1\"><a href=\"https:\/\/khd.at\/wp-content\/uploads\/2020\/07\/leserbrief-abstimmunungsgedenken-khd-21-06-13.pdf\">Leserbrief Abstimmunungsgedenken Khd 21 06 13<\/a><\/td>\n<\/tr>\n<tr class=\"row-370\">\n\t<td class=\"column-1\"><a href=\"https:\/\/khd.at\/wp-content\/uploads\/2020\/07\/leserbrief-deutsche-volksgruppe-vertrauen-schaffen-9.-april-2015.pdf\">Leserbrief Deutsche Volksgruppe Vertrauen Schaffen 9. April 2015<\/a><\/td>\n<\/tr>\n<tr class=\"row-371\">\n\t<td class=\"column-1\"><a href=\"https:\/\/khd.at\/wp-content\/uploads\/2020\/07\/leserbrief--feldner-das-gemeinsame-suchen-kleine-zeitung--16.-april-2013.pdf\">Leserbrief  Feldner Das Gemeinsame Suchen Kleine Zeitung  16. April 2013<\/a><\/td>\n<\/tr>\n<tr class=\"row-372\">\n\t<td class=\"column-1\"><a href=\"https:\/\/khd.at\/wp-content\/uploads\/2020\/07\/leserbrief-jordan-gegen-heraufbeschwren-der-vergangenheit-kleine-zeitung-08-02-11.pdf\">Leserbrief Jordan Gegen Heraufbeschwren Der Vergangenheit Kleine Zeitung 08 02 11<\/a><\/td>\n<\/tr>\n<tr class=\"row-373\">\n\t<td class=\"column-1\"><a href=\"https:\/\/khd.at\/wp-content\/uploads\/2020\/07\/leserbrief-jordan-in-woche-15-06-11.pdf\">Leserbrief Jordan In Woche 15 06 11<\/a><\/td>\n<\/tr>\n<tr class=\"row-374\">\n\t<td class=\"column-1\"><a href=\"https:\/\/khd.at\/wp-content\/uploads\/2020\/07\/leserbrief-jordan-vertane-chance-ktz-08-06-11.pdf\">Leserbrief Jordan Vertane Chance Ktz 08 06 11<\/a><\/td>\n<\/tr>\n<tr class=\"row-375\">\n\t<td class=\"column-1\"><a href=\"https:\/\/khd.at\/wp-content\/uploads\/2020\/07\/leserbrief-kaerntner-tageszeitung-9.-september-2009-heimatdienst-geht-weg-eines-respektvollen-miteinanders.pdf\">Leserbrief Kaerntner Tageszeitung 9. September 2009 Heimatdienst Geht Weg Eines Respektvollen Miteinanders<\/a><\/td>\n<\/tr>\n<tr class=\"row-376\">\n\t<td class=\"column-1\"><a href=\"https:\/\/khd.at\/wp-content\/uploads\/2020\/07\/leserbrief-kleine-zeitung-21.-mrz-2014-deutsche-volksgruppe-slowenien.pdf\">Leserbrief Kleine Zeitung 21. Mrz 2014 Deutsche Volksgruppe Slowenien<\/a><\/td>\n<\/tr>\n<tr class=\"row-377\">\n\t<td class=\"column-1\"><a href=\"https:\/\/khd.at\/wp-content\/uploads\/2020\/07\/leserbrief-kleine-zeitung--30.-juli-2010-kritik-an-dobernig.pdf\">Leserbrief Kleine Zeitung  30. Juli 2010 Kritik An Dobernig<\/a><\/td>\n<\/tr>\n<tr class=\"row-378\">\n\t<td class=\"column-1\"><a href=\"https:\/\/khd.at\/wp-content\/uploads\/2020\/07\/leserbrief-kleine-zeitung-heimat-feldner-an-turrini-22-08-14.pdf\">Leserbrief Kleine Zeitung Heimat Feldner An Turrini 22 08 14<\/a><\/td>\n<\/tr>\n<tr class=\"row-379\">\n\t<td class=\"column-1\"><a href=\"https:\/\/khd.at\/wp-content\/uploads\/2020\/07\/leserbrief-kleine-zeitung-initiative-beider-volksgruppen-07-09-13.pdf\">Leserbrief Kleine Zeitung Initiative Beider Volksgruppen 07 09 13<\/a><\/td>\n<\/tr>\n<tr class=\"row-380\">\n\t<td class=\"column-1\"><a href=\"https:\/\/khd.at\/wp-content\/uploads\/2020\/07\/Leserbrief-KlZ-Begegnung-mit-Respekt-Causa-Mlzer-31-05-16.pdf\">Leserbrief Klz Begegnung Mit Respekt Causa Mlzer 31 05 16<\/a><\/td>\n<\/tr>\n<tr class=\"row-381\">\n\t<td class=\"column-1\"><a href=\"https:\/\/khd.at\/wp-content\/uploads\/2020\/07\/leserbrief-mory-12.-juli-2010.doc\">Leserbrief Mory 12. Juli 2010.Doc<\/a><\/td>\n<\/tr>\n<tr class=\"row-382\">\n\t<td class=\"column-1\"><a href=\"https:\/\/khd.at\/wp-content\/uploads\/2020\/07\/leserbrief-waldstein-2.-juli-2010.doc\">Leserbrief Waldstein 2. Juli 2010.Doc<\/a><\/td>\n<\/tr>\n<tr class=\"row-383\">\n\t<td class=\"column-1\"><a href=\"https:\/\/khd.at\/wp-content\/uploads\/2020\/07\/lessa.php\">Lessa.Php<\/a><\/td>\n<\/tr>\n<tr class=\"row-384\">\n\t<td class=\"column-1\"><a href=\"https:\/\/khd.at\/wp-content\/uploads\/2020\/07\/liescha-14.-mai-2015-gedenkworte-feldner-und-sturm.pdf\">Liescha 14. Mai 2015 Gedenkworte Feldner Und Sturm<\/a><\/td>\n<\/tr>\n<tr class=\"row-385\">\n\t<td class=\"column-1\"><a href=\"https:\/\/khd.at\/wp-content\/uploads\/2020\/07\/liescha-anschlag-auf-gedenktafel-pressebericht-19-mai-2012.pdf\">Liescha Anschlag Auf Gedenktafel Pressebericht 19 Mai 2012<\/a><\/td>\n<\/tr>\n<tr class=\"row-386\">\n\t<td class=\"column-1\"><a href=\"https:\/\/khd.at\/wp-content\/uploads\/2020\/07\/Liescha-Einladung-Gemeinsames-Opfergedenken-5.-Mai-2016.pdf\">Liescha Einladung Gemeinsames Opfergedenken 5. Mai 2016<\/a><\/td>\n<\/tr>\n<tr class=\"row-387\">\n\t<td class=\"column-1\"><a href=\"https:\/\/khd.at\/wp-content\/uploads\/2020\/07\/Liescha-Einladung-zum-Gemeinsamen-Opfergedenken-am--5.-Mai-2016.pdf\">Liescha Einladung Zum Gemeinsamen Opfergedenken Am  5. Mai 2016<\/a><\/td>\n<\/tr>\n<tr class=\"row-388\">\n\t<td class=\"column-1\"><a href=\"https:\/\/khd.at\/wp-content\/uploads\/2020\/07\/liescha-gedenken-02-06-11-kleine-zeitung.pdf\">Liescha Gedenken 02 06 11 Kleine Zeitung<\/a><\/td>\n<\/tr>\n<tr class=\"row-389\">\n\t<td class=\"column-1\"><a href=\"https:\/\/khd.at\/wp-content\/uploads\/2020\/07\/liescha-gedenkfeier-17-mai-2012-pressemeldungen.pdf\">Liescha Gedenkfeier 17 Mai 2012 Pressemeldungen<\/a><\/td>\n<\/tr>\n<tr class=\"row-390\">\n\t<td class=\"column-1\"><a href=\"https:\/\/khd.at\/wp-content\/uploads\/2020\/07\/liescha-gedenkfeier-am-himmelfahrtstag-17-mai-2012.pdf\">Liescha Gedenkfeier Am Himmelfahrtstag 17 Mai 2012<\/a><\/td>\n<\/tr>\n<tr class=\"row-391\">\n\t<td class=\"column-1\"><a href=\"https:\/\/khd.at\/wp-content\/uploads\/2020\/07\/liescha-gedenkfeier-am-himmelfahrtstag.pdf\">Liescha Gedenkfeier Am Himmelfahrtstag<\/a><\/td>\n<\/tr>\n<tr class=\"row-392\">\n\t<td class=\"column-1\"><a href=\"https:\/\/khd.at\/wp-content\/uploads\/2020\/07\/Liescha-Gemeinsames-Opfergedenken-10.-Mai-2018-Bericht-Kleine-Zeitung.pdf\">Liescha Gemeinsames Opfergedenken 10. Mai 2018 Bericht Kleine Zeitung<\/a><\/td>\n<\/tr>\n<tr class=\"row-393\">\n\t<td class=\"column-1\"><a href=\"https:\/\/khd.at\/wp-content\/uploads\/2020\/07\/liescha--gemeinsames-opfergedenken-14.-mai-2015-zeitungsberichte.pdf\">Liescha  Gemeinsames Opfergedenken 14. Mai 2015 Zeitungsberichte<\/a><\/td>\n<\/tr>\n<tr class=\"row-394\">\n\t<td class=\"column-1\"><a href=\"https:\/\/khd.at\/wp-content\/uploads\/2020\/07\/liescha-gemeinsames-opfergedenken-29.-mai-2014-bericht-kleine-zeitung.pdf\">Liescha Gemeinsames Opfergedenken 29. Mai 2014 Bericht Kleine Zeitung<\/a><\/td>\n<\/tr>\n<tr class=\"row-395\">\n\t<td class=\"column-1\"><a href=\"https:\/\/khd.at\/wp-content\/uploads\/2020\/07\/Liescha-Gemeinsames-Opfergedenken-5.-Mai-2016-Bericht--in-der-Kaerntner-Krone.pdf\">Liescha Gemeinsames Opfergedenken 5. Mai 2016 Bericht  In Der Kaerntner Krone<\/a><\/td>\n<\/tr>\n<tr class=\"row-396\">\n\t<td class=\"column-1\"><a href=\"https:\/\/khd.at\/wp-content\/uploads\/2020\/07\/Liescha-Gemeinsames-Opfergedenken-5.-Mai-2016-PRESSEBERICHTE-und-ORF.pdf\">Liescha Gemeinsames Opfergedenken 5. Mai 2016 Presseberichte Und Orf<\/a><\/td>\n<\/tr>\n<tr class=\"row-397\">\n\t<td class=\"column-1\"><a href=\"https:\/\/khd.at\/wp-content\/uploads\/2020\/07\/liescha-gemeinsames-opfergedenken-gedenkworte-feldner-und-sturm-29.-mai-2014.pdf\">Liescha Gemeinsames Opfergedenken Gedenkworte Feldner Und Sturm 29. Mai 2014<\/a><\/td>\n<\/tr>\n<tr class=\"row-398\">\n\t<td class=\"column-1\"><a href=\"https:\/\/khd.at\/wp-content\/uploads\/2020\/07\/liescha-neu-gedenksttte-16-10-2010.doc\">Liescha Neu Gedenksttte 16 10 2010.Doc<\/a><\/td>\n<\/tr>\n<tr class=\"row-399\">\n\t<td class=\"column-1\"><a href=\"https:\/\/khd.at\/wp-content\/uploads\/2020\/07\/liescha-opfergedenken-09-05-13-einladung-homepage-khd.pdf\">Liescha Opfergedenken 09 05 13 Einladung Homepage Khd<\/a><\/td>\n<\/tr>\n<tr class=\"row-400\">\n\t<td class=\"column-1\"><a href=\"https:\/\/khd.at\/wp-content\/uploads\/2020\/07\/liescha-opfergedenken-09-05-13-gedenkworte-feldner-und-sturm.pdf\">Liescha Opfergedenken 09 05 13 Gedenkworte Feldner Und Sturm<\/a><\/td>\n<\/tr>\n<tr class=\"row-401\">\n\t<td class=\"column-1\"><a href=\"https:\/\/khd.at\/wp-content\/uploads\/2020\/07\/liescha-opfergedenken-09-05-13-pressespiegel.pdf\">Liescha Opfergedenken 09 05 13 Pressespiegel<\/a><\/td>\n<\/tr>\n<tr class=\"row-402\">\n\t<td class=\"column-1\"><a href=\"https:\/\/khd.at\/wp-content\/uploads\/2020\/07\/Liescha-Opfergedenken-25.-Mai-2017-Einladung.pdf\">Liescha Opfergedenken 25. Mai 2017 Einladung<\/a><\/td>\n<\/tr>\n<tr class=\"row-403\">\n\t<td class=\"column-1\"><a href=\"https:\/\/khd.at\/wp-content\/uploads\/2020\/07\/Liescha-Opfergedenken-25.-Mai-2017-Presseberichte.pdf\">Liescha Opfergedenken 25. Mai 2017 Presseberichte<\/a><\/td>\n<\/tr>\n<tr class=\"row-404\">\n\t<td class=\"column-1\"><a href=\"https:\/\/khd.at\/wp-content\/uploads\/2020\/07\/Liescha-Opfergedenken-25.-Mai-2017-Pressemitteiung.pdf\">Liescha Opfergedenken 25. Mai 2017 Pressemitteiung<\/a><\/td>\n<\/tr>\n<tr class=\"row-405\">\n\t<td class=\"column-1\"><a href=\"https:\/\/khd.at\/wp-content\/uploads\/2020\/07\/Liescha-Opfergedenken-5.-Mai-2016-Gedenkworte-Feldner-und-Sturm.docx\">Liescha Opfergedenken 5. Mai 2016 Gedenkworte Feldner Und Sturm.Docx<\/a><\/td>\n<\/tr>\n<tr class=\"row-406\">\n\t<td class=\"column-1\"><a href=\"https:\/\/khd.at\/wp-content\/uploads\/2020\/07\/Liescha-Opfergedenken-Bericht-Kaerntner-Krone-12-05-18.pdf\">Liescha Opfergedenken Bericht Kaerntner Krone 12 05 18<\/a><\/td>\n<\/tr>\n<tr class=\"row-407\">\n\t<td class=\"column-1\"><a href=\"https:\/\/khd.at\/wp-content\/uploads\/2020\/07\/Liescha-Opfergedenken-Bericht-WOCHE-online.pdf\">Liescha Opfergedenken Bericht Woche Online<\/a><\/td>\n<\/tr>\n<tr class=\"row-408\">\n\t<td class=\"column-1\"><a href=\"https:\/\/khd.at\/wp-content\/uploads\/2020\/07\/liescha-opfergedenken-weihnachten-2013-bericht-kleine-zeitung.pdf\">Liescha Opfergedenken Weihnachten 2013 Bericht Kleine Zeitung<\/a><\/td>\n<\/tr>\n<tr class=\"row-409\">\n\t<td class=\"column-1\"><a href=\"https:\/\/khd.at\/wp-content\/uploads\/2020\/07\/liescha-und-marburg-kleine-zeitung-25-12-11.pdf\">Liescha Und Marburg Kleine Zeitung 25 12 11<\/a><\/td>\n<\/tr>\n<tr class=\"row-410\">\n\t<td class=\"column-1\"><a href=\"https:\/\/khd.at\/wp-content\/uploads\/2020\/07\/liescha-verschlepptengedenken-13.-mai-2010-presseberichte.pdf\">Liescha Verschlepptengedenken 13. Mai 2010 Presseberichte<\/a><\/td>\n<\/tr>\n<tr class=\"row-411\">\n\t<td class=\"column-1\"><a href=\"https:\/\/khd.at\/wp-content\/uploads\/2020\/07\/liescha-weihe-einer-gedenktafel-berichte-kleine-zeitung-und-woche-17-10-10.pdf\">Liescha Weihe Einer Gedenktafel Berichte Kleine Zeitung Und Woche 17 10 10<\/a><\/td>\n<\/tr>\n<tr class=\"row-412\">\n\t<td class=\"column-1\"><a href=\"https:\/\/khd.at\/wp-content\/uploads\/2020\/07\/lipus-wrdigt-khd-kleine-zeitung-22.-mai-2010.pdf\">Lipus W\u00fcrdigt Khd Kleine Zeitung 22. Mai 2010<\/a><\/td>\n<\/tr>\n<tr class=\"row-413\">\n\t<td class=\"column-1\"><a href=\"https:\/\/khd.at\/wp-content\/uploads\/2020\/07\/logo.gif\">Logo.Gif<\/a><\/td>\n<\/tr>\n<tr class=\"row-414\">\n\t<td class=\"column-1\"><a href=\"https:\/\/khd.at\/wp-content\/uploads\/2020\/07\/Loibach-Gedenken-Klare-Position-von-Stritzl-und-Jordan-28-04-18.pdf\">Loibach Gedenken Klare Position Von Stritzl Und Jordan 28 04 18<\/a><\/td>\n<\/tr>\n<tr class=\"row-415\">\n\t<td class=\"column-1\"><a href=\"https:\/\/khd.at\/wp-content\/uploads\/2020\/07\/manner-interview-kleine-zeitung-12.-august-2012.pdf\">Manner Interview Kleine Zeitung 12. August 2012<\/a><\/td>\n<\/tr>\n<tr class=\"row-416\">\n\t<td class=\"column-1\"><a href=\"https:\/\/khd.at\/wp-content\/uploads\/2020\/07\/Manner-Leserbrief-Kleine-Zeitung-4.-Juli-2015.pdf\">Manner Leserbrief Kleine Zeitung 4. Juli 2015<\/a><\/td>\n<\/tr>\n<tr class=\"row-417\">\n\t<td class=\"column-1\"><a href=\"https:\/\/khd.at\/wp-content\/uploads\/2020\/07\/Masseneinwanderung-STOPP-Einschaltung-KRONE--2.-Mrz-2016.pdf\">Masseneinwanderung Stopp Einschaltung Krone  2. Mrz 2016<\/a><\/td>\n<\/tr>\n<tr class=\"row-418\">\n\t<td class=\"column-1\"><a href=\"https:\/\/khd.at\/wp-content\/uploads\/2020\/07\/mlinar-attackiert-khd-kaerntner-krone-11-12-13.pdf\">Mlinar Attackiert Khd Kaerntner Krone 11 12 13<\/a><\/td>\n<\/tr>\n<tr class=\"row-419\">\n\t<td class=\"column-1\"><a href=\"https:\/\/khd.at\/wp-content\/uploads\/2020\/07\/mlzer-gasstkommentar-kleine-zeitung-31.-juli-2012.pdf\">Mlzer Gasstkommentar Kleine Zeitung 31. Juli 2012<\/a><\/td>\n<\/tr>\n<tr class=\"row-420\">\n\t<td class=\"column-1\"><a href=\"https:\/\/khd.at\/wp-content\/uploads\/2020\/07\/Mlzer-Gastbeitrag-KLEINE-ZEITUNG-21-08-19-.pdf\">Mlzer Gastbeitrag Kleine Zeitung 21 08 19 <\/a><\/td>\n<\/tr>\n<tr class=\"row-421\">\n\t<td class=\"column-1\"><a href=\"https:\/\/khd.at\/wp-content\/uploads\/2020\/07\/mlzer-gastkommentar-kleine-zeitung-06-04-11.pdf\">Mlzer Gastkommentar Kleine Zeitung 06 04 11<\/a><\/td>\n<\/tr>\n<tr class=\"row-422\">\n\t<td class=\"column-1\"><a href=\"https:\/\/khd.at\/wp-content\/uploads\/2020\/07\/Mlzer-Gastkommentar-Kleine-Zeitung-10-Februar-2017.pdf\">Mlzer Gastkommentar Kleine Zeitung 10 Februar 2017<\/a><\/td>\n<\/tr>\n<tr class=\"row-423\">\n\t<td class=\"column-1\"><a href=\"https:\/\/khd.at\/wp-content\/uploads\/2020\/07\/mlzer-in-zur-zeit-ber-heimatdienst-heute-13-01-12.pdf\">Mlzer In Zur Zeit Ber Heimatdienst Heute 13 01 12<\/a><\/td>\n<\/tr>\n<tr class=\"row-424\">\n\t<td class=\"column-1\"><a href=\"https:\/\/khd.at\/wp-content\/uploads\/2020\/07\/moelzer-grosses-goldenes-ehrenzeichen-des-landes-kaernten-krone-06-12-12.pdf\">Moelzer Grosses Goldenes Ehrenzeichen Des Landes Kaernten Krone 06 12 12<\/a><\/td>\n<\/tr>\n<tr class=\"row-425\">\n\t<td class=\"column-1\"><a href=\"https:\/\/khd.at\/wp-content\/uploads\/2020\/07\/neuer-klub-vortrag-feldner-und-sturm-23.-mrz-in-wien-.pdf\">Neuer Klub Vortrag Feldner Und Sturm 23. Mrz In Wien <\/a><\/td>\n<\/tr>\n<tr class=\"row-426\">\n\t<td class=\"column-1\"><a href=\"https:\/\/khd.at\/wp-content\/uploads\/2020\/07\/neuer-klub-wien-vortrag-feldner-und-sturm-23.-mrz-2015.pdf\">Neuer Klub Wien Vortrag Feldner Und Sturm 23. Mrz 2015<\/a><\/td>\n<\/tr>\n<tr class=\"row-427\">\n\t<td class=\"column-1\"><a href=\"https:\/\/khd.at\/wp-content\/uploads\/2020\/07\/neumarkt-europaforum-24.-mai-2010-bericht-kleine-zeitung.pdf\">Neumarkt Europaforum 24. Mai 2010 Bericht Kleine Zeitung<\/a><\/td>\n<\/tr>\n<tr class=\"row-428\">\n\t<td class=\"column-1\"><a href=\"https:\/\/khd.at\/wp-content\/uploads\/2020\/07\/nzz-wrdigt-arbeit-des-khd-an-konstruktiver-ortstafellsung-20-01-11.pdf\">Nzz W\u00fcrdigt Arbeit Des Khd An Konstruktiver Ortstafellsung 20 01 11<\/a><\/td>\n<\/tr>\n<tr class=\"row-429\">\n\t<td class=\"column-1\"><a href=\"https:\/\/khd.at\/wp-content\/uploads\/2020\/07\/offener-brief-an-drfler-06-10-10.pdf\">Offener Brief An Drfler 06 10 10<\/a><\/td>\n<\/tr>\n<tr class=\"row-430\">\n\t<td class=\"column-1\"><a href=\"https:\/\/khd.at\/wp-content\/uploads\/2020\/07\/Opfergedenken-Huda-Jama-Gedenkrede-Feldner-und-Pressemeldungen.pdf\">Opfergedenken Huda Jama Gedenkrede Feldner Und Pressemeldungen<\/a><\/td>\n<\/tr>\n<tr class=\"row-431\">\n\t<td class=\"column-1\"><a href=\"https:\/\/khd.at\/wp-content\/uploads\/2020\/07\/Opfergedenken-Klagenfurt-21.-Mai-2020-Bericht-Kleine-Zeitung-.pdf\">Opfergedenken Klagenfurt 21. Mai 2020 Bericht Kleine Zeitung <\/a><\/td>\n<\/tr>\n<tr class=\"row-432\">\n\t<td class=\"column-1\"><a href=\"https:\/\/khd.at\/wp-content\/uploads\/2020\/07\/ortstafelkompromiss-heftige-kritik-von-ivo-vajgl-07-04-11.pdf\">Ortstafelkompromiss Heftige Kritik Von Ivo Vajgl 07 04 11<\/a><\/td>\n<\/tr>\n<tr class=\"row-433\">\n\t<td class=\"column-1\"><a href=\"https:\/\/khd.at\/wp-content\/uploads\/2020\/07\/Ortstafellsung-2011-5-Jahr-Jubilum-Bericht-Kleine-Zeitung.pdf\">Ortstafellsung 2011 5 Jahr Jubil\u00e4um Bericht Kleine Zeitung<\/a><\/td>\n<\/tr>\n<tr class=\"row-434\">\n\t<td class=\"column-1\"><a href=\"https:\/\/khd.at\/wp-content\/uploads\/2020\/07\/Ortstafellsung-2011-5-Jahr-Jubilum.pdf\">Ortstafellsung 2011 5 Jahr Jubil\u00e4um<\/a><\/td>\n<\/tr>\n<tr class=\"row-435\">\n\t<td class=\"column-1\"><a href=\"https:\/\/khd.at\/wp-content\/uploads\/2020\/07\/Ortstafellsung-2011-Jubilum-Bericht-in-der-Kleinen-Zeitung.pdf\">Ortstafellsung 2011 Jubil\u00e4um Bericht In Der Kleinen Zeitung<\/a><\/td>\n<\/tr>\n<tr class=\"row-436\">\n\t<td class=\"column-1\"><a href=\"https:\/\/khd.at\/wp-content\/uploads\/2020\/07\/ortstafeln-berlakovich-fordert-lsung-nach-modell-schssel-khd.pdf\">Ortstafeln Berlakovich Fordert Lsung Nach Modell Schssel Khd<\/a><\/td>\n<\/tr>\n<tr class=\"row-437\">\n\t<td class=\"column-1\"><a href=\"https:\/\/khd.at\/wp-content\/uploads\/2020\/07\/ortstafeln-bundeskanzler-lt-hinsichtlich-feldner-ball-bei-drfler-13-10-10.pdf\">Ortstafeln Bundeskanzler Lt Hinsichtlich Feldner Ball Bei Drfler 13 10 10<\/a><\/td>\n<\/tr>\n<tr class=\"row-438\">\n\t<td class=\"column-1\"><a href=\"https:\/\/khd.at\/wp-content\/uploads\/2020\/07\/ortstafeln-chefverhandler-ostermayer-kontakt-zu-khd-kleine-zeitung-04-03-11.pdf\">Ortstafeln Chefverhandler Ostermayer Kontakt Zu Khd Kleine Zeitung 04 03 11<\/a><\/td>\n<\/tr>\n<tr class=\"row-439\">\n\t<td class=\"column-1\"><a href=\"https:\/\/khd.at\/wp-content\/uploads\/2020\/07\/ortstafeln-feldner-im-sn-interview-es-geht-um-das-ansehen-des-landes-07-12-10.pdf\">Ortstafeln Feldner Im Sn Interview Es Geht Um Das Ansehen Des Landes 07 12 10<\/a><\/td>\n<\/tr>\n<tr class=\"row-440\">\n\t<td class=\"column-1\"><a href=\"https:\/\/khd.at\/wp-content\/uploads\/2020\/07\/ortstafeln-feldner-in-der-tv-sendung-im-zentrum-10-04-11.pdf\">Ortstafeln Feldner In Der Tv Sendung Im Zentrum 10 04 11<\/a><\/td>\n<\/tr>\n<tr class=\"row-441\">\n\t<td class=\"column-1\"><a href=\"https:\/\/khd.at\/wp-content\/uploads\/2020\/07\/ortstafeln-feldner-zu-ffnungsklausel-skupnost-10-11-10.pdf\">Ortstafeln Feldner Zu Ffnungsklausel Skupnost 10 11 10<\/a><\/td>\n<\/tr>\n<tr class=\"row-442\">\n\t<td class=\"column-1\"><a href=\"https:\/\/khd.at\/wp-content\/uploads\/2020\/07\/ortstafeln-heimatdienst-fordert-sachaufklrung-der-standard-23.-juli-2010.pdf\">Ortstafeln Heimatdienst Fordert Sachaufklrung Der Standard 23. Juli 2010<\/a><\/td>\n<\/tr>\n<tr class=\"row-443\">\n\t<td class=\"column-1\"><a href=\"https:\/\/khd.at\/wp-content\/uploads\/2020\/07\/ortstafeln-historischer-tag-ortstafelgesetz-beschlossen-06-07-11.pdf\">Ortstafeln Historischer Tag Ortstafelgesetz Beschlossen 06 07 11<\/a><\/td>\n<\/tr>\n<tr class=\"row-444\">\n\t<td class=\"column-1\"><a href=\"https:\/\/khd.at\/wp-content\/uploads\/2020\/07\/ortstafeln-khd-massensendung-bericht-orf-volksgruppenradio-13-05-11.pdf\">Ortstafeln Khd Massensendung Bericht Orf Volksgruppenradio 13 05 11<\/a><\/td>\n<\/tr>\n<tr class=\"row-445\">\n\t<td class=\"column-1\"><a href=\"https:\/\/khd.at\/wp-content\/uploads\/2020\/07\/ortstafeln-khd-massensendung-medienberichte-mai-2011.pdf\">Ortstafeln Khd Massensendung Medienberichte Mai 2011<\/a><\/td>\n<\/tr>\n<tr class=\"row-446\">\n\t<td class=\"column-1\"><a href=\"https:\/\/khd.at\/wp-content\/uploads\/2020\/07\/ortstafeln-leserbrief-sowie-kritik-an-uwe-scheuch-27-09-10.pdf\">Ortstafeln Leserbrief Sowie Kritik An Uwe Scheuch 27 09 10<\/a><\/td>\n<\/tr>\n<tr class=\"row-447\">\n\t<td class=\"column-1\"><a href=\"https:\/\/khd.at\/wp-content\/uploads\/2020\/07\/ortstafeln-natinalrat-beschliet-gesetzesnovelle-06-07-11.pdf\">Ortstafeln Natinalrat Beschliet Gesetzesnovelle 06 07 11<\/a><\/td>\n<\/tr>\n<tr class=\"row-448\">\n\t<td class=\"column-1\"><a href=\"https:\/\/khd.at\/wp-content\/uploads\/2020\/07\/ortstafeln-ostermayer-kndigt-verhandlungsrunde-mit-den-heimatverbnden-an-28-02-11.pdf\">Ortstafeln Ostermayer Kndigt Verhandlungsrunde Mit Den Heimatverbnden An 28 02 11<\/a><\/td>\n<\/tr>\n<tr class=\"row-449\">\n\t<td class=\"column-1\"><a href=\"https:\/\/khd.at\/wp-content\/uploads\/2020\/07\/ortstafeln-volksbefragung-kritische-stimmen-01-05-11.pdf\">Ortstafeln Volksbefragung Kritische Stimmen 01 05 11<\/a><\/td>\n<\/tr>\n<tr class=\"row-450\">\n\t<td class=\"column-1\"><a href=\"https:\/\/khd.at\/wp-content\/uploads\/2020\/07\/ortstafeln-vorstoss-bundes-oevp-fuer-einbindung-heimatverbaende-3-12-10.pdf\">Ortstafeln Vorstoss Bundes Oevp Fuer Einbindung Heimatverbaende 3 12 10<\/a><\/td>\n<\/tr>\n<tr class=\"row-451\">\n\t<td class=\"column-1\"><a href=\"https:\/\/khd.at\/wp-content\/uploads\/2020\/07\/ortstafeln-wallfahrt-hemmaberg-17-08-11.pdf\">Ortstafeln Wallfahrt Hemmaberg 17 08 11<\/a><\/td>\n<\/tr>\n<tr class=\"row-452\">\n\t<td class=\"column-1\"><a href=\"https:\/\/khd.at\/wp-content\/uploads\/2020\/07\/ortstafeln-zahlen-und-fakten-zeitung-sterreich-03-03-11.pdf\">Ortstafeln Zahlen Und Fakten Zeitung Sterreich 03 03 11<\/a><\/td>\n<\/tr>\n<tr class=\"row-453\">\n\t<td class=\"column-1\"><a href=\"https:\/\/khd.at\/wp-content\/uploads\/2020\/07\/ortstafelsturm-1972-doku-protestkundgebung.pdf\">Ortstafelsturm 1972 Doku Protestkundgebung<\/a><\/td>\n<\/tr>\n<tr class=\"row-454\">\n\t<td class=\"column-1\"><a href=\"https:\/\/khd.at\/wp-content\/uploads\/2020\/07\/ortstafelsturm-1972-serie-kleine-zeitung-08-bis-10-10-12.pdf\">Ortstafelsturm 1972 Serie Kleine Zeitung 08 Bis 10 10 12<\/a><\/td>\n<\/tr>\n<tr class=\"row-455\">\n\t<td class=\"column-1\"><a href=\"https:\/\/khd.at\/wp-content\/uploads\/2020\/07\/ortstafelsturm-war-nicht-vom-khd-geplant.-reaktion-auf-bericht-die-presse.pdf\">Ortstafelsturm War Nicht Vom Khd Geplant. Reaktion Auf Bericht Die Presse<\/a><\/td>\n<\/tr>\n<tr class=\"row-456\">\n\t<td class=\"column-1\"><a href=\"https:\/\/khd.at\/wp-content\/uploads\/2020\/07\/Ortstfellsung-2011-Jubilum-Gastbeitrge-LH-Kaiser-Ostermayer-und-Sadovnik.pdf\">Ortstfellsung 2011 Jubil\u00e4um Gastbeitrge Lh Kaiser Ostermayer Und Sadovnik<\/a><\/td>\n<\/tr>\n<tr class=\"row-457\">\n\t<td class=\"column-1\"><a href=\"https:\/\/khd.at\/wp-content\/uploads\/2020\/07\/partisanenopfer-presseberichte-ber-gemeinsames-gedenken-in-liescha-am-21.-mai-2009.pdf\">Partisanenopfer Presseberichte Ber Gemeinsames Gedenken In Liescha Am 21. Mai 2009<\/a><\/td>\n<\/tr>\n<tr class=\"row-458\">\n\t<td class=\"column-1\"><a href=\"https:\/\/khd.at\/wp-content\/uploads\/2020\/07\/partnerschaft-unser-kaernten-kritik-dottolo-kleine-zeitung-18-09-10.pdf\">Partnerschaft Unser Kaernten Kritik Dottolo Kleine Zeitung 18 09 10<\/a><\/td>\n<\/tr>\n<tr class=\"row-459\">\n\t<td class=\"column-1\"><a href=\"https:\/\/khd.at\/wp-content\/uploads\/2020\/07\/pirker-buch-kaerntner-ortstafelstreit-2010.pdf\">Pirker Buch Kaerntner Ortstafelstreit 2010<\/a><\/td>\n<\/tr>\n<tr class=\"row-460\">\n\t<td class=\"column-1\"><a href=\"https:\/\/khd.at\/wp-content\/uploads\/2020\/07\/pirker-jrgen-kaerntner-des-tages-kleine-zeitung-15.-juni-2010.pdf\">Pirker Jrgen Kaerntner Des Tages Kleine Zeitung 15. Juni 2010<\/a><\/td>\n<\/tr>\n<tr class=\"row-461\">\n\t<td class=\"column-1\"><a href=\"https:\/\/khd.at\/wp-content\/uploads\/2020\/07\/plattform-buchprsentation-14-03-13-kleine-zeitung-und-statement-feldner.pdf\">Plattform Buchprsentation 14 03 13 Kleine Zeitung Und Statement Feldner<\/a><\/td>\n<\/tr>\n<tr class=\"row-462\">\n\t<td class=\"column-1\"><a href=\"https:\/\/khd.at\/wp-content\/uploads\/2020\/07\/Plattform-InfoVeranstaltung-Kanaltaler-Bericht-Kleine-Zeitung-03-07-17.pdf\">Plattform Infoveranstaltung Kanaltaler Bericht Kleine Zeitung 03 07 17<\/a><\/td>\n<\/tr>\n<tr class=\"row-463\">\n\t<td class=\"column-1\"><a href=\"https:\/\/khd.at\/wp-content\/uploads\/2020\/07\/Plattform-Kaernten-Einladung-Buchprsentatiion-26.-April-2016.pdf\">Plattform Kaernten Einladung Buchprsentatiion 26. April 2016<\/a><\/td>\n<\/tr>\n<tr class=\"row-464\">\n\t<td class=\"column-1\"><a href=\"https:\/\/khd.at\/wp-content\/uploads\/2020\/07\/Plattform-Kaernten-Einladung-BUCHPRSENTATION-26.-April-2016.pdf\">Plattform Kaernten Einladung Buchprsentation 26. April 2016<\/a><\/td>\n<\/tr>\n<tr class=\"row-465\">\n\t<td class=\"column-1\"><a href=\"https:\/\/khd.at\/wp-content\/uploads\/2020\/07\/plattform-kaernten-und-khd-infoveranstaltung-24.-mrz-2015-deutsche-volksgruppe.pdf\">Plattform Kaernten Und Khd Infoveranstaltung 24. Mrz 2015 Deutsche Volksgruppe<\/a><\/td>\n<\/tr>\n<tr class=\"row-466\">\n\t<td class=\"column-1\"><a href=\"https:\/\/khd.at\/wp-content\/uploads\/2020\/07\/Plattform-Karner-Bericht-Kleine-zeitung-141117.pdf\">Plattform Karner Bericht Kleine Zeitung 141117<\/a><\/td>\n<\/tr>\n<tr class=\"row-467\">\n\t<td class=\"column-1\"><a href=\"https:\/\/khd.at\/wp-content\/uploads\/2020\/07\/plattform-sprecher-stritzl-es-gibt-nur-einen-zukunftsweg-woche-13-10-10.pdf\">Plattform Sprecher Stritzl Es Gibt Nur Einen Zukunftsweg Woche 13 10 10<\/a><\/td>\n<\/tr>\n<tr class=\"row-468\">\n\t<td class=\"column-1\"><a href=\"https:\/\/khd.at\/wp-content\/uploads\/2020\/07\/plattform-vortrag-frau-vavti-25.-mrz-2010.pdf\">Plattform Vortrag Frau Vavti 25. Mrz 2010<\/a><\/td>\n<\/tr>\n<tr class=\"row-469\">\n\t<td class=\"column-1\"><a href=\"https:\/\/khd.at\/wp-content\/uploads\/2020\/07\/Prag-Kulturreise-Presseberichte.pdf\">Prag Kulturreise Presseberichte<\/a><\/td>\n<\/tr>\n<tr class=\"row-470\">\n\t<td class=\"column-1\"><a href=\"https:\/\/khd.at\/wp-content\/uploads\/2020\/07\/presseaussendung-10-04-22.doc\">Presseaussendung 10 04 22.Doc<\/a><\/td>\n<\/tr>\n<tr class=\"row-471\">\n\t<td class=\"column-1\"><a href=\"https:\/\/khd.at\/wp-content\/uploads\/2020\/07\/presseberichte-zu-gemeinsames-opfergedenken-mai-2009.pdf\">Presseberichte Zu Gemeinsames Opfergedenken Mai 2009<\/a><\/td>\n<\/tr>\n<tr class=\"row-472\">\n\t<td class=\"column-1\"><a href=\"https:\/\/khd.at\/wp-content\/uploads\/2020\/07\/Pressekonferenz-09-10-19-Statement-Entschlieung-Hauptversammlung-und-Pressespiegel-.pdf\">Pressekonferenz 09 10 19 Statement Entschlieung Hauptversammlung Und Pressespiegel <\/a><\/td>\n<\/tr>\n<tr class=\"row-473\">\n\t<td class=\"column-1\"><a href=\"https:\/\/khd.at\/wp-content\/uploads\/2020\/07\/pressekonferenz-21-04-11-einladung.pdf\">Pressekonferenz 21 04 11 Einladung<\/a><\/td>\n<\/tr>\n<tr class=\"row-474\">\n\t<td class=\"column-1\"><a href=\"https:\/\/khd.at\/wp-content\/uploads\/2020\/07\/pressekonferenz-21-04-11-medienberichte.pdf\">Pressekonferenz 21 04 11 Medienberichte<\/a><\/td>\n<\/tr>\n<tr class=\"row-475\">\n\t<td class=\"column-1\"><a href=\"https:\/\/khd.at\/wp-content\/uploads\/2020\/07\/pressekonferenz-21-04-11-statement-josef-feldner.pdf\">Pressekonferenz 21 04 11 Statement Josef Feldner<\/a><\/td>\n<\/tr>\n<tr class=\"row-476\">\n\t<td class=\"column-1\"><a href=\"https:\/\/khd.at\/wp-content\/uploads\/2020\/07\/pressekonferenz-24-11-11-einladung.pdf\">Pressekonferenz 24 11 11 Einladung<\/a><\/td>\n<\/tr>\n<tr class=\"row-477\">\n\t<td class=\"column-1\"><a href=\"https:\/\/khd.at\/wp-content\/uploads\/2020\/07\/pressekonferenz-24-11-11-klarstellung.pdf\">Pressekonferenz 24 11 11 Klarstellung<\/a><\/td>\n<\/tr>\n<tr class=\"row-478\">\n\t<td class=\"column-1\"><a href=\"https:\/\/khd.at\/wp-content\/uploads\/2020\/07\/pressekonferenz-24-11-11-pressemeldungen.pdf\">Pressekonferenz 24 11 11 Pressemeldungen<\/a><\/td>\n<\/tr>\n<tr class=\"row-479\">\n\t<td class=\"column-1\"><a href=\"https:\/\/khd.at\/wp-content\/uploads\/2020\/07\/pressekonferenz-24-11-11-statement-feldner.pdf\">Pressekonferenz 24 11 11 Statement Feldner<\/a><\/td>\n<\/tr>\n<tr class=\"row-480\">\n\t<td class=\"column-1\"><a href=\"https:\/\/khd.at\/wp-content\/uploads\/2020\/07\/pressekonferenz-24-11-11-und-dialogforum-medienberichte.pdf\">Pressekonferenz 24 11 11 Und Dialogforum Medienberichte<\/a><\/td>\n<\/tr>\n<tr class=\"row-481\">\n\t<td class=\"column-1\"><a href=\"https:\/\/khd.at\/wp-content\/uploads\/2020\/07\/pressekonferenz-8.-oktober-2014-einladung.pdf\">Pressekonferenz 8. Oktober 2014 Einladung<\/a><\/td>\n<\/tr>\n<tr class=\"row-482\">\n\t<td class=\"column-1\"><a href=\"https:\/\/khd.at\/wp-content\/uploads\/2020\/07\/pressekonferenz-feldner-und-sturm-in-laibach-11-12-13-bericht-kleine-zeitung.pdf\">Pressekonferenz Feldner Und Sturm In Laibach 11 12 13 Bericht Kleine Zeitung<\/a><\/td>\n<\/tr>\n<tr class=\"row-483\">\n\t<td class=\"column-1\"><a href=\"https:\/\/khd.at\/wp-content\/uploads\/2020\/07\/pressekonferenz--laibach-sturm-und-feldner-11-12-13-pressemeldungen.pdf\">Pressekonferenz  Laibach Sturm Und Feldner 11 12 13 Pressemeldungen<\/a><\/td>\n<\/tr>\n<tr class=\"row-484\">\n\t<td class=\"column-1\"><a href=\"https:\/\/khd.at\/wp-content\/uploads\/2020\/07\/pressemeldung-13.-03.-2009--runder-tisch.pdf\">Pressemeldung 13. 03. 2009  Runder Tisch<\/a><\/td>\n<\/tr>\n<tr class=\"row-485\">\n\t<td class=\"column-1\"><a href=\"https:\/\/khd.at\/wp-content\/uploads\/2020\/07\/Pressemeldungen\">Pressemeldungen<\/a><\/td>\n<\/tr>\n<tr class=\"row-486\">\n\t<td class=\"column-1\"><a href=\"https:\/\/khd.at\/wp-content\/uploads\/2020\/07\/pressemeldungen-20.-september-2009-orf-interview-mit-sloweniens-staatsprsidenten-trk.pdf\">Pressemeldungen 20. September 2009 Orf Interview Mit Sloweniens Staatsprsidenten Trk<\/a><\/td>\n<\/tr>\n<tr class=\"row-487\">\n\t<td class=\"column-1\"><a href=\"https:\/\/khd.at\/wp-content\/uploads\/2020\/07\/pressemeldungen-und-politikerreaktionen-zu-khd-fordert-ende-der-diskriminierung-13-02-11.pdf\">Pressemeldungen Und Politikerreaktionen Zu Khd Fordert Ende Der Diskriminierung 13 02 11<\/a><\/td>\n<\/tr>\n<tr class=\"row-488\">\n\t<td class=\"column-1\"><a href=\"https:\/\/khd.at\/wp-content\/uploads\/2020\/07\/pressemeldungen-zu-khd-begrt-lsungsbereitschaft-05-02-11.pdf\">Pressemeldungen Zu Khd Begrt Lsungsbereitschaft 05 02 11<\/a><\/td>\n<\/tr>\n<tr class=\"row-489\">\n\t<td class=\"column-1\"><a href=\"https:\/\/khd.at\/wp-content\/uploads\/2020\/07\/pressemeldung-kleine-zeitung-12.-03.-2009-altsterreicher.pdf\">Pressemeldung Kleine Zeitung 12. 03. 2009 Altsterreicher<\/a><\/td>\n<\/tr>\n<tr class=\"row-490\">\n\t<td class=\"column-1\"><a href=\"https:\/\/khd.at\/wp-content\/uploads\/2020\/07\/Pressemiiteilung-Kanaltaler-Kulturverein-KHD-hilft-05-06-17.pdf\">Pressemiiteilung Kanaltaler Kulturverein Khd Hilft 05 06 17<\/a><\/td>\n<\/tr>\n<tr class=\"row-491\">\n\t<td class=\"column-1\"><a href=\"https:\/\/khd.at\/wp-content\/uploads\/2020\/07\/pressmitteilung-zu-ankndigung-von-staatssekretr-ostermayer-heimatverbnde-einzubinden-28-02-11.pdf\">Pressmitteilung Zu Ankndigung Von Staatssekretr Ostermayer Heimatverbnde Einzubinden 28 02 11<\/a><\/td>\n<\/tr>\n<tr class=\"row-492\">\n\t<td class=\"column-1\"><a href=\"https:\/\/khd.at\/wp-content\/uploads\/2020\/07\/Prqg-Kulturelle-Groveranstaltung-Bericht-zur-Zeit.pdf\">Prqg Kulturelle Groveranstaltung Bericht Zur Zeit<\/a><\/td>\n<\/tr>\n<tr class=\"row-493\">\n\t<td class=\"column-1\"><a href=\"https:\/\/khd.at\/wp-content\/uploads\/2020\/07\/rat-der-slowenen-ble-angriffe-gegen-khd-standard-17.-mrz-2010.pdf\">Rat Der Slowenen Ble Angriffe Gegen Khd Standard 17. Mrz 2010<\/a><\/td>\n<\/tr>\n<tr class=\"row-494\">\n\t<td class=\"column-1\"><a href=\"https:\/\/khd.at\/wp-content\/uploads\/2020\/07\/rat-inzko-und-khd-19.-juni-2010.pdf\">Rat Inzko Und Khd 19. Juni 2010<\/a><\/td>\n<\/tr>\n<tr class=\"row-495\">\n\t<td class=\"column-1\"><a href=\"https:\/\/khd.at\/wp-content\/uploads\/2020\/07\/rat-inzko-und-khd-standard-22.-juni-2010.pdf\">Rat Inzko Und Khd Standard 22. Juni 2010<\/a><\/td>\n<\/tr>\n<tr class=\"row-496\">\n\t<td class=\"column-1\"><a href=\"https:\/\/khd.at\/wp-content\/uploads\/2020\/07\/rat-khd-zog-klage-zurck-kurzkommentar-07-04-11.pdf\">Rat Khd Zog Klage Zurck Kurzkommentar 07 04 11<\/a><\/td>\n<\/tr>\n<tr class=\"row-497\">\n\t<td class=\"column-1\"><a href=\"https:\/\/khd.at\/wp-content\/uploads\/2020\/07\/redetexte-sturm-und-feldner-in-liescha-21-05-09.pdf\">Redetexte Sturm Und Feldner In Liescha 21 05 09<\/a><\/td>\n<\/tr>\n<tr class=\"row-498\">\n\t<td class=\"column-1\"><a href=\"https:\/\/khd.at\/wp-content\/uploads\/2020\/07\/RESOLUTION-an-die-Republik-Slowenien-PRESSESPEIGEL.pdf\">Resolution An Die Republik Slowenien Pressespeigel<\/a><\/td>\n<\/tr>\n<tr class=\"row-499\">\n\t<td class=\"column-1\"><a href=\"https:\/\/khd.at\/wp-content\/uploads\/2020\/07\/resolution-bericht-in-der-kleinen-zeitung-11.-juni-2010.pdf\">Resolution Bericht In Der Kleinen Zeitung 11. Juni 2010<\/a><\/td>\n<\/tr>\n<tr class=\"row-500\">\n\t<td class=\"column-1\"><a href=\"https:\/\/khd.at\/wp-content\/uploads\/2020\/07\/resolution-bericht-in-zur-zeit-25.-juni-2010.pdf\">Resolution Bericht In Zur Zeit 25. Juni 2010<\/a><\/td>\n<\/tr>\n<tr class=\"row-501\">\n\t<td class=\"column-1\"><a href=\"https:\/\/khd.at\/wp-content\/uploads\/2020\/07\/resolution-hauptversammlung-berichte-in-der-kleinen-zeitung-und-im-orf-10.-dezember-2009.pdf\">Resolution Hauptversammlung Berichte In Der Kleinen Zeitung Und Im Orf 10. Dezember 2009<\/a><\/td>\n<\/tr>\n<tr class=\"row-502\">\n\t<td class=\"column-1\"><a href=\"https:\/\/khd.at\/wp-content\/uploads\/2020\/07\/resolution-khd-30.4.2015-bericht-kleine-zeitung-.pdf\">Resolution Khd 30.4.2015 Bericht Kleine Zeitung <\/a><\/td>\n<\/tr>\n<tr class=\"row-503\">\n\t<td class=\"column-1\"><a href=\"https:\/\/khd.at\/wp-content\/uploads\/2020\/07\/resolution-khd-30.4.2015-deutsche-volksgruppe-mit-pressemitteiung.pdf\">Resolution Khd 30.4.2015 Deutsche Volksgruppe Mit Pressemitteiung<\/a><\/td>\n<\/tr>\n<tr class=\"row-504\">\n\t<td class=\"column-1\"><a href=\"https:\/\/khd.at\/wp-content\/uploads\/2020\/07\/resolution-khd-vorstand-03-09-10.doc\">Resolution Khd Vorstand 03 09 10.Doc<\/a><\/td>\n<\/tr>\n<tr class=\"row-505\">\n\t<td class=\"column-1\"><a href=\"https:\/\/khd.at\/wp-content\/uploads\/2020\/07\/resolution-khd-vorstand-26-mai-2011.pdf\">Resolution Khd Vorstand 26 Mai 2011<\/a><\/td>\n<\/tr>\n<tr class=\"row-506\">\n\t<td class=\"column-1\"><a href=\"https:\/\/khd.at\/wp-content\/uploads\/2020\/07\/resolution-neumarkt-24.-mai-2010.pdf\">Resolution Neumarkt 24. Mai 2010<\/a><\/td>\n<\/tr>\n<tr class=\"row-507\">\n\t<td class=\"column-1\"><a href=\"https:\/\/khd.at\/wp-content\/uploads\/2020\/07\/resolution-vereinsleitung-18-11-11.pdf\">Resolution Vereinsleitung 18 11 11<\/a><\/td>\n<\/tr>\n<tr class=\"row-508\">\n\t<td class=\"column-1\"><a href=\"https:\/\/khd.at\/wp-content\/uploads\/2020\/07\/resolution-vereinsleitung-28-06-11.pdf\">Resolution Vereinsleitung 28 06 11<\/a><\/td>\n<\/tr>\n<tr class=\"row-509\">\n\t<td class=\"column-1\"><a href=\"https:\/\/khd.at\/wp-content\/uploads\/2020\/07\/resolution-vereinsleitung-berichte-orf-und-kleine-zeitung-30-06-11.pdf\">Resolution Vereinsleitung Berichte Orf Und Kleine Zeitung 30 06 11<\/a><\/td>\n<\/tr>\n<tr class=\"row-510\">\n\t<td class=\"column-1\"><a href=\"https:\/\/khd.at\/wp-content\/uploads\/2020\/07\/resolution-vorstand-26-05-11-medienberichte-nachtrag.pdf\">Resolution Vorstand 26 05 11 Medienberichte Nachtrag<\/a><\/td>\n<\/tr>\n<tr class=\"row-511\">\n\t<td class=\"column-1\"><a href=\"https:\/\/khd.at\/wp-content\/uploads\/2020\/07\/resolution-vorstand-medienberichte-28-05-11.pdf\">Resolution Vorstand Medienberichte 28 05 11<\/a><\/td>\n<\/tr>\n<tr class=\"row-512\">\n\t<td class=\"column-1\"><a href=\"https:\/\/khd.at\/wp-content\/uploads\/2020\/07\/resolution-weitre-berichte-2.-april-2015-.pdf\">Resolution Weitre Berichte 2. April 2015 <\/a><\/td>\n<\/tr>\n<tr class=\"row-513\">\n\t<td class=\"column-1\"><a href=\"https:\/\/khd.at\/wp-content\/uploads\/2020\/07\/sadovnik-interview-in-der-slowenischen-zeitung-demokracija-deutsch-und-slowenisch-31.-mai-2012.pdf\">Sadovnik Interview In Der Slowenischen Zeitung Demokracija Deutsch Und Slowenisch 31. Mai 2012<\/a><\/td>\n<\/tr>\n<tr class=\"row-514\">\n\t<td class=\"column-1\"><a href=\"https:\/\/khd.at\/wp-content\/uploads\/2020\/07\/sauer-interview-kleine-zeitung-ber-sturm-und-feldner-21-11-10.pdf\">Sauer Interview Kleine Zeitung Ber Sturm Und Feldner 21 11 10<\/a><\/td>\n<\/tr>\n<tr class=\"row-515\">\n\t<td class=\"column-1\"><a href=\"https:\/\/khd.at\/wp-content\/uploads\/2020\/07\/schmid-hans-respekt-frue-feldner-profil-12.-juli-2010.pdf\">Schmid Hans Respekt Frue Feldner Profil 12. Juli 2010<\/a><\/td>\n<\/tr>\n<tr class=\"row-516\">\n\t<td class=\"column-1\"><a href=\"https:\/\/khd.at\/wp-content\/uploads\/2020\/07\/Seeber-Gert-Nachruf-Kaerntner-Krone-und-Kleine-Zeitung.pdf\">Seeber Gert Nachruf Kaerntner Krone Und Kleine Zeitung<\/a><\/td>\n<\/tr>\n<tr class=\"row-517\">\n\t<td class=\"column-1\"><a href=\"https:\/\/khd.at\/wp-content\/uploads\/2020\/07\/skmbt_c25309030515020.pdf\">Skmbt_C25309030515020<\/a><\/td>\n<\/tr>\n<tr class=\"row-518\">\n\t<td class=\"column-1\"><a href=\"https:\/\/khd.at\/wp-content\/uploads\/2020\/07\/skmbt_c25309031208490.pdf\">Skmbt_C25309031208490<\/a><\/td>\n<\/tr>\n<tr class=\"row-519\">\n\t<td class=\"column-1\"><a href=\"https:\/\/khd.at\/wp-content\/uploads\/2020\/07\/skmbt_c25309031209020.pdf\">Skmbt_C25309031209020<\/a><\/td>\n<\/tr>\n<tr class=\"row-520\">\n\t<td class=\"column-1\"><a href=\"https:\/\/khd.at\/wp-content\/uploads\/2020\/07\/skmbt_c25310021113000.pdf\">Skmbt_C25310021113000<\/a><\/td>\n<\/tr>\n<tr class=\"row-521\">\n\t<td class=\"column-1\"><a href=\"https:\/\/khd.at\/wp-content\/uploads\/2020\/07\/slowenenverbnde-lsungsvorschlag-273-ortstafeln-februar-2011.pdf\">Slowenenverbnde Lsungsvorschlag 273 Ortstafeln Februar 2011<\/a><\/td>\n<\/tr>\n<tr class=\"row-522\">\n\t<td class=\"column-1\"><a href=\"https:\/\/khd.at\/wp-content\/uploads\/2020\/07\/spoe-initiative-fuer-den-heimatdienst-pro-landesfoerderung.pdf\">Spoe Initiative Fuer Den Heimatdienst Pro Landesfoerderung<\/a><\/td>\n<\/tr>\n<tr class=\"row-523\">\n\t<td class=\"column-1\"><a href=\"https:\/\/khd.at\/wp-content\/uploads\/2020\/07\/staatssekretr-ostermayer-gesprch-mit-khd-obmann-feldner-ber-ortatafellsung-medienberichte-22.-juli-2010.pdf\">Staatssekretr Ostermayer Gesprch Mit Khd Obmann Feldner Ber Ortatafellsung Medienberichte 22. Juli 2010<\/a><\/td>\n<\/tr>\n<tr class=\"row-524\">\n\t<td class=\"column-1\"><a href=\"https:\/\/khd.at\/wp-content\/uploads\/2020\/07\/SteinacherAttacke-Vouk-gegen-Konsengruppe-Reaktionen-Krone-und-Kleine-Zeitung-07-11-19-.pdf\">Steinacherattacke Vouk Gegen Konsengruppe Reaktionen Krone Und Kleine Zeitung 07 11 19 <\/a><\/td>\n<\/tr>\n<tr class=\"row-525\">\n\t<td class=\"column-1\"><a href=\"https:\/\/khd.at\/wp-content\/uploads\/2020\/07\/Steinacher-in-Licht-und-Schatten-Gastkommentar-Andreas-Mlzer-Kleine-Zeitung-.pdf\">Steinacher In Licht Und Schatten Gastkommentar Andreas Mlzer Kleine Zeitung <\/a><\/td>\n<\/tr>\n<tr class=\"row-526\">\n\t<td class=\"column-1\"><a href=\"https:\/\/khd.at\/wp-content\/uploads\/2020\/07\/Steinacher-Kein-Denkmal-in-Vlkermarkt-.pdf\">Steinacher Kein Denkmal In V\u00f6lkermarkt <\/a><\/td>\n<\/tr>\n<tr class=\"row-527\">\n\t<td class=\"column-1\"><a href=\"https:\/\/khd.at\/wp-content\/uploads\/2020\/07\/Straburg-Reise-Landessieger-Europa-Quiz-April-2016-BERICHT.pdf\">Straburg Reise Landessieger Europa Quiz April 2016 Bericht<\/a><\/td>\n<\/tr>\n<tr class=\"row-528\">\n\t<td class=\"column-1\"><a href=\"https:\/\/khd.at\/wp-content\/uploads\/2020\/07\/stritzl-90-geburtstag-woche-21-12-11.pdf\">Stritzl 90 Geburtstag Woche 21 12 11<\/a><\/td>\n<\/tr>\n<tr class=\"row-529\">\n\t<td class=\"column-1\"><a href=\"https:\/\/khd.at\/wp-content\/uploads\/2020\/07\/stritzl-90-geburtstag-wrdigung-kleine-zeitung-27-12-11.pdf\">Stritzl 90 Geburtstag Wrdigung Kleine Zeitung 27 12 11<\/a><\/td>\n<\/tr>\n<tr class=\"row-530\">\n\t<td class=\"column-1\"><a href=\"https:\/\/khd.at\/wp-content\/uploads\/2020\/07\/stritzl-beitrag-in-der-woche-16.-juni-2010.pdf\">Stritzl Beitrag In Der Woche 16. Juni 2010<\/a><\/td>\n<\/tr>\n<tr class=\"row-531\">\n\t<td class=\"column-1\"><a href=\"https:\/\/khd.at\/wp-content\/uploads\/2020\/07\/stritzl-berichte-in-der-kleinen-zeitung-ber-europahaus-neumarkt--juli-2012.pdf\">Stritzl Berichte In Der Kleinen Zeitung Ber Europahaus Neumarkt  Juli 2012<\/a><\/td>\n<\/tr>\n<tr class=\"row-532\">\n\t<td class=\"column-1\"><a href=\"https:\/\/khd.at\/wp-content\/uploads\/2020\/07\/stritzl-dottolo-gratuliert-18-12-11.pdf\">Stritzl Dottolo Gratuliert 18 12 11<\/a><\/td>\n<\/tr>\n<tr class=\"row-533\">\n\t<td class=\"column-1\"><a href=\"https:\/\/khd.at\/wp-content\/uploads\/2020\/07\/stritzl-ehrung-woche-8-mai-2012.pdf\">Stritzl Ehrung Woche 8 Mai 2012<\/a><\/td>\n<\/tr>\n<tr class=\"row-534\">\n\t<td class=\"column-1\"><a href=\"https:\/\/khd.at\/wp-content\/uploads\/2020\/07\/stritzl-fordert-anerkennung-der-deutschen-volksgruppe-in-slowenien-kleine-zeitung-26-01-12.pdf\">Stritzl Fordert Anerkennung Der Deutschen Volksgruppe In Slowenien Kleine Zeitung 26 01 12<\/a><\/td>\n<\/tr>\n<tr class=\"row-535\">\n\t<td class=\"column-1\"><a href=\"https:\/\/khd.at\/wp-content\/uploads\/2020\/07\/stritzl-gegen-das-erlschen-der-deutschen-volksgruppe-in-slowenien-kleine-zeitung-18-01-12.pdf\">Stritzl Gegen Das Erlschen Der Deutschen Volksgruppe In Slowenien Kleine Zeitung 18 01 12<\/a><\/td>\n<\/tr>\n<tr class=\"row-536\">\n\t<td class=\"column-1\"><a href=\"https:\/\/khd.at\/wp-content\/uploads\/2020\/07\/Stritzl-Heinz-97.-Geburtstag-Bericht-Kleine-Zeitung.pdf\">Stritzl Heinz 97. Geburtstag Bericht Kleine Zeitung<\/a><\/td>\n<\/tr>\n<tr class=\"row-537\">\n\t<td class=\"column-1\"><a href=\"https:\/\/khd.at\/wp-content\/uploads\/2020\/07\/Stritzl-Heinz-feiert-95er.-KHD-Spende-fuer-notleidende-Kaerntner.-Berichte-KLEINE-ZEITUNG.pdf\">Stritzl Heinz Feiert 95Er. Khd Spende Fuer Notleidende Kaerntner. Berichte Kleine Zeitung<\/a><\/td>\n<\/tr>\n<tr class=\"row-538\">\n\t<td class=\"column-1\"><a href=\"https:\/\/khd.at\/wp-content\/uploads\/2020\/07\/stritzl-ist-wehrpolitischer-kaerntner-2009-kleine-zeitung-13.-november-2009.pdf\">Stritzl Ist Wehrpolitischer Kaerntner 2009 Kleine Zeitung 13. November 2009<\/a><\/td>\n<\/tr>\n<tr class=\"row-539\">\n\t<td class=\"column-1\"><a href=\"https:\/\/khd.at\/wp-content\/uploads\/2020\/07\/stritzl-kritische-anmerkungen-zu-ortstafelgesprch-februar-2011.pdf\">Stritzl Kritische Anmerkungen Zu Ortstafelgesprch Februar 2011<\/a><\/td>\n<\/tr>\n<tr class=\"row-540\">\n\t<td class=\"column-1\"><a href=\"https:\/\/khd.at\/wp-content\/uploads\/2020\/07\/stritzl-leserbrief-ber-slowenisch-im-landtag-23-04-13.pdf\">Stritzl Leserbrief Ber Slowenisch Im Landtag 23 04 13<\/a><\/td>\n<\/tr>\n<tr class=\"row-541\">\n\t<td class=\"column-1\"><a href=\"https:\/\/khd.at\/wp-content\/uploads\/2020\/07\/stritzl-leserbrief-kleine-zeitung-16.-juni-2010.pdf\">Stritzl Leserbrief Kleine Zeitung 16. Juni 2010<\/a><\/td>\n<\/tr>\n<tr class=\"row-542\">\n\t<td class=\"column-1\"><a href=\"https:\/\/khd.at\/wp-content\/uploads\/2020\/07\/stritzl-leserbrief-kleine-zeitung-28-11-12.pdf\">Stritzl Leserbrief Kleine Zeitung 28 11 12<\/a><\/td>\n<\/tr>\n<tr class=\"row-543\">\n\t<td class=\"column-1\"><a href=\"https:\/\/khd.at\/wp-content\/uploads\/2020\/07\/stritzl-leserbrief-kleine-zeitung-5.-september-2012-antwort-an-dieter-flei-kab.pdf\">Stritzl Leserbrief Kleine Zeitung 5. September 2012 Antwort An Dieter Flei Kab<\/a><\/td>\n<\/tr>\n<tr class=\"row-544\">\n\t<td class=\"column-1\"><a href=\"https:\/\/khd.at\/wp-content\/uploads\/2020\/07\/stritzl-leserbrief-zur-neuerlichen-verschrfung-28-06-11.pdf\">Stritzl Leserbrief Zur Neuerlichen Verschrfung 28 06 11<\/a><\/td>\n<\/tr>\n<tr class=\"row-545\">\n\t<td class=\"column-1\"><a href=\"https:\/\/khd.at\/wp-content\/uploads\/2020\/07\/Stritzl-ltestes-Ordentliches-Mitglied-des-KHD--als-2ltester-Absolvent-gefeiert-.pdf\">Stritzl Ltestes Ordentliches Mitglied Des Khd  Als 2Ltester Absolvent Gefeiert <\/a><\/td>\n<\/tr>\n<tr class=\"row-546\">\n\t<td class=\"column-1\"><a href=\"https:\/\/khd.at\/wp-content\/uploads\/2020\/07\/stritzl-opfer-und-tter-auf-beiden-seiten-leserbrief-kleine-zeitung-6.-juli-2012.pdf\">Stritzl Opfer Und Tter Auf Beiden Seiten Leserbrief Kleine Zeitung 6. Juli 2012<\/a><\/td>\n<\/tr>\n<tr class=\"row-547\">\n\t<td class=\"column-1\"><a href=\"https:\/\/khd.at\/wp-content\/uploads\/2020\/07\/stritzl-portrait-und-aufsatz-in-der-untersteirer-mrz-2012.pdf\">Stritzl Portrait Und Aufsatz In Der Untersteirer Mrz 2012<\/a><\/td>\n<\/tr>\n<tr class=\"row-548\">\n\t<td class=\"column-1\"><a href=\"https:\/\/khd.at\/wp-content\/uploads\/2020\/07\/stritzl-wrdigt-karner-woche-01-02-12.pdf\">Stritzl W\u00fcrdigt Karner Woche 01 02 12<\/a><\/td>\n<\/tr>\n<tr class=\"row-549\">\n\t<td class=\"column-1\"><a href=\"https:\/\/khd.at\/wp-content\/uploads\/2020\/07\/Sttte-der-Kaerntner-Einheit-Schndung-27-09-18.pdf\">Sttte Der Kaerntner Einheit Schndung 27 09 18<\/a><\/td>\n<\/tr>\n<tr class=\"row-550\">\n\t<td class=\"column-1\"><a href=\"https:\/\/khd.at\/wp-content\/uploads\/2020\/07\/Sturm-Bekenntnis-zum-Dialog-mit-KHD-23-01-16.pdf\">Sturm Bekenntnis Zum Dialog Mit Khd 23 01 16<\/a><\/td>\n<\/tr>\n<tr class=\"row-551\">\n\t<td class=\"column-1\"><a href=\"https:\/\/khd.at\/wp-content\/uploads\/2020\/07\/sturm-ber-bedeutung-des-dialogs-31-1-2014.pdf\">Sturm Ber Bedeutung Des Dialogs 31 1 2014<\/a><\/td>\n<\/tr>\n<tr class=\"row-552\">\n\t<td class=\"column-1\"><a href=\"https:\/\/khd.at\/wp-content\/uploads\/2020\/07\/sturm-ber-die-marranen-kleine-zeitung-14-03-12.pdf\">Sturm Ber Die Marranen Kleine Zeitung 14 03 12<\/a><\/td>\n<\/tr>\n<tr class=\"row-553\">\n\t<td class=\"column-1\"><a href=\"https:\/\/khd.at\/wp-content\/uploads\/2020\/07\/Sturm-erhlt-Groes-Goldenes-Ehrenzeichen-.pdf\">Sturm Erhlt Groes Goldenes Ehrenzeichen <\/a><\/td>\n<\/tr>\n<tr class=\"row-554\">\n\t<td class=\"column-1\"><a href=\"https:\/\/khd.at\/wp-content\/uploads\/2020\/07\/sturm-fuer-versoehnung-kaerntner-tageszeitung-9.-jnner-2010.pdf\">Sturm Fuer Versoehnung Kaerntner Tageszeitung 9. Jnner 2010<\/a><\/td>\n<\/tr>\n<tr class=\"row-555\">\n\t<td class=\"column-1\"><a href=\"https:\/\/khd.at\/wp-content\/uploads\/2020\/07\/Sturm-gibt-Ttigkeit-als-ZSO-Obmann-ab-.pdf\">Sturm Gibt Ttigkeit Als Zso Obmann Ab <\/a><\/td>\n<\/tr>\n<tr class=\"row-556\">\n\t<td class=\"column-1\"><a href=\"https:\/\/khd.at\/wp-content\/uploads\/2020\/07\/sturm.--ich-werde-nichts-beichten-krone-14.-april-2015.pdf\">Sturm.  Ich Werde Nichts Beichten Krone 14. April 2015<\/a><\/td>\n<\/tr>\n<tr class=\"row-557\">\n\t<td class=\"column-1\"><a href=\"https:\/\/khd.at\/wp-content\/uploads\/2020\/07\/sturm-interview-kleine-zeitung-16-08-12.pdf\">Sturm Interview Kleine Zeitung 16 08 12<\/a><\/td>\n<\/tr>\n<tr class=\"row-558\">\n\t<td class=\"column-1\"><a href=\"https:\/\/khd.at\/wp-content\/uploads\/2020\/07\/SturmMarjan-Vom-Radikalen-zum-Versoehner-ORF-Kaernten-25-02-19.pdf\">Sturmmarjan Vom Radikalen Zum Versoehner Orf Kaernten 25 02 19<\/a><\/td>\n<\/tr>\n<tr class=\"row-559\">\n\t<td class=\"column-1\"><a href=\"https:\/\/khd.at\/wp-content\/uploads\/2020\/07\/Sturm-und-Feldner-fuer-Beruhigung-KRONE-23-02-17.pdf\">Sturm Und Feldner Fuer Beruhigung Krone 23 02 17<\/a><\/td>\n<\/tr>\n<tr class=\"row-560\">\n\t<td class=\"column-1\"><a href=\"https:\/\/khd.at\/wp-content\/uploads\/2020\/07\/sturm-und-feldner-fuer-vershnung-der-standard-4.-mai-2010.pdf\">Sturm Und Feldner Fuer Vershnung Der Standard 4. Mai 2010<\/a><\/td>\n<\/tr>\n<tr class=\"row-561\">\n\t<td class=\"column-1\"><a href=\"https:\/\/khd.at\/wp-content\/uploads\/2020\/07\/Sturm-wrdigt-Zusammenarbeit--mit-Feldner-Interview-Kleine-Zeitung-und-Kurier.pdf\">Sturm W\u00fcrdigt Zusammenarbeit  Mit Feldner Interview Kleine Zeitung Und Kurier<\/a><\/td>\n<\/tr>\n<tr class=\"row-562\">\n\t<td class=\"column-1\"><a href=\"https:\/\/khd.at\/wp-content\/uploads\/2020\/07\/sturm-zso-vergibt-preis-an-handke-05-12-10.pdf\">Sturm Zso Vergibt Preis An Handke 05 12 10<\/a><\/td>\n<\/tr>\n<tr class=\"row-563\">\n\t<td class=\"column-1\"><a href=\"https:\/\/khd.at\/wp-content\/uploads\/2020\/07\/sym\">Sym<\/a><\/td>\n<\/tr>\n<tr class=\"row-564\">\n\t<td class=\"column-1\"><a href=\"https:\/\/khd.at\/wp-content\/uploads\/2020\/07\/timau-deutschunterricht-bericht-kleine-zeitung-8.-juni-2015-.pdf\">Timau Deutschunterricht Bericht Kleine Zeitung 8. Juni 2015 <\/a><\/td>\n<\/tr>\n<tr class=\"row-565\">\n\t<td class=\"column-1\"><a href=\"https:\/\/khd.at\/wp-content\/uploads\/2020\/07\/Treffen-der-Kulturen-Bericht-Kleine-Zeitung.pdf\">Treffen Der Kulturen Bericht Kleine Zeitung<\/a><\/td>\n<\/tr>\n<tr class=\"row-566\">\n\t<td class=\"column-1\"><a href=\"https:\/\/khd.at\/wp-content\/uploads\/2020\/07\/Treffen-der-Kulturen-Bericht-KLEINE-ZEITUNG-.pdf\">Treffen Der Kulturen Bericht Kleine Zeitung <\/a><\/td>\n<\/tr>\n<tr class=\"row-567\">\n\t<td class=\"column-1\"><a href=\"https:\/\/khd.at\/wp-content\/uploads\/2020\/07\/Treffen-der-Kulturen-PROGRAMM-deutsch-.pdf\">Treffen Der Kulturen Programm Deutsch <\/a><\/td>\n<\/tr>\n<tr class=\"row-568\">\n\t<td class=\"column-1\"><a href=\"https:\/\/khd.at\/wp-content\/uploads\/2020\/07\/udba-fuer-terrorismus-gibt-es-kein-pardon-kleine-zeitung-5.-april-2015.pdf\">Udba Fuer Terrorismus Gibt Es Kein Pardon Kleine Zeitung 5. April 2015<\/a><\/td>\n<\/tr>\n<tr class=\"row-569\">\n\t<td class=\"column-1\"><a href=\"https:\/\/khd.at\/wp-content\/uploads\/2020\/07\/udba-gegen-khd-1973-und-1974-pressemeldungen.pdf\">Udba Gegen Khd 1973 Und 1974 Pressemeldungen<\/a><\/td>\n<\/tr>\n<tr class=\"row-570\">\n\t<td class=\"column-1\"><a href=\"https:\/\/khd.at\/wp-content\/uploads\/2020\/07\/udba-orf-historikerbericht-zu-anschlgen-der-70er-jahre--sowie-prerssemitteilung-khd--05-12-13.pdf\">Udba Orf Historikerbericht Zu Anschlgen Der 70Er Jahre  Sowie Prerssemitteilung Khd  05 12 13<\/a><\/td>\n<\/tr>\n<tr class=\"row-571\">\n\t<td class=\"column-1\"><a href=\"https:\/\/khd.at\/wp-content\/uploads\/2020\/07\/udba-staatsterror-gegen-sterreich-profil-2.-mrz-2015.pdf\">Udba Staatsterror Gegen Sterreich Profil 2. Mrz 2015<\/a><\/td>\n<\/tr>\n<tr class=\"row-572\">\n\t<td class=\"column-1\"><a href=\"https:\/\/khd.at\/wp-content\/uploads\/2020\/07\/udba-titos-handlanger-beim-bombenterror-in-kaernten-kleine-zeitung-4.-april-2015.pdf\">Udba Titos Handlanger Beim Bombenterror In Kaernten Kleine Zeitung 4. April 2015<\/a><\/td>\n<\/tr>\n<tr class=\"row-573\">\n\t<td class=\"column-1\"><a href=\"https:\/\/khd.at\/wp-content\/uploads\/2020\/07\/unser-kaernten-aufgelst-mai-2011.pdf\">Unser Kaernten Aufgelst Mai 2011<\/a><\/td>\n<\/tr>\n<tr class=\"row-574\">\n\t<td class=\"column-1\"><a href=\"https:\/\/khd.at\/wp-content\/uploads\/2020\/07\/unser-land-eine-neue-initiative-mai-2012.pdf\">Unser Land Eine Neue Initiative Mai 2012<\/a><\/td>\n<\/tr>\n<tr class=\"row-575\">\n\t<td class=\"column-1\"><a href=\"https:\/\/khd.at\/wp-content\/uploads\/2020\/07\/Unterstuetzung.jpg\">Unterstuetzung.Jpg<\/a><\/td>\n<\/tr>\n<tr class=\"row-576\">\n\t<td class=\"column-1\"><a href=\"https:\/\/khd.at\/wp-content\/uploads\/2020\/07\/unterstuetzungserklaerung.doc\">Unterstuetzungserklaerung.Doc<\/a><\/td>\n<\/tr>\n<tr class=\"row-577\">\n\t<td class=\"column-1\"><a href=\"https:\/\/khd.at\/wp-content\/uploads\/2020\/07\/Unwetteropfer-5.000-Euro-Spende-.pdf\">Unwetteropfer 5.000 Euro Spende <\/a><\/td>\n<\/tr>\n<tr class=\"row-578\">\n\t<td class=\"column-1\"><a href=\"https:\/\/khd.at\/wp-content\/uploads\/2020\/07\/userupload\">Userupload<\/a><\/td>\n<\/tr>\n<tr class=\"row-579\">\n\t<td class=\"column-1\"><a href=\"https:\/\/khd.at\/wp-content\/uploads\/2020\/07\/verfassungspreis-2009-interview-mit-karl-korinek-kleine-zeitung-30.-november-2009.pdf\">Verfassungspreis 2009 Interview Mit Karl Korinek Kleine Zeitung 30. November 2009<\/a><\/td>\n<\/tr>\n<tr class=\"row-580\">\n\t<td class=\"column-1\"><a href=\"https:\/\/khd.at\/wp-content\/uploads\/2020\/07\/verfassungspreis-festakt-in-wien-am-3.-dezember-2009-medienberichte.pdf\">Verfassungspreis Festakt In Wien Am 3. Dezember 2009 Medienberichte<\/a><\/td>\n<\/tr>\n<tr class=\"row-581\">\n\t<td class=\"column-1\"><a href=\"https:\/\/khd.at\/wp-content\/uploads\/2020\/07\/vlkermarkt-gymnasium-landesfinale-bericht-kleine-zeitung-03-03-15.pdf\">V\u00f6lkermarkt Gymnasium Landesfinale Bericht Kleine Zeitung 03 03 15<\/a><\/td>\n<\/tr>\n<tr class=\"row-582\">\n\t<td class=\"column-1\"><a href=\"https:\/\/khd.at\/wp-content\/uploads\/2020\/07\/Volksgruppenkongress-Berichte-ORF-und-Kleine-Zeitung-15-11-19-.pdf\">Volksgruppenkongress Berichte Orf Und Kleine Zeitung 15 11 19 <\/a><\/td>\n<\/tr>\n<tr class=\"row-583\">\n\t<td class=\"column-1\"><a href=\"https:\/\/khd.at\/wp-content\/uploads\/2020\/07\/Volksgruppenkongress-Referat-Josef-Feldner.pdf\">Volksgruppenkongress Referat Josef Feldner<\/a><\/td>\n<\/tr>\n<tr class=\"row-584\">\n\t<td class=\"column-1\"><a href=\"https:\/\/khd.at\/wp-content\/uploads\/2020\/07\/Volksgruppenkongress-Verbalangriffe-Smolle-gegen-Heimatdienst-Leserbrief.pdf\">Volksgruppenkongress Verbalangriffe Smolle Gegen Heimatdienst Leserbrief<\/a><\/td>\n<\/tr>\n<tr class=\"row-585\">\n\t<td class=\"column-1\"><a href=\"https:\/\/khd.at\/wp-content\/uploads\/2020\/07\/vorstand-resolution-bericht-ktz-26-02-11.pdf\">Vorstand Resolution Bericht Ktz 26 02 11<\/a><\/td>\n<\/tr>\n<tr class=\"row-586\">\n\t<td class=\"column-1\"><a href=\"https:\/\/khd.at\/wp-content\/uploads\/2020\/07\/Vorstand-Stellungnhme-Slowenisch-in-Landesverfassung-16-02-17.pdf\">Vorstand Stellungnhme Slowenisch In Landesverfassung 16 02 17<\/a><\/td>\n<\/tr>\n<tr class=\"row-587\">\n\t<td class=\"column-1\"><a href=\"https:\/\/khd.at\/wp-content\/uploads\/2020\/07\/vorstand-weist-angriffe-von-lr-dobernig-zurck-01-03-11.pdf\">Vorstand Weist Angriffe Von Lr Dobernig Zurck 01 03 11<\/a><\/td>\n<\/tr>\n<tr class=\"row-588\">\n\t<td class=\"column-1\"><a href=\"https:\/\/khd.at\/wp-content\/uploads\/2020\/07\/Weihnachtliches-Opfergedenken2016-Gedenkreden-Feldner-und-Sturm.pdf\">Weihnachtliches Opfergedenken2016 Gedenkreden Feldner Und Sturm<\/a><\/td>\n<\/tr>\n<tr class=\"row-589\">\n\t<td class=\"column-1\"><a href=\"https:\/\/khd.at\/wp-content\/uploads\/2020\/07\/Weihnachtliches-Opfergedenken-22-12-17.pdf\">Weihnachtliches Opfergedenken 22 12 17<\/a><\/td>\n<\/tr>\n<tr class=\"row-590\">\n\t<td class=\"column-1\"><a href=\"https:\/\/khd.at\/wp-content\/uploads\/2020\/07\/Weihnachtliches-Opfergedenken-Annabichl-und-Liescha-2017.pdf\">Weihnachtliches Opfergedenken Annabichl Und Liescha 2017<\/a><\/td>\n<\/tr>\n<tr class=\"row-591\">\n\t<td class=\"column-1\"><a href=\"https:\/\/khd.at\/wp-content\/uploads\/2020\/07\/Weihnachtsgedenken-2016-Bericht-KLEINE-ZEITUNG.pdf\">Weihnachtsgedenken 2016 Bericht Kleine Zeitung<\/a><\/td>\n<\/tr>\n<tr class=\"row-592\">\n\t<td class=\"column-1\"><a href=\"https:\/\/khd.at\/wp-content\/uploads\/2020\/07\/Weihnachtsgedenken-an-NS-Opfer-und-Partisanenopfer-2015.pdf\">Weihnachtsgedenken An Ns Opfer Und Partisanenopfer 2015<\/a><\/td>\n<\/tr>\n<tr class=\"row-593\">\n\t<td class=\"column-1\"><a href=\"https:\/\/khd.at\/wp-content\/uploads\/2020\/07\/weihnachtsgedenken-an-ns-opfer--und-partisanenopfer-kleine-zeitung-25-12-12.pdf\">Weihnachtsgedenken An Ns Opfer  Und Partisanenopfer Kleine Zeitung 25 12 12<\/a><\/td>\n<\/tr>\n<tr class=\"row-594\">\n\t<td class=\"column-1\"><a href=\"https:\/\/khd.at\/wp-content\/uploads\/2020\/07\/xml.php\">Xml.Php<\/a><\/td>\n<\/tr>\n<tr class=\"row-595\">\n\t<td class=\"column-1\"><a href=\"https:\/\/khd.at\/wp-content\/uploads\/2020\/07\/Zeitung\">Zeitung<\/a><\/td>\n<\/tr>\n<tr class=\"row-596\">\n\t<td class=\"column-1\"><a href=\"https:\/\/khd.at\/wp-content\/uploads\/2020\/07\/zur-zeit-vernunft-setzt-sich-durch-6.-november-2009.pdf\">Zur Zeit Vernunft Setzt Sich Durch 6. November 2009<\/a><\/td>\n<\/tr>\n<\/tbody>\n<\/table>\n<!-- #tablepress-11 from cache -->\n","protected":false},"excerpt":{"rendered":"<p>Hier finden Sie Berichte, Aussendungen und andere Unterlagen \u00fcber den KHD &nbsp; &nbsp;<\/p>\n","protected":false},"author":1,"featured_media":0,"parent":0,"menu_order":0,"comment_status":"closed","ping_status":"closed","template":"","meta":{"_bbp_topic_count":0,"_bbp_reply_count":0,"_bbp_total_topic_count":0,"_bbp_total_reply_count":0,"_bbp_voice_count":0,"_bbp_anonymous_reply_count":0,"_bbp_topic_count_hidden":0,"_bbp_reply_count_hidden":0,"_bbp_forum_subforum_count":0,"_themeisle_gutenberg_block_has_review":false},"_links":{"self":[{"href":"https:\/\/www.khd.at\/index.php\/wp-json\/wp\/v2\/pages\/49"}],"collection":[{"href":"https:\/\/www.khd.at\/index.php\/wp-json\/wp\/v2\/pages"}],"about":[{"href":"https:\/\/www.khd.at\/index.php\/wp-json\/wp\/v2\/types\/page"}],"author":[{"embeddable":true,"href":"https:\/\/www.khd.at\/index.php\/wp-json\/wp\/v2\/users\/1"}],"replies":[{"embeddable":true,"href":"https:\/\/www.khd.at\/index.php\/wp-json\/wp\/v2\/comments?post=49"}],"version-history":[{"count":9,"href":"https:\/\/www.khd.at\/index.php\/wp-json\/wp\/v2\/pages\/49\/revisions"}],"predecessor-version":[{"id":684,"href":"https:\/\/www.khd.at\/index.php\/wp-json\/wp\/v2\/pages\/49\/revisions\/684"}],"wp:attachment":[{"href":"https:\/\/www.khd.at\/index.php\/wp-json\/wp\/v2\/media?parent=49"}],"curies":[{"name":"wp","href":"https:\/\/api.w.org\/{rel}","templated":true}]}}